{"id":1506,"date":"2020-04-03T16:47:28","date_gmt":"2020-04-03T16:47:28","guid":{"rendered":"http:\/\/neckar-donau-wegekreuz.de\/?page_id=1506"},"modified":"2020-04-03T16:56:30","modified_gmt":"2020-04-03T16:56:30","slug":"das-wappen-der-donauschwaben","status":"publish","type":"page","link":"http:\/\/neckar-donau-wegekreuz.de\/?page_id=1506","title":{"rendered":"Das Wappen der Donauschwaben"},"content":{"rendered":"\n<figure class=\"wp-block-image size-large\"><img loading=\"lazy\" width=\"1000\" height=\"535\" src=\"http:\/\/neckar-donau-wegekreuz.de\/wp-content\/uploads\/2020\/04\/Wappen-der-Donauschwaben.jpg\" alt=\"\" class=\"wp-image-1507\" srcset=\"http:\/\/neckar-donau-wegekreuz.de\/wp-content\/uploads\/2020\/04\/Wappen-der-Donauschwaben.jpg 1000w, http:\/\/neckar-donau-wegekreuz.de\/wp-content\/uploads\/2020\/04\/Wappen-der-Donauschwaben-300x161.jpg 300w, http:\/\/neckar-donau-wegekreuz.de\/wp-content\/uploads\/2020\/04\/Wappen-der-Donauschwaben-768x411.jpg 768w\" sizes=\"(max-width: 1000px) 100vw, 1000px\" \/><figcaption>Wenn sich dieser Wappenspruch f\u00fcr die Donauschwaben<br> auch nie erf\u00fcllt hat, so ist doch das Wappen selbst zu einem weltweiten<br> Symbol und Erkennungszeichen der Donauschwaben geworden.<br><br><br><\/figcaption><\/figure>\n\n\n\n<h2> Die Bedeutung und Symbolik dieses donauschw\u00e4bischen Wappens <\/h2>\n\n\n\n<p><br> Das Wappen wurde erst im Jahre 1950 von dem donauschw\u00e4bischen Lyriker,  Schriftsteller und Volkskundler Hans Diplich gestaltet. Dargestellt wird im oberen Teil ein rot bewehrter aufsteigender schwarzer  Adler auf goldenem Grund. Geteilt durch einen blauen Wellenbalken ist in der unteren H\u00e4lfte auf gr\u00fcnem Ackerboden eine sechst\u00fcrmige wei\u00dfe Festung aus<br> Ringmauer und rot bedachten Geb\u00e4uden zu erkennen. Dar\u00fcber \u201crechts\u201d (vom  Betrachter aus links) am wei\u00dfen Horizont die strahlend aufgehende Sonne und  \u201clinks\u201d (vom Betrachter aus rechts) der abnehmende Halb-Mond.  Der Adler symbolisiert die Schirmherrschaft der Kaiser von \u00d6sterreich.  Der blaue Wellenbalken stellt die Donau dar, der Schicksalsstrom f\u00fcr die<br> Donauschwaben, auf dem einst die Ahnen mit Ulmer Schachteln und Kelheimer  Pl\u00e4tten stromabw\u00e4rts in die neue Heimat fuhren. Die strahlend aufgehende Sonne steht f\u00fcr den wieder erstarkenden Einfluss  des Christentums.  Der abnehmende Mond, als weltliches Symbol des Islam, steht f\u00fcr dessen  schwindenden Einfluss.  Die Festung symbolisiert die Festung Temeswar, die inmitten fruchtbaren  gr\u00fcnen Ackerlandes liegt. Sie ist Symbol f\u00fcr die kaiserlichen, deutschen<br> Wehranlagen und die Milit\u00e4rgrenze gegen die T\u00fcrken. Die sechs T\u00fcrme stehen f\u00fcr die sechs Hauptsiedlungsgebiete der<br> Donauschwaben:<\/p>\n\n\n\n<ol><li>Das Siedlungsgebiet im s\u00fcd\u00f6stlichen Ungarischen Mittelgebirge zwischen<br> Raab, Donauknie und Plattensee, mit dem Zentrum Budapest mit Ausnahme<br> des Ost-Burgenlands.<\/li><li>Die Schw\u00e4bische T\u00fcrkei (Baranja) s\u00fcdwestlich des Plattensees zwischen<br> Donau und Drau mit dem Zentrum P\u00e9cs (F\u00fcnfkirchen).<\/li><li>Slawonien und Syrmien zwischen Save und Donau, mit dem Zentralort<br> Osijek (Esseg).<\/li><li>Die B a t s c h k a zwischen Donau und Thei\u00df, mit dem Mittelpunkt<br> in Novi Sad (Neusatz).<\/li><li>Das B a n a t zwischen Marosch, Thei\u00df, Donau und den Ausl\u00e4ufern<br> der S\u00fcdkarpaten mit dem Zentrum in Timisoara (Temeswar).<\/li><li>Sathmar in der nord\u00f6stlichen Gro\u00dfen Ungarischen Tiefebene, mit dem<br> Mittelpunkt Carei (Gro\u00dfkarol).<br> <\/li><\/ol>\n\n\n\n<p> Zur farblichen Symbolik sind die deutschen Nationalfarben, Schwarz- -Rot- Gold, und die donauschw\u00e4bischen Stammesfarben, Wei\u00df-Gr\u00fcn, verwendet worden. Wei\u00df ist das Symbol f\u00fcr die friedliche Gesinnung der Donauschwaben und<br> Gr\u00fcn symbolisiert die Hoffnung f\u00fcr das zur Kornkammer gewordene Neuland ihrer Heimat. <\/p>\n","protected":false},"excerpt":{"rendered":"<p>Die Bedeutung und Symbolik dieses donauschw\u00e4bischen Wappens Das Wappen wurde erst im Jahre 1950 von dem donauschw\u00e4bischen Lyriker, Schriftsteller und Volkskundler Hans Diplich gestaltet. Dargestellt wird im oberen Teil ein rot bewehrter aufsteigender schwarzer Adler auf goldenem Grund. Geteilt durch einen blauen Wellenbalken ist in der unteren H\u00e4lfte auf gr\u00fcnem Ackerboden eine sechst\u00fcrmige wei\u00dfe Festung &hellip;<\/p>\n<p class=\"read-more\"> <a class=\"\" href=\"http:\/\/neckar-donau-wegekreuz.de\/?page_id=1506\"> <span class=\"screen-reader-text\">Das Wappen der Donauschwaben<\/span> Read More \u00bb<\/a><\/p>\n","protected":false},"author":1,"featured_media":0,"parent":586,"menu_order":0,"comment_status":"closed","ping_status":"closed","template":"","meta":[],"yoast_head":"<!-- This site is optimized with the Yoast SEO plugin v17.1 - https:\/\/yoast.com\/wordpress\/plugins\/seo\/ -->\n<title>Das Wappen der Donauschwaben - Neckar-Donau-Wegekreuz<\/title>\n<meta name=\"robots\" content=\"index, follow, max-snippet:-1, max-image-preview:large, max-video-preview:-1\" \/>\n<link rel=\"canonical\" href=\"http:\/\/neckar-donau-wegekreuz.de\/?page_id=1506\" \/>\n<meta property=\"og:locale\" content=\"de_DE\" \/>\n<meta property=\"og:type\" content=\"article\" \/>\n<meta property=\"og:title\" content=\"Das Wappen der Donauschwaben - Neckar-Donau-Wegekreuz\" \/>\n<meta property=\"og:description\" content=\"Die Bedeutung und Symbolik dieses donauschw\u00e4bischen Wappens Das Wappen wurde erst im Jahre 1950 von dem donauschw\u00e4bischen Lyriker, Schriftsteller und Volkskundler Hans Diplich gestaltet. Dargestellt wird im oberen Teil ein rot bewehrter aufsteigender schwarzer Adler auf goldenem Grund. Geteilt durch einen blauen Wellenbalken ist in der unteren H\u00e4lfte auf gr\u00fcnem Ackerboden eine sechst\u00fcrmige wei\u00dfe Festung &hellip; Das Wappen der Donauschwaben Read More \u00bb\" \/>\n<meta property=\"og:url\" content=\"http:\/\/neckar-donau-wegekreuz.de\/?page_id=1506\" \/>\n<meta property=\"og:site_name\" content=\"Neckar-Donau-Wegekreuz\" \/>\n<meta property=\"article:modified_time\" content=\"2020-04-03T16:56:30+00:00\" \/>\n<meta property=\"og:image\" content=\"http:\/\/neckar-donau-wegekreuz.de\/wp-content\/uploads\/2020\/04\/Wappen-der-Donauschwaben.jpg\" \/>\n<meta name=\"twitter:card\" content=\"summary_large_image\" \/>\n<meta name=\"twitter:label1\" content=\"Gesch\u00e4tzte Lesezeit\" \/>\n\t<meta name=\"twitter:data1\" content=\"2\u00a0Minuten\" \/>\n<script type=\"application\/ld+json\" class=\"yoast-schema-graph\">{\"@context\":\"https:\/\/schema.org\",\"@graph\":[{\"@type\":\"Organization\",\"@id\":\"https:\/\/neckar-donau-wegekreuz.de\/#organization\",\"name\":\"Neckar-Donau-Wegekreuz\",\"url\":\"https:\/\/neckar-donau-wegekreuz.de\/\",\"sameAs\":[],\"logo\":{\"@type\":\"ImageObject\",\"@id\":\"https:\/\/neckar-donau-wegekreuz.de\/#logo\",\"inLanguage\":\"de\",\"url\":\"http:\/\/neckar-donau-wegekreuz.de\/wp-content\/uploads\/2020\/05\/Logo_NeckarDonauWegeX-kl.png\",\"contentUrl\":\"http:\/\/neckar-donau-wegekreuz.de\/wp-content\/uploads\/2020\/05\/Logo_NeckarDonauWegeX-kl.png\",\"width\":2500,\"height\":2221,\"caption\":\"Neckar-Donau-Wegekreuz\"},\"image\":{\"@id\":\"https:\/\/neckar-donau-wegekreuz.de\/#logo\"}},{\"@type\":\"WebSite\",\"@id\":\"https:\/\/neckar-donau-wegekreuz.de\/#website\",\"url\":\"https:\/\/neckar-donau-wegekreuz.de\/\",\"name\":\"Neckar-Donau-Wegekreuz\",\"description\":\"Menschen, Orte, Zeiten treffen sich!\",\"publisher\":{\"@id\":\"https:\/\/neckar-donau-wegekreuz.de\/#organization\"},\"potentialAction\":[{\"@type\":\"SearchAction\",\"target\":{\"@type\":\"EntryPoint\",\"urlTemplate\":\"https:\/\/neckar-donau-wegekreuz.de\/?s={search_term_string}\"},\"query-input\":\"required name=search_term_string\"}],\"inLanguage\":\"de\"},{\"@type\":\"ImageObject\",\"@id\":\"http:\/\/neckar-donau-wegekreuz.de\/?page_id=1506#primaryimage\",\"inLanguage\":\"de\",\"url\":\"http:\/\/neckar-donau-wegekreuz.de\/wp-content\/uploads\/2020\/04\/Wappen-der-Donauschwaben.jpg\",\"contentUrl\":\"http:\/\/neckar-donau-wegekreuz.de\/wp-content\/uploads\/2020\/04\/Wappen-der-Donauschwaben.jpg\",\"width\":1000,\"height\":535},{\"@type\":\"WebPage\",\"@id\":\"http:\/\/neckar-donau-wegekreuz.de\/?page_id=1506#webpage\",\"url\":\"http:\/\/neckar-donau-wegekreuz.de\/?page_id=1506\",\"name\":\"Das Wappen der Donauschwaben - Neckar-Donau-Wegekreuz\",\"isPartOf\":{\"@id\":\"https:\/\/neckar-donau-wegekreuz.de\/#website\"},\"primaryImageOfPage\":{\"@id\":\"http:\/\/neckar-donau-wegekreuz.de\/?page_id=1506#primaryimage\"},\"datePublished\":\"2020-04-03T16:47:28+00:00\",\"dateModified\":\"2020-04-03T16:56:30+00:00\",\"breadcrumb\":{\"@id\":\"http:\/\/neckar-donau-wegekreuz.de\/?page_id=1506#breadcrumb\"},\"inLanguage\":\"de\",\"potentialAction\":[{\"@type\":\"ReadAction\",\"target\":[\"http:\/\/neckar-donau-wegekreuz.de\/?page_id=1506\"]}]},{\"@type\":\"BreadcrumbList\",\"@id\":\"http:\/\/neckar-donau-wegekreuz.de\/?page_id=1506#breadcrumb\",\"itemListElement\":[{\"@type\":\"ListItem\",\"position\":1,\"name\":\"Startseite\",\"item\":\"https:\/\/neckar-donau-wegekreuz.de\/\"},{\"@type\":\"ListItem\",\"position\":2,\"name\":\"Menschen, Orte, Zeiten treffen sich! \\ufeff\",\"item\":\"https:\/\/neckar-donau-wegekreuz.de\/\"},{\"@type\":\"ListItem\",\"position\":3,\"name\":\"Die Geschichte der Donauschwaben\",\"item\":\"https:\/\/neckar-donau-wegekreuz.de\/?page_id=586\"},{\"@type\":\"ListItem\",\"position\":4,\"name\":\"Das Wappen der Donauschwaben\"}]}]}<\/script>\n<!-- \/ Yoast SEO plugin. -->","yoast_head_json":{"title":"Das Wappen der Donauschwaben - Neckar-Donau-Wegekreuz","robots":{"index":"index","follow":"follow","max-snippet":"max-snippet:-1","max-image-preview":"max-image-preview:large","max-video-preview":"max-video-preview:-1"},"canonical":"http:\/\/neckar-donau-wegekreuz.de\/?page_id=1506","og_locale":"de_DE","og_type":"article","og_title":"Das Wappen der Donauschwaben - Neckar-Donau-Wegekreuz","og_description":"Die Bedeutung und Symbolik dieses donauschw\u00e4bischen Wappens Das Wappen wurde erst im Jahre 1950 von dem donauschw\u00e4bischen Lyriker, Schriftsteller und Volkskundler Hans Diplich gestaltet. Dargestellt wird im oberen Teil ein rot bewehrter aufsteigender schwarzer Adler auf goldenem Grund. Geteilt durch einen blauen Wellenbalken ist in der unteren H\u00e4lfte auf gr\u00fcnem Ackerboden eine sechst\u00fcrmige wei\u00dfe Festung &hellip; Das Wappen der Donauschwaben Read More \u00bb","og_url":"http:\/\/neckar-donau-wegekreuz.de\/?page_id=1506","og_site_name":"Neckar-Donau-Wegekreuz","article_modified_time":"2020-04-03T16:56:30+00:00","og_image":[{"url":"http:\/\/neckar-donau-wegekreuz.de\/wp-content\/uploads\/2020\/04\/Wappen-der-Donauschwaben.jpg"}],"twitter_card":"summary_large_image","twitter_misc":{"Gesch\u00e4tzte Lesezeit":"2\u00a0Minuten"},"schema":{"@context":"https:\/\/schema.org","@graph":[{"@type":"Organization","@id":"https:\/\/neckar-donau-wegekreuz.de\/#organization","name":"Neckar-Donau-Wegekreuz","url":"https:\/\/neckar-donau-wegekreuz.de\/","sameAs":[],"logo":{"@type":"ImageObject","@id":"https:\/\/neckar-donau-wegekreuz.de\/#logo","inLanguage":"de","url":"http:\/\/neckar-donau-wegekreuz.de\/wp-content\/uploads\/2020\/05\/Logo_NeckarDonauWegeX-kl.png","contentUrl":"http:\/\/neckar-donau-wegekreuz.de\/wp-content\/uploads\/2020\/05\/Logo_NeckarDonauWegeX-kl.png","width":2500,"height":2221,"caption":"Neckar-Donau-Wegekreuz"},"image":{"@id":"https:\/\/neckar-donau-wegekreuz.de\/#logo"}},{"@type":"WebSite","@id":"https:\/\/neckar-donau-wegekreuz.de\/#website","url":"https:\/\/neckar-donau-wegekreuz.de\/","name":"Neckar-Donau-Wegekreuz","description":"Menschen, Orte, Zeiten treffen sich!","publisher":{"@id":"https:\/\/neckar-donau-wegekreuz.de\/#organization"},"potentialAction":[{"@type":"SearchAction","target":{"@type":"EntryPoint","urlTemplate":"https:\/\/neckar-donau-wegekreuz.de\/?s={search_term_string}"},"query-input":"required name=search_term_string"}],"inLanguage":"de"},{"@type":"ImageObject","@id":"http:\/\/neckar-donau-wegekreuz.de\/?page_id=1506#primaryimage","inLanguage":"de","url":"http:\/\/neckar-donau-wegekreuz.de\/wp-content\/uploads\/2020\/04\/Wappen-der-Donauschwaben.jpg","contentUrl":"http:\/\/neckar-donau-wegekreuz.de\/wp-content\/uploads\/2020\/04\/Wappen-der-Donauschwaben.jpg","width":1000,"height":535},{"@type":"WebPage","@id":"http:\/\/neckar-donau-wegekreuz.de\/?page_id=1506#webpage","url":"http:\/\/neckar-donau-wegekreuz.de\/?page_id=1506","name":"Das Wappen der Donauschwaben - Neckar-Donau-Wegekreuz","isPartOf":{"@id":"https:\/\/neckar-donau-wegekreuz.de\/#website"},"primaryImageOfPage":{"@id":"http:\/\/neckar-donau-wegekreuz.de\/?page_id=1506#primaryimage"},"datePublished":"2020-04-03T16:47:28+00:00","dateModified":"2020-04-03T16:56:30+00:00","breadcrumb":{"@id":"http:\/\/neckar-donau-wegekreuz.de\/?page_id=1506#breadcrumb"},"inLanguage":"de","potentialAction":[{"@type":"ReadAction","target":["http:\/\/neckar-donau-wegekreuz.de\/?page_id=1506"]}]},{"@type":"BreadcrumbList","@id":"http:\/\/neckar-donau-wegekreuz.de\/?page_id=1506#breadcrumb","itemListElement":[{"@type":"ListItem","position":1,"name":"Startseite","item":"https:\/\/neckar-donau-wegekreuz.de\/"},{"@type":"ListItem","position":2,"name":"Menschen, Orte, Zeiten treffen sich! \ufeff","item":"https:\/\/neckar-donau-wegekreuz.de\/"},{"@type":"ListItem","position":3,"name":"Die Geschichte der Donauschwaben","item":"https:\/\/neckar-donau-wegekreuz.de\/?page_id=586"},{"@type":"ListItem","position":4,"name":"Das Wappen der Donauschwaben"}]}]}},"_links":{"self":[{"href":"http:\/\/neckar-donau-wegekreuz.de\/index.php?rest_route=\/wp\/v2\/pages\/1506"}],"collection":[{"href":"http:\/\/neckar-donau-wegekreuz.de\/index.php?rest_route=\/wp\/v2\/pages"}],"about":[{"href":"http:\/\/neckar-donau-wegekreuz.de\/index.php?rest_route=\/wp\/v2\/types\/page"}],"author":[{"embeddable":true,"href":"http:\/\/neckar-donau-wegekreuz.de\/index.php?rest_route=\/wp\/v2\/users\/1"}],"replies":[{"embeddable":true,"href":"http:\/\/neckar-donau-wegekreuz.de\/index.php?rest_route=%2Fwp%2Fv2%2Fcomments&post=1506"}],"version-history":[{"count":2,"href":"http:\/\/neckar-donau-wegekreuz.de\/index.php?rest_route=\/wp\/v2\/pages\/1506\/revisions"}],"predecessor-version":[{"id":1510,"href":"http:\/\/neckar-donau-wegekreuz.de\/index.php?rest_route=\/wp\/v2\/pages\/1506\/revisions\/1510"}],"up":[{"embeddable":true,"href":"http:\/\/neckar-donau-wegekreuz.de\/index.php?rest_route=\/wp\/v2\/pages\/586"}],"wp:attachment":[{"href":"http:\/\/neckar-donau-wegekreuz.de\/index.php?rest_route=%2Fwp%2Fv2%2Fmedia&parent=1506"}],"curies":[{"name":"wp","href":"https:\/\/api.w.org\/{rel}","templated":true}]}}