{"id":18,"date":"2019-01-25T08:46:43","date_gmt":"2019-01-25T08:46:43","guid":{"rendered":"http:\/\/neckar-donau-wegekreuz.de\/?page_id=18"},"modified":"2019-07-11T15:09:23","modified_gmt":"2019-07-11T15:09:23","slug":"impressum","status":"publish","type":"page","link":"http:\/\/neckar-donau-wegekreuz.de\/?page_id=18","title":{"rendered":"Impressum"},"content":{"rendered":"\n<h2><\/h2>\n\n\n\n<p>Freundeskreis der Filipowaer in Deutschland e.V.<\/p>\n\n\n\n<p>Adam Kupferschmidt<br> Gr\u00f6\u00dfeweg 73<br>71522 Backnang<\/p>\n\n\n\n<p>Telefon: 0719163878<br>\nE-Mail: <a href=\"mailto:a.kupferschmidt@gmx.de\">a.kupferschmidt@gmx.de<\/a><br>\n<\/p>\n\n\n\n<p><strong>Verantwortlich f\u00fcr den Inhalt<\/strong> (gem. \u00a7 55 Abs. 2 RStV):<br>Adam Kupferschmidt<br>\nGr\u00f6\u00dfeweg 73<br>\n71522 Backnang<\/p>\n\n\n\n<p><\/p>\n\n\n\n<h2>Disclaimer \u2013 rechtliche Hinweise<\/h2>\n\n\n\n<p>\n\u00a7 1 Warnhinweis zu Inhalten<br>\nDie kostenlosen und frei zug\u00e4nglichen Inhalte dieser Webseite wurden mit\n gr\u00f6\u00dftm\u00f6glicher Sorgfalt erstellt. Der Anbieter dieser Webseite \n\u00fcbernimmt jedoch keine Gew\u00e4hr f\u00fcr die Richtigkeit und Aktualit\u00e4t der \nbereitgestellten kostenlosen und frei zug\u00e4nglichen journalistischen \nRatgeber und Nachrichten. Namentlich gekennzeichnete Beitr\u00e4ge geben die \nMeinung des jeweiligen Autors und nicht immer die Meinung des Anbieters \nwieder. Allein durch den Aufruf der kostenlosen und frei zug\u00e4nglichen \nInhalte kommt keinerlei Vertragsverh\u00e4ltnis zwischen dem Nutzer und dem \nAnbieter zustande, insoweit fehlt es am Rechtsbindungswillen des \nAnbieters.<br><br>\n\u00a7 2 Externe Links<br>\nDiese Website enth\u00e4lt Verkn\u00fcpfungen zu Websites Dritter (&#8222;externe \nLinks&#8220;). Diese Websites unterliegen der Haftung der jeweiligen \nBetreiber. Der Anbieter hat bei der erstmaligen Verkn\u00fcpfung der externen\n Links die fremden Inhalte daraufhin \u00fcberpr\u00fcft, ob etwaige \nRechtsverst\u00f6\u00dfe bestehen. Zu dem Zeitpunkt waren keine Rechtsverst\u00f6\u00dfe \nersichtlich. Der Anbieter hat keinerlei Einfluss auf die aktuelle und \nzuk\u00fcnftige Gestaltung und auf die Inhalte der verkn\u00fcpften Seiten. Das \nSetzen von externen Links bedeutet nicht, dass sich der Anbieter die \nhinter dem Verweis oder Link liegenden Inhalte zu Eigen macht. Eine \nst\u00e4ndige Kontrolle der externen Links ist f\u00fcr den Anbieter ohne konkrete\n Hinweise auf Rechtsverst\u00f6\u00dfe nicht zumutbar. Bei Kenntnis von \nRechtsverst\u00f6\u00dfen werden jedoch derartige externe Links unverz\u00fcglich \ngel\u00f6scht.<br><br>\n\u00a7 3 Urheber- und Leistungsschutzrechte<br>\nDie auf dieser Website ver\u00f6ffentlichten Inhalte unterliegen dem \ndeutschen Urheber- und Leistungsschutzrecht. Jede vom deutschen Urheber-\n und Leistungsschutzrecht nicht zugelassene Verwertung bedarf der \nvorherigen schriftlichen Zustimmung des Anbieters oder jeweiligen \nRechteinhabers. Dies gilt insbesondere f\u00fcr Vervielf\u00e4ltigung, \nBearbeitung, \u00dcbersetzung, Einspeicherung, Verarbeitung bzw. Wiedergabe \nvon Inhalten in Datenbanken oder anderen elektronischen Medien und \nSystemen. Inhalte und Rechte Dritter sind dabei als solche \ngekennzeichnet. Die unerlaubte Vervielf\u00e4ltigung oder Weitergabe \neinzelner Inhalte oder kompletter Seiten ist nicht gestattet und \nstrafbar. Lediglich die Herstellung von Kopien und Downloads f\u00fcr den \npers\u00f6nlichen, privaten und nicht kommerziellen Gebrauch ist erlaubt.<br><br>\nDie Darstellung dieser Website in fremden Frames ist nur mit schriftlicher Erlaubnis zul\u00e4ssig.<br><br>\n\u00a7 4 Besondere Nutzungsbedingungen<br>\nSoweit besondere Bedingungen f\u00fcr einzelne Nutzungen dieser Website von \nden vorgenannten Paragraphen abweichen, wird an entsprechender Stelle \nausdr\u00fccklich darauf hingewiesen. In diesem Falle gelten im jeweiligen \nEinzelfall die besonderen Nutzungsbedingungen.<\/p>\n\n\n\n<p>Quelle: <a href=\"https:\/\/www.juraforum.de\/impressum-generator\/\">Impressum Generator von JuraForum.de<\/a><\/p>\n","protected":false},"excerpt":{"rendered":"<p>Freundeskreis der Filipowaer in Deutschland e.V. Adam Kupferschmidt Gr\u00f6\u00dfeweg 7371522 Backnang Telefon: 0719163878 E-Mail: a.kupferschmidt@gmx.de Verantwortlich f\u00fcr den Inhalt (gem. \u00a7 55 Abs. 2 RStV):Adam Kupferschmidt Gr\u00f6\u00dfeweg 73 71522 Backnang Disclaimer \u2013 rechtliche Hinweise \u00a7 1 Warnhinweis zu Inhalten Die kostenlosen und frei zug\u00e4nglichen Inhalte dieser Webseite wurden mit gr\u00f6\u00dftm\u00f6glicher Sorgfalt erstellt. Der Anbieter dieser &hellip;<\/p>\n<p class=\"read-more\"> <a class=\"\" href=\"http:\/\/neckar-donau-wegekreuz.de\/?page_id=18\"> <span class=\"screen-reader-text\">Impressum<\/span> Read More \u00bb<\/a><\/p>\n","protected":false},"author":1,"featured_media":0,"parent":0,"menu_order":0,"comment_status":"closed","ping_status":"closed","template":"","meta":[],"yoast_head":"<!-- This site is optimized with the Yoast SEO plugin v17.1 - https:\/\/yoast.com\/wordpress\/plugins\/seo\/ -->\n<title>Impressum - Neckar-Donau-Wegekreuz<\/title>\n<meta name=\"robots\" content=\"index, follow, max-snippet:-1, max-image-preview:large, max-video-preview:-1\" \/>\n<link rel=\"canonical\" href=\"http:\/\/neckar-donau-wegekreuz.de\/?page_id=18\" \/>\n<meta property=\"og:locale\" content=\"de_DE\" \/>\n<meta property=\"og:type\" content=\"article\" \/>\n<meta property=\"og:title\" content=\"Impressum - Neckar-Donau-Wegekreuz\" \/>\n<meta property=\"og:description\" content=\"Freundeskreis der Filipowaer in Deutschland e.V. Adam Kupferschmidt Gr\u00f6\u00dfeweg 7371522 Backnang Telefon: 0719163878 E-Mail: a.kupferschmidt@gmx.de Verantwortlich f\u00fcr den Inhalt (gem. \u00a7 55 Abs. 2 RStV):Adam Kupferschmidt Gr\u00f6\u00dfeweg 73 71522 Backnang Disclaimer \u2013 rechtliche Hinweise \u00a7 1 Warnhinweis zu Inhalten Die kostenlosen und frei zug\u00e4nglichen Inhalte dieser Webseite wurden mit gr\u00f6\u00dftm\u00f6glicher Sorgfalt erstellt. Der Anbieter dieser &hellip; Impressum Read More \u00bb\" \/>\n<meta property=\"og:url\" content=\"http:\/\/neckar-donau-wegekreuz.de\/?page_id=18\" \/>\n<meta property=\"og:site_name\" content=\"Neckar-Donau-Wegekreuz\" \/>\n<meta property=\"article:modified_time\" content=\"2019-07-11T15:09:23+00:00\" \/>\n<meta name=\"twitter:card\" content=\"summary_large_image\" \/>\n<meta name=\"twitter:label1\" content=\"Gesch\u00e4tzte Lesezeit\" \/>\n\t<meta name=\"twitter:data1\" content=\"2\u00a0Minuten\" \/>\n<script type=\"application\/ld+json\" class=\"yoast-schema-graph\">{\"@context\":\"https:\/\/schema.org\",\"@graph\":[{\"@type\":\"Organization\",\"@id\":\"https:\/\/neckar-donau-wegekreuz.de\/#organization\",\"name\":\"Neckar-Donau-Wegekreuz\",\"url\":\"https:\/\/neckar-donau-wegekreuz.de\/\",\"sameAs\":[],\"logo\":{\"@type\":\"ImageObject\",\"@id\":\"https:\/\/neckar-donau-wegekreuz.de\/#logo\",\"inLanguage\":\"de\",\"url\":\"http:\/\/neckar-donau-wegekreuz.de\/wp-content\/uploads\/2020\/05\/Logo_NeckarDonauWegeX-kl.png\",\"contentUrl\":\"http:\/\/neckar-donau-wegekreuz.de\/wp-content\/uploads\/2020\/05\/Logo_NeckarDonauWegeX-kl.png\",\"width\":2500,\"height\":2221,\"caption\":\"Neckar-Donau-Wegekreuz\"},\"image\":{\"@id\":\"https:\/\/neckar-donau-wegekreuz.de\/#logo\"}},{\"@type\":\"WebSite\",\"@id\":\"https:\/\/neckar-donau-wegekreuz.de\/#website\",\"url\":\"https:\/\/neckar-donau-wegekreuz.de\/\",\"name\":\"Neckar-Donau-Wegekreuz\",\"description\":\"Menschen, Orte, Zeiten treffen sich!\",\"publisher\":{\"@id\":\"https:\/\/neckar-donau-wegekreuz.de\/#organization\"},\"potentialAction\":[{\"@type\":\"SearchAction\",\"target\":{\"@type\":\"EntryPoint\",\"urlTemplate\":\"https:\/\/neckar-donau-wegekreuz.de\/?s={search_term_string}\"},\"query-input\":\"required name=search_term_string\"}],\"inLanguage\":\"de\"},{\"@type\":\"WebPage\",\"@id\":\"http:\/\/neckar-donau-wegekreuz.de\/?page_id=18#webpage\",\"url\":\"http:\/\/neckar-donau-wegekreuz.de\/?page_id=18\",\"name\":\"Impressum - Neckar-Donau-Wegekreuz\",\"isPartOf\":{\"@id\":\"https:\/\/neckar-donau-wegekreuz.de\/#website\"},\"datePublished\":\"2019-01-25T08:46:43+00:00\",\"dateModified\":\"2019-07-11T15:09:23+00:00\",\"breadcrumb\":{\"@id\":\"http:\/\/neckar-donau-wegekreuz.de\/?page_id=18#breadcrumb\"},\"inLanguage\":\"de\",\"potentialAction\":[{\"@type\":\"ReadAction\",\"target\":[\"http:\/\/neckar-donau-wegekreuz.de\/?page_id=18\"]}]},{\"@type\":\"BreadcrumbList\",\"@id\":\"http:\/\/neckar-donau-wegekreuz.de\/?page_id=18#breadcrumb\",\"itemListElement\":[{\"@type\":\"ListItem\",\"position\":1,\"name\":\"Startseite\",\"item\":\"https:\/\/neckar-donau-wegekreuz.de\/\"},{\"@type\":\"ListItem\",\"position\":2,\"name\":\"Impressum\"}]}]}<\/script>\n<!-- \/ Yoast SEO plugin. -->","yoast_head_json":{"title":"Impressum - Neckar-Donau-Wegekreuz","robots":{"index":"index","follow":"follow","max-snippet":"max-snippet:-1","max-image-preview":"max-image-preview:large","max-video-preview":"max-video-preview:-1"},"canonical":"http:\/\/neckar-donau-wegekreuz.de\/?page_id=18","og_locale":"de_DE","og_type":"article","og_title":"Impressum - Neckar-Donau-Wegekreuz","og_description":"Freundeskreis der Filipowaer in Deutschland e.V. Adam Kupferschmidt Gr\u00f6\u00dfeweg 7371522 Backnang Telefon: 0719163878 E-Mail: a.kupferschmidt@gmx.de Verantwortlich f\u00fcr den Inhalt (gem. \u00a7 55 Abs. 2 RStV):Adam Kupferschmidt Gr\u00f6\u00dfeweg 73 71522 Backnang Disclaimer \u2013 rechtliche Hinweise \u00a7 1 Warnhinweis zu Inhalten Die kostenlosen und frei zug\u00e4nglichen Inhalte dieser Webseite wurden mit gr\u00f6\u00dftm\u00f6glicher Sorgfalt erstellt. Der Anbieter dieser &hellip; Impressum Read More \u00bb","og_url":"http:\/\/neckar-donau-wegekreuz.de\/?page_id=18","og_site_name":"Neckar-Donau-Wegekreuz","article_modified_time":"2019-07-11T15:09:23+00:00","twitter_card":"summary_large_image","twitter_misc":{"Gesch\u00e4tzte Lesezeit":"2\u00a0Minuten"},"schema":{"@context":"https:\/\/schema.org","@graph":[{"@type":"Organization","@id":"https:\/\/neckar-donau-wegekreuz.de\/#organization","name":"Neckar-Donau-Wegekreuz","url":"https:\/\/neckar-donau-wegekreuz.de\/","sameAs":[],"logo":{"@type":"ImageObject","@id":"https:\/\/neckar-donau-wegekreuz.de\/#logo","inLanguage":"de","url":"http:\/\/neckar-donau-wegekreuz.de\/wp-content\/uploads\/2020\/05\/Logo_NeckarDonauWegeX-kl.png","contentUrl":"http:\/\/neckar-donau-wegekreuz.de\/wp-content\/uploads\/2020\/05\/Logo_NeckarDonauWegeX-kl.png","width":2500,"height":2221,"caption":"Neckar-Donau-Wegekreuz"},"image":{"@id":"https:\/\/neckar-donau-wegekreuz.de\/#logo"}},{"@type":"WebSite","@id":"https:\/\/neckar-donau-wegekreuz.de\/#website","url":"https:\/\/neckar-donau-wegekreuz.de\/","name":"Neckar-Donau-Wegekreuz","description":"Menschen, Orte, Zeiten treffen sich!","publisher":{"@id":"https:\/\/neckar-donau-wegekreuz.de\/#organization"},"potentialAction":[{"@type":"SearchAction","target":{"@type":"EntryPoint","urlTemplate":"https:\/\/neckar-donau-wegekreuz.de\/?s={search_term_string}"},"query-input":"required name=search_term_string"}],"inLanguage":"de"},{"@type":"WebPage","@id":"http:\/\/neckar-donau-wegekreuz.de\/?page_id=18#webpage","url":"http:\/\/neckar-donau-wegekreuz.de\/?page_id=18","name":"Impressum - Neckar-Donau-Wegekreuz","isPartOf":{"@id":"https:\/\/neckar-donau-wegekreuz.de\/#website"},"datePublished":"2019-01-25T08:46:43+00:00","dateModified":"2019-07-11T15:09:23+00:00","breadcrumb":{"@id":"http:\/\/neckar-donau-wegekreuz.de\/?page_id=18#breadcrumb"},"inLanguage":"de","potentialAction":[{"@type":"ReadAction","target":["http:\/\/neckar-donau-wegekreuz.de\/?page_id=18"]}]},{"@type":"BreadcrumbList","@id":"http:\/\/neckar-donau-wegekreuz.de\/?page_id=18#breadcrumb","itemListElement":[{"@type":"ListItem","position":1,"name":"Startseite","item":"https:\/\/neckar-donau-wegekreuz.de\/"},{"@type":"ListItem","position":2,"name":"Impressum"}]}]}},"_links":{"self":[{"href":"http:\/\/neckar-donau-wegekreuz.de\/index.php?rest_route=\/wp\/v2\/pages\/18"}],"collection":[{"href":"http:\/\/neckar-donau-wegekreuz.de\/index.php?rest_route=\/wp\/v2\/pages"}],"about":[{"href":"http:\/\/neckar-donau-wegekreuz.de\/index.php?rest_route=\/wp\/v2\/types\/page"}],"author":[{"embeddable":true,"href":"http:\/\/neckar-donau-wegekreuz.de\/index.php?rest_route=\/wp\/v2\/users\/1"}],"replies":[{"embeddable":true,"href":"http:\/\/neckar-donau-wegekreuz.de\/index.php?rest_route=%2Fwp%2Fv2%2Fcomments&post=18"}],"version-history":[{"count":5,"href":"http:\/\/neckar-donau-wegekreuz.de\/index.php?rest_route=\/wp\/v2\/pages\/18\/revisions"}],"predecessor-version":[{"id":840,"href":"http:\/\/neckar-donau-wegekreuz.de\/index.php?rest_route=\/wp\/v2\/pages\/18\/revisions\/840"}],"wp:attachment":[{"href":"http:\/\/neckar-donau-wegekreuz.de\/index.php?rest_route=%2Fwp%2Fv2%2Fmedia&parent=18"}],"curies":[{"name":"wp","href":"https:\/\/api.w.org\/{rel}","templated":true}]}}