{"id":740,"date":"2019-06-06T09:35:18","date_gmt":"2019-06-06T09:35:18","guid":{"rendered":"http:\/\/neckar-donau-wegekreuz.de\/?page_id=740"},"modified":"2019-06-06T09:35:18","modified_gmt":"2019-06-06T09:35:18","slug":"ein-bericht-ueber-das-leben-der-schwester-benildis","status":"publish","type":"page","link":"http:\/\/neckar-donau-wegekreuz.de\/?page_id=740","title":{"rendered":"Ein Bericht \u00fcber das Leben der Schwester Benildis"},"content":{"rendered":"\n<p>Sr. M. Benildis Piller (Anna), die sp\u00e4tere Oberin der Niederlassung der Schwestern von Bad Niedernau, kam am 8. August 1920 in Filipowa als Tochter eines Fleischhauers, Jakob Piller und dessen Ehefrau Anna geb. Rapp, auf die Welt. Sie absolvierte die sechs Klassen der Volksschule in ihrem Heimatort. Das recht aufgeweckte M\u00e4dchen spielte schon als Siebenj\u00e4hrige in der Theatergruppe der Marianischen Kongregation mit. Nach der Volksschule fand sie Aufnahme bei den Armen Schulschwestern Unsere Lieben Frau, zun\u00e4chst als Aspirantin \u2013 eine damals ziemlich harte Probezeit, was Tagesordnung, Gebetspflichten du Lernbetrieb betraf, da sie ja gleichzeitig die vier Jahre Gymnasium in Neusatz zu besuchen hatte. Nach dieser Probezeit trat sie dem Orden als Postulantin bei und absolvierte von 1937 bis 1941 die Lehrerbildungsanstalt in Zagreb, wobei der Erwerb der kroatischen Sprache keine Leichtigkeit bedeutete. Ihre n\u00e4here Heimat fiel nach dem Jugoslawienkrieg 1941 an Ungarn. So erhielt sie ihre Einkleidung als Novizin 1942 in Kalotscha und machte dort 1943 auch die erste Profess. Als junge Schwester kam sie in ihren Geburtsort Filipowa (1943 \u2013 1948)<\/p>\n\n\n\n<figure class=\"wp-block-image\"><img loading=\"lazy\" width=\"1024\" height=\"716\" src=\"http:\/\/neckar-donau-wegekreuz.de\/wp-content\/uploads\/2019\/06\/Arme-Schulschwestern-1994-1024x716.jpg\" alt=\"\" class=\"wp-image-741\" srcset=\"http:\/\/neckar-donau-wegekreuz.de\/wp-content\/uploads\/2019\/06\/Arme-Schulschwestern-1994-1024x716.jpg 1024w, http:\/\/neckar-donau-wegekreuz.de\/wp-content\/uploads\/2019\/06\/Arme-Schulschwestern-1994-300x210.jpg 300w, http:\/\/neckar-donau-wegekreuz.de\/wp-content\/uploads\/2019\/06\/Arme-Schulschwestern-1994-768x537.jpg 768w, http:\/\/neckar-donau-wegekreuz.de\/wp-content\/uploads\/2019\/06\/Arme-Schulschwestern-1994.jpg 1372w\" sizes=\"(max-width: 1024px) 100vw, 1024px\" \/><figcaption>Die Kongregation der Armen Schulschwestern Bad Niedernau im Jahr 1994. Foto: Archiv Freundeskreis der Filipowaer<\/figcaption><\/figure>\n\n\n\n<p>Ende Oktober 1944 besetzten Tito-Partisanen den donauschw\u00e4bischen Ort und ermordeten 212 M\u00e4nner und Jugendliche darunter auch ihren den Vater..<br \/>Als am 31.3.1945 die Filipowaer aus ihren H\u00e4usern vertrieben wurden und ins Lager verfrachtet wurden, war Sr. Benildis eine von neun Ordenschwestern, die im Kloster bleiben durften. (Schwestern und Br\u00fcder Ordensgemeinschaften sowie Priester wurden nicht vertrieben)<\/p>\n<p>Die Schwestern haben damals die hilflosen, nicht mehr gehf\u00e4higen Personen, welche in den H\u00e4usern zur\u00fcckgelassen werden mussten und die Kranken in den H\u00e4usern eingesammelt. So fanden sie um die siebzig hilflose, alte und gebrechliche Menschen in Not und Verzweiflung die dem Tode nahe waren. So gut es ging und es ihnen die neuen Machthaber erlaubten, wurde im Kloster von Filipowa ein Notlazarett eingerichtet, wo man den Hilflosen beistand.<\/p>\n<p><br \/>Sr. Benildis konnte 1953 im Rahmen der Familienzusammenf\u00fchrung nach Deutschland ausreisen und arbeiteten. Zun\u00e4chst war sie als Religionslehrerin und im Pfarrb\u00fcro in Stuttgart-Zuffenhausen t\u00e4tig. 1961 wurde sie als Lehrerin an die F\u00f6rderschule f\u00fcr Aussiedlerkinder in Bad Niedernau berufen. Ihrer Lebensberufung konnte sie mit dem Aufbau der F\u00f6rderschule 1961 hier in Bad Niedernau nachkommen. 1964 er\u00f6ffneten die Armen Schulschwestern aufbauend auf das vormalige \u201eBadhotel\u201c mit Schwester Benildis als Oberin ein Sanatorium.<\/p>\n<p><br \/>Sr. Benildis war wesentlich am Gelingen der Aufbauarbeit f\u00fcr die F\u00f6rderschule, f\u00fcr die Errichtung des Kurmittelhauses und der Errichtung der Gel\u00f6bniskapelle beteiligt<\/p>\n\n\n\n<figure class=\"wp-block-image\"><img loading=\"lazy\" width=\"1024\" height=\"768\" src=\"http:\/\/neckar-donau-wegekreuz.de\/wp-content\/uploads\/2019\/06\/am-Ehrenmal-1024x768.jpg\" alt=\"\" class=\"wp-image-742\" srcset=\"http:\/\/neckar-donau-wegekreuz.de\/wp-content\/uploads\/2019\/06\/am-Ehrenmal-1024x768.jpg 1024w, http:\/\/neckar-donau-wegekreuz.de\/wp-content\/uploads\/2019\/06\/am-Ehrenmal-300x225.jpg 300w, http:\/\/neckar-donau-wegekreuz.de\/wp-content\/uploads\/2019\/06\/am-Ehrenmal-768x576.jpg 768w, http:\/\/neckar-donau-wegekreuz.de\/wp-content\/uploads\/2019\/06\/am-Ehrenmal.jpg 1386w\" sizes=\"(max-width: 1024px) 100vw, 1024px\" \/><figcaption>Foto: Archiv Freundeskreis der Filipowaer<\/figcaption><\/figure>\n\n\n\n<p>Neben den kl\u00f6sterlichen Pflichten und der Verwaltungsarbeit nahm sich Schwester Benildis viele privater und landsmannschaftlicher Aufgaben wahr.  Sie pflegte Handarbeiten in kunstvollem H\u00e4keln und auch in der Kunst der Kalligrafie, des Sch\u00f6nschreibens.<br> Sie war sie zeitlebens eine St\u00fctze und unentbehrliche Kronzeugin des Geschehens w\u00e4hrend der Kriegs -und Nachkriegszeit. der neu gegr\u00fcndeten Heimatortsgemeinschaft der Filipowaer F\u00fcr die Verfasser der Filipowaer Dokumentationen und Heimatbriefe war sie eine wichtige Ansprechstelle und Sachkennerin. Bis in ihr achtes Lebensjahrzehnt war sie die Zentralstelle f\u00fcr die Familiennachrichten im Heimatbrief. .<br> Auch f\u00fcr den Verfasser der Orts-Sippenchronik der Filipowaer, war sie unerm\u00fcdlich aktiv indem sie die Familienchroniken graphisch umsetzte. <br> Sie war die Ansprechpartnerin des Wallfahrtsausschusses der Donauschwaben f\u00fcr die allj\u00e4hrlich stattfindende Wahlfahrt zur Ged\u00e4chtniskapelle nach Bad Niedernau. <br> Die Heimatortsgemeinschaft erlebte Sr. Benildis als mutige, energische aber auch als g\u00fctige Oberin. Bis ins hohe Alter war sie ein Energieb\u00fcndel mit lebendiger Religi\u00f6sit\u00e4t mit der Verpflichtung zur Ordensregel und hohem Verantwortungs-und Pflichtgef\u00fchl.<\/p>\n\n\n\n<p><br><\/p>\n\n\n\n<p><em>Quelle: Filipowaer Heimatbrief Nr. 57 \/ 2000\/ S 42 ff. und Nr. 75 \/ 2014 \/ S 171 ff.<\/em><\/p>\n","protected":false},"excerpt":{"rendered":"<p>Sr. M. Benildis Piller (Anna), die sp\u00e4tere Oberin der Niederlassung der Schwestern von Bad Niedernau, kam am 8. August 1920 in Filipowa als Tochter eines Fleischhauers, Jakob Piller und dessen Ehefrau Anna geb. Rapp, auf die Welt. Sie absolvierte die sechs Klassen der Volksschule in ihrem Heimatort. Das recht aufgeweckte M\u00e4dchen spielte schon als Siebenj\u00e4hrige &hellip;<\/p>\n<p class=\"read-more\"> <a class=\"\" href=\"http:\/\/neckar-donau-wegekreuz.de\/?page_id=740\"> <span class=\"screen-reader-text\">Ein Bericht \u00fcber das Leben der Schwester Benildis<\/span> Read More \u00bb<\/a><\/p>\n","protected":false},"author":1,"featured_media":0,"parent":406,"menu_order":0,"comment_status":"closed","ping_status":"closed","template":"","meta":[],"yoast_head":"<!-- This site is optimized with the Yoast SEO plugin v17.1 - https:\/\/yoast.com\/wordpress\/plugins\/seo\/ -->\n<title>Ein Bericht \u00fcber das Leben der Schwester Benildis - Neckar-Donau-Wegekreuz<\/title>\n<meta name=\"robots\" content=\"index, follow, max-snippet:-1, max-image-preview:large, max-video-preview:-1\" \/>\n<link rel=\"canonical\" href=\"http:\/\/neckar-donau-wegekreuz.de\/?page_id=740\" \/>\n<meta property=\"og:locale\" content=\"de_DE\" \/>\n<meta property=\"og:type\" content=\"article\" \/>\n<meta property=\"og:title\" content=\"Ein Bericht \u00fcber das Leben der Schwester Benildis - Neckar-Donau-Wegekreuz\" \/>\n<meta property=\"og:description\" content=\"Sr. M. Benildis Piller (Anna), die sp\u00e4tere Oberin der Niederlassung der Schwestern von Bad Niedernau, kam am 8. August 1920 in Filipowa als Tochter eines Fleischhauers, Jakob Piller und dessen Ehefrau Anna geb. Rapp, auf die Welt. Sie absolvierte die sechs Klassen der Volksschule in ihrem Heimatort. Das recht aufgeweckte M\u00e4dchen spielte schon als Siebenj\u00e4hrige &hellip; Ein Bericht \u00fcber das Leben der Schwester Benildis Read More \u00bb\" \/>\n<meta property=\"og:url\" content=\"http:\/\/neckar-donau-wegekreuz.de\/?page_id=740\" \/>\n<meta property=\"og:site_name\" content=\"Neckar-Donau-Wegekreuz\" \/>\n<meta property=\"og:image\" content=\"http:\/\/neckar-donau-wegekreuz.de\/wp-content\/uploads\/2019\/06\/Arme-Schulschwestern-1994-1024x716.jpg\" \/>\n<meta name=\"twitter:card\" content=\"summary_large_image\" \/>\n<meta name=\"twitter:label1\" content=\"Gesch\u00e4tzte Lesezeit\" \/>\n\t<meta name=\"twitter:data1\" content=\"3\u00a0Minuten\" \/>\n<script type=\"application\/ld+json\" class=\"yoast-schema-graph\">{\"@context\":\"https:\/\/schema.org\",\"@graph\":[{\"@type\":\"Organization\",\"@id\":\"https:\/\/neckar-donau-wegekreuz.de\/#organization\",\"name\":\"Neckar-Donau-Wegekreuz\",\"url\":\"https:\/\/neckar-donau-wegekreuz.de\/\",\"sameAs\":[],\"logo\":{\"@type\":\"ImageObject\",\"@id\":\"https:\/\/neckar-donau-wegekreuz.de\/#logo\",\"inLanguage\":\"de\",\"url\":\"http:\/\/neckar-donau-wegekreuz.de\/wp-content\/uploads\/2020\/05\/Logo_NeckarDonauWegeX-kl.png\",\"contentUrl\":\"http:\/\/neckar-donau-wegekreuz.de\/wp-content\/uploads\/2020\/05\/Logo_NeckarDonauWegeX-kl.png\",\"width\":2500,\"height\":2221,\"caption\":\"Neckar-Donau-Wegekreuz\"},\"image\":{\"@id\":\"https:\/\/neckar-donau-wegekreuz.de\/#logo\"}},{\"@type\":\"WebSite\",\"@id\":\"https:\/\/neckar-donau-wegekreuz.de\/#website\",\"url\":\"https:\/\/neckar-donau-wegekreuz.de\/\",\"name\":\"Neckar-Donau-Wegekreuz\",\"description\":\"Menschen, Orte, Zeiten treffen sich!\",\"publisher\":{\"@id\":\"https:\/\/neckar-donau-wegekreuz.de\/#organization\"},\"potentialAction\":[{\"@type\":\"SearchAction\",\"target\":{\"@type\":\"EntryPoint\",\"urlTemplate\":\"https:\/\/neckar-donau-wegekreuz.de\/?s={search_term_string}\"},\"query-input\":\"required name=search_term_string\"}],\"inLanguage\":\"de\"},{\"@type\":\"ImageObject\",\"@id\":\"http:\/\/neckar-donau-wegekreuz.de\/?page_id=740#primaryimage\",\"inLanguage\":\"de\",\"url\":\"http:\/\/neckar-donau-wegekreuz.de\/wp-content\/uploads\/2019\/06\/Arme-Schulschwestern-1994.jpg\",\"contentUrl\":\"http:\/\/neckar-donau-wegekreuz.de\/wp-content\/uploads\/2019\/06\/Arme-Schulschwestern-1994.jpg\",\"width\":1372,\"height\":959},{\"@type\":\"WebPage\",\"@id\":\"http:\/\/neckar-donau-wegekreuz.de\/?page_id=740#webpage\",\"url\":\"http:\/\/neckar-donau-wegekreuz.de\/?page_id=740\",\"name\":\"Ein Bericht \\u00fcber das Leben der Schwester Benildis - Neckar-Donau-Wegekreuz\",\"isPartOf\":{\"@id\":\"https:\/\/neckar-donau-wegekreuz.de\/#website\"},\"primaryImageOfPage\":{\"@id\":\"http:\/\/neckar-donau-wegekreuz.de\/?page_id=740#primaryimage\"},\"datePublished\":\"2019-06-06T09:35:18+00:00\",\"dateModified\":\"2019-06-06T09:35:18+00:00\",\"breadcrumb\":{\"@id\":\"http:\/\/neckar-donau-wegekreuz.de\/?page_id=740#breadcrumb\"},\"inLanguage\":\"de\",\"potentialAction\":[{\"@type\":\"ReadAction\",\"target\":[\"http:\/\/neckar-donau-wegekreuz.de\/?page_id=740\"]}]},{\"@type\":\"BreadcrumbList\",\"@id\":\"http:\/\/neckar-donau-wegekreuz.de\/?page_id=740#breadcrumb\",\"itemListElement\":[{\"@type\":\"ListItem\",\"position\":1,\"name\":\"Startseite\",\"item\":\"https:\/\/neckar-donau-wegekreuz.de\/\"},{\"@type\":\"ListItem\",\"position\":2,\"name\":\"Menschen, Orte, Zeiten treffen sich! \\ufeff\",\"item\":\"https:\/\/neckar-donau-wegekreuz.de\/\"},{\"@type\":\"ListItem\",\"position\":3,\"name\":\"Die Installation &#8222;Wegekreuz&#8220;\",\"item\":\"https:\/\/neckar-donau-wegekreuz.de\/?page_id=11\"},{\"@type\":\"ListItem\",\"position\":4,\"name\":\"Sie war die Oberin der Armen Schulschwestern &#8211; Schwester Benildis\",\"item\":\"http:\/\/neckar-donau-wegekreuz.de\/?page_id=406\"},{\"@type\":\"ListItem\",\"position\":5,\"name\":\"Ein Bericht \\u00fcber das Leben der Schwester Benildis\"}]}]}<\/script>\n<!-- \/ Yoast SEO plugin. -->","yoast_head_json":{"title":"Ein Bericht \u00fcber das Leben der Schwester Benildis - Neckar-Donau-Wegekreuz","robots":{"index":"index","follow":"follow","max-snippet":"max-snippet:-1","max-image-preview":"max-image-preview:large","max-video-preview":"max-video-preview:-1"},"canonical":"http:\/\/neckar-donau-wegekreuz.de\/?page_id=740","og_locale":"de_DE","og_type":"article","og_title":"Ein Bericht \u00fcber das Leben der Schwester Benildis - Neckar-Donau-Wegekreuz","og_description":"Sr. M. Benildis Piller (Anna), die sp\u00e4tere Oberin der Niederlassung der Schwestern von Bad Niedernau, kam am 8. August 1920 in Filipowa als Tochter eines Fleischhauers, Jakob Piller und dessen Ehefrau Anna geb. Rapp, auf die Welt. Sie absolvierte die sechs Klassen der Volksschule in ihrem Heimatort. Das recht aufgeweckte M\u00e4dchen spielte schon als Siebenj\u00e4hrige &hellip; Ein Bericht \u00fcber das Leben der Schwester Benildis Read More \u00bb","og_url":"http:\/\/neckar-donau-wegekreuz.de\/?page_id=740","og_site_name":"Neckar-Donau-Wegekreuz","og_image":[{"url":"http:\/\/neckar-donau-wegekreuz.de\/wp-content\/uploads\/2019\/06\/Arme-Schulschwestern-1994-1024x716.jpg"}],"twitter_card":"summary_large_image","twitter_misc":{"Gesch\u00e4tzte Lesezeit":"3\u00a0Minuten"},"schema":{"@context":"https:\/\/schema.org","@graph":[{"@type":"Organization","@id":"https:\/\/neckar-donau-wegekreuz.de\/#organization","name":"Neckar-Donau-Wegekreuz","url":"https:\/\/neckar-donau-wegekreuz.de\/","sameAs":[],"logo":{"@type":"ImageObject","@id":"https:\/\/neckar-donau-wegekreuz.de\/#logo","inLanguage":"de","url":"http:\/\/neckar-donau-wegekreuz.de\/wp-content\/uploads\/2020\/05\/Logo_NeckarDonauWegeX-kl.png","contentUrl":"http:\/\/neckar-donau-wegekreuz.de\/wp-content\/uploads\/2020\/05\/Logo_NeckarDonauWegeX-kl.png","width":2500,"height":2221,"caption":"Neckar-Donau-Wegekreuz"},"image":{"@id":"https:\/\/neckar-donau-wegekreuz.de\/#logo"}},{"@type":"WebSite","@id":"https:\/\/neckar-donau-wegekreuz.de\/#website","url":"https:\/\/neckar-donau-wegekreuz.de\/","name":"Neckar-Donau-Wegekreuz","description":"Menschen, Orte, Zeiten treffen sich!","publisher":{"@id":"https:\/\/neckar-donau-wegekreuz.de\/#organization"},"potentialAction":[{"@type":"SearchAction","target":{"@type":"EntryPoint","urlTemplate":"https:\/\/neckar-donau-wegekreuz.de\/?s={search_term_string}"},"query-input":"required name=search_term_string"}],"inLanguage":"de"},{"@type":"ImageObject","@id":"http:\/\/neckar-donau-wegekreuz.de\/?page_id=740#primaryimage","inLanguage":"de","url":"http:\/\/neckar-donau-wegekreuz.de\/wp-content\/uploads\/2019\/06\/Arme-Schulschwestern-1994.jpg","contentUrl":"http:\/\/neckar-donau-wegekreuz.de\/wp-content\/uploads\/2019\/06\/Arme-Schulschwestern-1994.jpg","width":1372,"height":959},{"@type":"WebPage","@id":"http:\/\/neckar-donau-wegekreuz.de\/?page_id=740#webpage","url":"http:\/\/neckar-donau-wegekreuz.de\/?page_id=740","name":"Ein Bericht \u00fcber das Leben der Schwester Benildis - Neckar-Donau-Wegekreuz","isPartOf":{"@id":"https:\/\/neckar-donau-wegekreuz.de\/#website"},"primaryImageOfPage":{"@id":"http:\/\/neckar-donau-wegekreuz.de\/?page_id=740#primaryimage"},"datePublished":"2019-06-06T09:35:18+00:00","dateModified":"2019-06-06T09:35:18+00:00","breadcrumb":{"@id":"http:\/\/neckar-donau-wegekreuz.de\/?page_id=740#breadcrumb"},"inLanguage":"de","potentialAction":[{"@type":"ReadAction","target":["http:\/\/neckar-donau-wegekreuz.de\/?page_id=740"]}]},{"@type":"BreadcrumbList","@id":"http:\/\/neckar-donau-wegekreuz.de\/?page_id=740#breadcrumb","itemListElement":[{"@type":"ListItem","position":1,"name":"Startseite","item":"https:\/\/neckar-donau-wegekreuz.de\/"},{"@type":"ListItem","position":2,"name":"Menschen, Orte, Zeiten treffen sich! \ufeff","item":"https:\/\/neckar-donau-wegekreuz.de\/"},{"@type":"ListItem","position":3,"name":"Die Installation &#8222;Wegekreuz&#8220;","item":"https:\/\/neckar-donau-wegekreuz.de\/?page_id=11"},{"@type":"ListItem","position":4,"name":"Sie war die Oberin der Armen Schulschwestern &#8211; Schwester Benildis","item":"http:\/\/neckar-donau-wegekreuz.de\/?page_id=406"},{"@type":"ListItem","position":5,"name":"Ein Bericht \u00fcber das Leben der Schwester Benildis"}]}]}},"_links":{"self":[{"href":"http:\/\/neckar-donau-wegekreuz.de\/index.php?rest_route=\/wp\/v2\/pages\/740"}],"collection":[{"href":"http:\/\/neckar-donau-wegekreuz.de\/index.php?rest_route=\/wp\/v2\/pages"}],"about":[{"href":"http:\/\/neckar-donau-wegekreuz.de\/index.php?rest_route=\/wp\/v2\/types\/page"}],"author":[{"embeddable":true,"href":"http:\/\/neckar-donau-wegekreuz.de\/index.php?rest_route=\/wp\/v2\/users\/1"}],"replies":[{"embeddable":true,"href":"http:\/\/neckar-donau-wegekreuz.de\/index.php?rest_route=%2Fwp%2Fv2%2Fcomments&post=740"}],"version-history":[{"count":2,"href":"http:\/\/neckar-donau-wegekreuz.de\/index.php?rest_route=\/wp\/v2\/pages\/740\/revisions"}],"predecessor-version":[{"id":744,"href":"http:\/\/neckar-donau-wegekreuz.de\/index.php?rest_route=\/wp\/v2\/pages\/740\/revisions\/744"}],"up":[{"embeddable":true,"href":"http:\/\/neckar-donau-wegekreuz.de\/index.php?rest_route=\/wp\/v2\/pages\/406"}],"wp:attachment":[{"href":"http:\/\/neckar-donau-wegekreuz.de\/index.php?rest_route=%2Fwp%2Fv2%2Fmedia&parent=740"}],"curies":[{"name":"wp","href":"https:\/\/api.w.org\/{rel}","templated":true}]}}