{"id":823,"date":"2019-07-11T15:02:34","date_gmt":"2019-07-11T15:02:34","guid":{"rendered":"http:\/\/neckar-donau-wegekreuz.de\/?page_id=823"},"modified":"2021-02-15T07:37:26","modified_gmt":"2021-02-15T07:37:26","slug":"er-hat-die-wallfahrten-nach-bad-niedernau-organisiert","status":"publish","type":"page","link":"http:\/\/neckar-donau-wegekreuz.de\/?page_id=823","title":{"rendered":"Er hat die Wallfahrten nach Bad Niedernau organisiert &#8211; Josef Pertschi"},"content":{"rendered":"\n<div class=\"wp-block-image\"><figure class=\"aligncenter\"><img loading=\"lazy\" width=\"696\" height=\"1024\" src=\"http:\/\/neckar-donau-wegekreuz.de\/wp-content\/uploads\/2019\/07\/Josef-Pertschi-Winnenden-Taubenstr.auss_-696x1024.jpg\" alt=\"\" class=\"wp-image-829\" srcset=\"http:\/\/neckar-donau-wegekreuz.de\/wp-content\/uploads\/2019\/07\/Josef-Pertschi-Winnenden-Taubenstr.auss_-696x1024.jpg 696w, http:\/\/neckar-donau-wegekreuz.de\/wp-content\/uploads\/2019\/07\/Josef-Pertschi-Winnenden-Taubenstr.auss_-204x300.jpg 204w, http:\/\/neckar-donau-wegekreuz.de\/wp-content\/uploads\/2019\/07\/Josef-Pertschi-Winnenden-Taubenstr.auss_-768x1129.jpg 768w, http:\/\/neckar-donau-wegekreuz.de\/wp-content\/uploads\/2019\/07\/Josef-Pertschi-Winnenden-Taubenstr.auss_-1045x1536.jpg 1045w, http:\/\/neckar-donau-wegekreuz.de\/wp-content\/uploads\/2019\/07\/Josef-Pertschi-Winnenden-Taubenstr.auss_-1393x2048.jpg 1393w, http:\/\/neckar-donau-wegekreuz.de\/wp-content\/uploads\/2019\/07\/Josef-Pertschi-Winnenden-Taubenstr.auss_-scaled.jpg 1741w\" sizes=\"(max-width: 696px) 100vw, 696px\" \/><figcaption> <br><strong>Josef Pertschi (1923 &#8211; 2005)<\/strong> <\/figcaption><\/figure><\/div>\n\n\n\n<p>Josef Pertschi h\u00f6rte es gerne, wenn er von seinen Freunden \u201eLippl-Sepp\u201c genannt wurde, nach dem Hausnamen des Elternhauses in Filipowa in der jugoslawischen Batschka. \u00dcber Jahre hinweg engagierte er sich bei der Vorbereitung der j\u00e4hrlichen Wallfahrt der Donauschwaben zu Christi Himmelfahrt nach Bad Niedernau. Er organisierte das Essen, die Tische und vieles mehr. Auch war er f\u00fcr die Donauschw\u00e4bische Kulturstiftung aktiv, Mitautor der Dokumentationsb\u00e4nde \u201eLeidensweg der Deutschen in Jugoslawien\u201c. Und, typisch Filipowaer: Ein eigenes Haus zu besitzen, war ihm ganz wichtig. So gelang die Integration in der neuen Heimat nach Flucht und Vertreibung schnell: Bereits 1952 wurde mit dem Hausbau in Winnenden begonnen. Doch die zehn Jahre zuvor hatte er Schlimmes durchgemacht.<\/p>\n\n\n\n<div class=\"wp-block-image\"><figure class=\"aligncenter\"><img loading=\"lazy\" width=\"665\" height=\"1024\" src=\"http:\/\/neckar-donau-wegekreuz.de\/wp-content\/uploads\/2019\/07\/9-Nach-dem-einzug-1954-auss-665x1024.jpg\" alt=\"\" class=\"wp-image-831\" srcset=\"http:\/\/neckar-donau-wegekreuz.de\/wp-content\/uploads\/2019\/07\/9-Nach-dem-einzug-1954-auss-665x1024.jpg 665w, http:\/\/neckar-donau-wegekreuz.de\/wp-content\/uploads\/2019\/07\/9-Nach-dem-einzug-1954-auss-195x300.jpg 195w, http:\/\/neckar-donau-wegekreuz.de\/wp-content\/uploads\/2019\/07\/9-Nach-dem-einzug-1954-auss-768x1183.jpg 768w, http:\/\/neckar-donau-wegekreuz.de\/wp-content\/uploads\/2019\/07\/9-Nach-dem-einzug-1954-auss-997x1536.jpg 997w, http:\/\/neckar-donau-wegekreuz.de\/wp-content\/uploads\/2019\/07\/9-Nach-dem-einzug-1954-auss.jpg 1274w\" sizes=\"(max-width: 665px) 100vw, 665px\" \/><figcaption>1954 konnte in Winnenden-Leutenbach eingezogen werden, 1958 war dann schlie\u00dflich alles fertig.<\/figcaption><\/figure><\/div>\n\n\n\n<p>Nach der Volksschule in Filipowa ging es in die B\u00fcrgerschule in das 60 km entfernte Esseg (Osijek). Er sollte den gro\u00dfen landwirtschaftlichen Betrieb der Eltern einmal \u00fcbernehmen und begann auch direkt nach der Schule dort zu arbeiten. <\/p>\n\n\n\n<p>Doch wurde er von dort aus zum ungarischen Milit\u00e4r einberufen. In D\u00e4nemark kam in englische Kriegsgefangenschaft und wurde zur\u00fcck nach Jugoslawien gebracht, wo inzwischen die meisten Deutschst\u00e4mmigen in Internierungslagern sa\u00dfen, so auch seine Mutter \u2013 im sogenannten <strong><a href=\"http:\/\/neckar-donau-wegekreuz.de\/?page_id=42\">Todeslager Gakowa<\/a><\/strong>. Sein Elternhaus und die elterliche Landwirtschaft waren enteignet und von serbischen Siedlern bewohnt, der Vater war ermordet  worden. Er kam sofort f\u00fcr ein Jahr in ein Kriegsgefangenenlager und 1946 in ein das Arbeitslager Hodschag, von wo er sp\u00e4ter mit Mutter und Verwandten fliehen konnte. <\/p>\n\n\n\n<p>Die Flucht ging \u00fcber Ungarn und \u00d6sterreich nach W\u00fcrttemberg. In Winnenden konnten sie wieder Fu\u00df fassen. Zentral war es f\u00fcr ihn und seine Familie, nachdem klar war, dass sie nie wieder zur\u00fcck kehren konnten, sich schnellstm\u00f6glich ein neues Leben aufzubauen. F\u00fcr einen waschechten Filipowaer hie\u00df das: ein eigenes Haus musste gebaut werden. Das gab den R\u00fcckhalt f\u00fcr weitere gesch\u00e4ftliche Unternehmungen: er gr\u00fcndete eine Spedition. <\/p>\n\n\n\n<figure class=\"wp-block-gallery columns-3 is-cropped\"><ul class=\"blocks-gallery-grid\"><li class=\"blocks-gallery-item\"><figure><img loading=\"lazy\" width=\"1024\" height=\"696\" src=\"http:\/\/neckar-donau-wegekreuz.de\/wp-content\/uploads\/2019\/07\/1-Bauaushub-bei-Josef-Perschy-Helfer-Adam-Held-Geotg-K\u00f6nig-Franz-Eichinger-1auss-1024x696.jpg\" alt=\"\" data-id=\"832\" data-link=\"http:\/\/neckar-donau-wegekreuz.de\/?attachment_id=832\" class=\"wp-image-832\" srcset=\"http:\/\/neckar-donau-wegekreuz.de\/wp-content\/uploads\/2019\/07\/1-Bauaushub-bei-Josef-Perschy-Helfer-Adam-Held-Geotg-K\u00f6nig-Franz-Eichinger-1auss-1024x696.jpg 1024w, http:\/\/neckar-donau-wegekreuz.de\/wp-content\/uploads\/2019\/07\/1-Bauaushub-bei-Josef-Perschy-Helfer-Adam-Held-Geotg-K\u00f6nig-Franz-Eichinger-1auss-300x204.jpg 300w, http:\/\/neckar-donau-wegekreuz.de\/wp-content\/uploads\/2019\/07\/1-Bauaushub-bei-Josef-Perschy-Helfer-Adam-Held-Geotg-K\u00f6nig-Franz-Eichinger-1auss-768x522.jpg 768w, http:\/\/neckar-donau-wegekreuz.de\/wp-content\/uploads\/2019\/07\/1-Bauaushub-bei-Josef-Perschy-Helfer-Adam-Held-Geotg-K\u00f6nig-Franz-Eichinger-1auss-1536x1045.jpg 1536w, http:\/\/neckar-donau-wegekreuz.de\/wp-content\/uploads\/2019\/07\/1-Bauaushub-bei-Josef-Perschy-Helfer-Adam-Held-Geotg-K\u00f6nig-Franz-Eichinger-1auss.jpg 2026w\" sizes=\"(max-width: 1024px) 100vw, 1024px\" \/><\/figure><\/li><li class=\"blocks-gallery-item\"><figure><img loading=\"lazy\" width=\"1002\" height=\"1024\" src=\"http:\/\/neckar-donau-wegekreuz.de\/wp-content\/uploads\/2019\/07\/5-Dachstuhl-bei-Josef-Pertschy-1952-53-auss-1002x1024.jpg\" alt=\"\" data-id=\"833\" data-link=\"http:\/\/neckar-donau-wegekreuz.de\/?attachment_id=833\" class=\"wp-image-833\" srcset=\"http:\/\/neckar-donau-wegekreuz.de\/wp-content\/uploads\/2019\/07\/5-Dachstuhl-bei-Josef-Pertschy-1952-53-auss-1002x1024.jpg 1002w, http:\/\/neckar-donau-wegekreuz.de\/wp-content\/uploads\/2019\/07\/5-Dachstuhl-bei-Josef-Pertschy-1952-53-auss-294x300.jpg 294w, http:\/\/neckar-donau-wegekreuz.de\/wp-content\/uploads\/2019\/07\/5-Dachstuhl-bei-Josef-Pertschy-1952-53-auss-768x785.jpg 768w, http:\/\/neckar-donau-wegekreuz.de\/wp-content\/uploads\/2019\/07\/5-Dachstuhl-bei-Josef-Pertschy-1952-53-auss.jpg 1375w\" sizes=\"(max-width: 1002px) 100vw, 1002px\" \/><\/figure><\/li><li class=\"blocks-gallery-item\"><figure><img loading=\"lazy\" width=\"1015\" height=\"1024\" src=\"http:\/\/neckar-donau-wegekreuz.de\/wp-content\/uploads\/2019\/07\/7-Rohbau-Josef-Pertschy-1952-53-auss-1015x1024.jpg\" alt=\"\" data-id=\"834\" data-link=\"http:\/\/neckar-donau-wegekreuz.de\/?attachment_id=834\" class=\"wp-image-834\" srcset=\"http:\/\/neckar-donau-wegekreuz.de\/wp-content\/uploads\/2019\/07\/7-Rohbau-Josef-Pertschy-1952-53-auss-1015x1024.jpg 1015w, http:\/\/neckar-donau-wegekreuz.de\/wp-content\/uploads\/2019\/07\/7-Rohbau-Josef-Pertschy-1952-53-auss-297x300.jpg 297w, http:\/\/neckar-donau-wegekreuz.de\/wp-content\/uploads\/2019\/07\/7-Rohbau-Josef-Pertschy-1952-53-auss-150x150.jpg 150w, http:\/\/neckar-donau-wegekreuz.de\/wp-content\/uploads\/2019\/07\/7-Rohbau-Josef-Pertschy-1952-53-auss-768x775.jpg 768w, http:\/\/neckar-donau-wegekreuz.de\/wp-content\/uploads\/2019\/07\/7-Rohbau-Josef-Pertschy-1952-53-auss.jpg 1372w\" sizes=\"(max-width: 1015px) 100vw, 1015px\" \/><\/figure><\/li><li class=\"blocks-gallery-item\"><figure><img loading=\"lazy\" width=\"1024\" height=\"665\" src=\"http:\/\/neckar-donau-wegekreuz.de\/wp-content\/uploads\/2019\/07\/10-Rohbau-Josef-Pertschy-1952-53-auss-1024x665.jpg\" alt=\"\" data-id=\"835\" data-link=\"http:\/\/neckar-donau-wegekreuz.de\/?attachment_id=835\" class=\"wp-image-835\" srcset=\"http:\/\/neckar-donau-wegekreuz.de\/wp-content\/uploads\/2019\/07\/10-Rohbau-Josef-Pertschy-1952-53-auss-1024x665.jpg 1024w, http:\/\/neckar-donau-wegekreuz.de\/wp-content\/uploads\/2019\/07\/10-Rohbau-Josef-Pertschy-1952-53-auss-300x195.jpg 300w, http:\/\/neckar-donau-wegekreuz.de\/wp-content\/uploads\/2019\/07\/10-Rohbau-Josef-Pertschy-1952-53-auss-768x499.jpg 768w, http:\/\/neckar-donau-wegekreuz.de\/wp-content\/uploads\/2019\/07\/10-Rohbau-Josef-Pertschy-1952-53-auss-1536x997.jpg 1536w, http:\/\/neckar-donau-wegekreuz.de\/wp-content\/uploads\/2019\/07\/10-Rohbau-Josef-Pertschy-1952-53-auss.jpg 2041w\" sizes=\"(max-width: 1024px) 100vw, 1024px\" \/><\/figure><\/li><li class=\"blocks-gallery-item\"><figure><img loading=\"lazy\" width=\"1002\" height=\"1024\" src=\"http:\/\/neckar-donau-wegekreuz.de\/wp-content\/uploads\/2019\/07\/11-Baustelle-Josef-Pertschy-1952-1952-auss-1002x1024.jpg\" alt=\"\" data-id=\"836\" data-link=\"http:\/\/neckar-donau-wegekreuz.de\/?attachment_id=836\" class=\"wp-image-836\" srcset=\"http:\/\/neckar-donau-wegekreuz.de\/wp-content\/uploads\/2019\/07\/11-Baustelle-Josef-Pertschy-1952-1952-auss-1002x1024.jpg 1002w, http:\/\/neckar-donau-wegekreuz.de\/wp-content\/uploads\/2019\/07\/11-Baustelle-Josef-Pertschy-1952-1952-auss-294x300.jpg 294w, http:\/\/neckar-donau-wegekreuz.de\/wp-content\/uploads\/2019\/07\/11-Baustelle-Josef-Pertschy-1952-1952-auss-768x785.jpg 768w, http:\/\/neckar-donau-wegekreuz.de\/wp-content\/uploads\/2019\/07\/11-Baustelle-Josef-Pertschy-1952-1952-auss.jpg 1406w\" sizes=\"(max-width: 1002px) 100vw, 1002px\" \/><\/figure><\/li><\/ul><\/figure>\n\n\n\n<figure class=\"wp-block-image\"><img loading=\"lazy\" width=\"1024\" height=\"735\" src=\"http:\/\/neckar-donau-wegekreuz.de\/wp-content\/uploads\/2019\/07\/Fam.-Pertschy-ca.-1958-auss-1024x735.jpg\" alt=\"\" class=\"wp-image-837\" srcset=\"http:\/\/neckar-donau-wegekreuz.de\/wp-content\/uploads\/2019\/07\/Fam.-Pertschy-ca.-1958-auss-1024x735.jpg 1024w, http:\/\/neckar-donau-wegekreuz.de\/wp-content\/uploads\/2019\/07\/Fam.-Pertschy-ca.-1958-auss-300x215.jpg 300w, http:\/\/neckar-donau-wegekreuz.de\/wp-content\/uploads\/2019\/07\/Fam.-Pertschy-ca.-1958-auss-768x552.jpg 768w, http:\/\/neckar-donau-wegekreuz.de\/wp-content\/uploads\/2019\/07\/Fam.-Pertschy-ca.-1958-auss-1536x1103.jpg 1536w, http:\/\/neckar-donau-wegekreuz.de\/wp-content\/uploads\/2019\/07\/Fam.-Pertschy-ca.-1958-auss.jpg 1980w\" sizes=\"(max-width: 1024px) 100vw, 1024px\" \/><figcaption>Familie Pertschi vor ihrem Haus<\/figcaption><\/figure>\n\n\n\n<p>Aber dar\u00fcber hinaus war er sogleich engagiert, sich um die Leidensgenossen zu k\u00fcmmern. Er gr\u00fcndete die \u201eOrtsgemeinschaft Filipowa \u2013 Winnenden-Leutenbach\u201c und blieb zeitlebens derer Vorsitzender. Es fanden in Leutenbach Kulturveranstaltungen statt, Vortr\u00e4ge, auch Gro\u00dftreffen der Filipowaer. Er sammelte Spenden f\u00fcr das Haus der Donauschwaben in Sindelfingen und wirkte aktiv bei der Donauschw\u00e4bischen Kulturstiftung mit. <\/p>\n\n\n\n<p>Als Mitautor der Dokumentationsb\u00e4nde \u201eLeidensweg der Donauschwaben\u201c half er mit, die ver\u00fcbten Verbrechen jener Jahre im Jugoslawien nach dem Zweiten Weltkrieg zu dokumentieren. Und er war derjenige, der jahrelang die B\u00e4nde vertrieben und versendet hat. <\/p>\n\n\n\n<p><\/p>\n\n\n\n<p>&#8211;><strong> <a href=\"http:\/\/neckar-donau-wegekreuz.de\/?page_id=2489\">Die Eingliederungsbedingungen<\/a><\/strong><\/p>\n\n\n\n<p><strong><a href=\"http:\/\/neckar-donau-wegekreuz.de\/?page_id=954\">&#8211;&gt; Lesen Sie mehr zum Hausbau als Integrationsmoment! Die Donauschwaben-Siedlung in M\u00fcnchen-Trudering<\/a><\/strong><\/p>\n\n\n\n<p><a href=\"http:\/\/neckar-donau-wegekreuz.de\/?page_id=979\"><strong>&#8211;&gt;\u00a0 Zur Integration der Filipowaer in Deutschland und \u00d6sterreich<\/strong><\/a><\/p>\n","protected":false},"excerpt":{"rendered":"<p>Josef Pertschi h\u00f6rte es gerne, wenn er von seinen Freunden \u201eLippl-Sepp\u201c genannt wurde, nach dem Hausnamen des Elternhauses in Filipowa in der jugoslawischen Batschka. \u00dcber Jahre hinweg engagierte er sich bei der Vorbereitung der j\u00e4hrlichen Wallfahrt der Donauschwaben zu Christi Himmelfahrt nach Bad Niedernau. Er organisierte das Essen, die Tische und vieles mehr. Auch war &hellip;<\/p>\n<p class=\"read-more\"> <a class=\"\" href=\"http:\/\/neckar-donau-wegekreuz.de\/?page_id=823\"> <span class=\"screen-reader-text\">Er hat die Wallfahrten nach Bad Niedernau organisiert &#8211; Josef Pertschi<\/span> Read More \u00bb<\/a><\/p>\n","protected":false},"author":1,"featured_media":0,"parent":11,"menu_order":0,"comment_status":"closed","ping_status":"closed","template":"","meta":[],"yoast_head":"<!-- This site is optimized with the Yoast SEO plugin v17.1 - https:\/\/yoast.com\/wordpress\/plugins\/seo\/ -->\n<title>Er hat die Wallfahrten nach Bad Niedernau organisiert - Josef Pertschi - Neckar-Donau-Wegekreuz<\/title>\n<meta name=\"robots\" content=\"index, follow, max-snippet:-1, max-image-preview:large, max-video-preview:-1\" \/>\n<link rel=\"canonical\" href=\"https:\/\/neckar-donau-wegekreuz.de\/?page_id=823\" \/>\n<meta property=\"og:locale\" content=\"de_DE\" \/>\n<meta property=\"og:type\" content=\"article\" \/>\n<meta property=\"og:title\" content=\"Er hat die Wallfahrten nach Bad Niedernau organisiert - Josef Pertschi - Neckar-Donau-Wegekreuz\" \/>\n<meta property=\"og:description\" content=\"Josef Pertschi h\u00f6rte es gerne, wenn er von seinen Freunden \u201eLippl-Sepp\u201c genannt wurde, nach dem Hausnamen des Elternhauses in Filipowa in der jugoslawischen Batschka. \u00dcber Jahre hinweg engagierte er sich bei der Vorbereitung der j\u00e4hrlichen Wallfahrt der Donauschwaben zu Christi Himmelfahrt nach Bad Niedernau. Er organisierte das Essen, die Tische und vieles mehr. Auch war &hellip; Er hat die Wallfahrten nach Bad Niedernau organisiert &#8211; Josef Pertschi Read More \u00bb\" \/>\n<meta property=\"og:url\" content=\"https:\/\/neckar-donau-wegekreuz.de\/?page_id=823\" \/>\n<meta property=\"og:site_name\" content=\"Neckar-Donau-Wegekreuz\" \/>\n<meta property=\"article:modified_time\" content=\"2021-02-15T07:37:26+00:00\" \/>\n<meta property=\"og:image\" content=\"http:\/\/neckar-donau-wegekreuz.de\/wp-content\/uploads\/2019\/07\/Josef-Pertschi-Winnenden-Taubenstr.auss_-696x1024.jpg\" \/>\n<meta name=\"twitter:card\" content=\"summary_large_image\" \/>\n<meta name=\"twitter:label1\" content=\"Gesch\u00e4tzte Lesezeit\" \/>\n\t<meta name=\"twitter:data1\" content=\"2\u00a0Minuten\" \/>\n<script type=\"application\/ld+json\" class=\"yoast-schema-graph\">{\"@context\":\"https:\/\/schema.org\",\"@graph\":[{\"@type\":\"Organization\",\"@id\":\"https:\/\/neckar-donau-wegekreuz.de\/#organization\",\"name\":\"Neckar-Donau-Wegekreuz\",\"url\":\"https:\/\/neckar-donau-wegekreuz.de\/\",\"sameAs\":[],\"logo\":{\"@type\":\"ImageObject\",\"@id\":\"https:\/\/neckar-donau-wegekreuz.de\/#logo\",\"inLanguage\":\"de\",\"url\":\"http:\/\/neckar-donau-wegekreuz.de\/wp-content\/uploads\/2020\/05\/Logo_NeckarDonauWegeX-kl.png\",\"contentUrl\":\"http:\/\/neckar-donau-wegekreuz.de\/wp-content\/uploads\/2020\/05\/Logo_NeckarDonauWegeX-kl.png\",\"width\":2500,\"height\":2221,\"caption\":\"Neckar-Donau-Wegekreuz\"},\"image\":{\"@id\":\"https:\/\/neckar-donau-wegekreuz.de\/#logo\"}},{\"@type\":\"WebSite\",\"@id\":\"https:\/\/neckar-donau-wegekreuz.de\/#website\",\"url\":\"https:\/\/neckar-donau-wegekreuz.de\/\",\"name\":\"Neckar-Donau-Wegekreuz\",\"description\":\"Menschen, Orte, Zeiten treffen sich!\",\"publisher\":{\"@id\":\"https:\/\/neckar-donau-wegekreuz.de\/#organization\"},\"potentialAction\":[{\"@type\":\"SearchAction\",\"target\":{\"@type\":\"EntryPoint\",\"urlTemplate\":\"https:\/\/neckar-donau-wegekreuz.de\/?s={search_term_string}\"},\"query-input\":\"required name=search_term_string\"}],\"inLanguage\":\"de\"},{\"@type\":\"ImageObject\",\"@id\":\"https:\/\/neckar-donau-wegekreuz.de\/?page_id=823#primaryimage\",\"inLanguage\":\"de\",\"url\":\"http:\/\/neckar-donau-wegekreuz.de\/wp-content\/uploads\/2019\/07\/Josef-Pertschi-Winnenden-Taubenstr.auss_-696x1024.jpg\",\"contentUrl\":\"http:\/\/neckar-donau-wegekreuz.de\/wp-content\/uploads\/2019\/07\/Josef-Pertschi-Winnenden-Taubenstr.auss_-696x1024.jpg\"},{\"@type\":\"WebPage\",\"@id\":\"https:\/\/neckar-donau-wegekreuz.de\/?page_id=823#webpage\",\"url\":\"https:\/\/neckar-donau-wegekreuz.de\/?page_id=823\",\"name\":\"Er hat die Wallfahrten nach Bad Niedernau organisiert - Josef Pertschi - Neckar-Donau-Wegekreuz\",\"isPartOf\":{\"@id\":\"https:\/\/neckar-donau-wegekreuz.de\/#website\"},\"primaryImageOfPage\":{\"@id\":\"https:\/\/neckar-donau-wegekreuz.de\/?page_id=823#primaryimage\"},\"datePublished\":\"2019-07-11T15:02:34+00:00\",\"dateModified\":\"2021-02-15T07:37:26+00:00\",\"breadcrumb\":{\"@id\":\"https:\/\/neckar-donau-wegekreuz.de\/?page_id=823#breadcrumb\"},\"inLanguage\":\"de\",\"potentialAction\":[{\"@type\":\"ReadAction\",\"target\":[\"https:\/\/neckar-donau-wegekreuz.de\/?page_id=823\"]}]},{\"@type\":\"BreadcrumbList\",\"@id\":\"https:\/\/neckar-donau-wegekreuz.de\/?page_id=823#breadcrumb\",\"itemListElement\":[{\"@type\":\"ListItem\",\"position\":1,\"name\":\"Startseite\",\"item\":\"https:\/\/neckar-donau-wegekreuz.de\/\"},{\"@type\":\"ListItem\",\"position\":2,\"name\":\"Menschen, Orte, Zeiten treffen sich! \\ufeff\",\"item\":\"https:\/\/neckar-donau-wegekreuz.de\/\"},{\"@type\":\"ListItem\",\"position\":3,\"name\":\"Die Installation &#8222;Wegekreuz&#8220;\",\"item\":\"https:\/\/neckar-donau-wegekreuz.de\/?page_id=11\"},{\"@type\":\"ListItem\",\"position\":4,\"name\":\"Er hat die Wallfahrten nach Bad Niedernau organisiert &#8211; Josef Pertschi\"}]}]}<\/script>\n<!-- \/ Yoast SEO plugin. -->","yoast_head_json":{"title":"Er hat die Wallfahrten nach Bad Niedernau organisiert - Josef Pertschi - Neckar-Donau-Wegekreuz","robots":{"index":"index","follow":"follow","max-snippet":"max-snippet:-1","max-image-preview":"max-image-preview:large","max-video-preview":"max-video-preview:-1"},"canonical":"https:\/\/neckar-donau-wegekreuz.de\/?page_id=823","og_locale":"de_DE","og_type":"article","og_title":"Er hat die Wallfahrten nach Bad Niedernau organisiert - Josef Pertschi - Neckar-Donau-Wegekreuz","og_description":"Josef Pertschi h\u00f6rte es gerne, wenn er von seinen Freunden \u201eLippl-Sepp\u201c genannt wurde, nach dem Hausnamen des Elternhauses in Filipowa in der jugoslawischen Batschka. \u00dcber Jahre hinweg engagierte er sich bei der Vorbereitung der j\u00e4hrlichen Wallfahrt der Donauschwaben zu Christi Himmelfahrt nach Bad Niedernau. Er organisierte das Essen, die Tische und vieles mehr. Auch war &hellip; Er hat die Wallfahrten nach Bad Niedernau organisiert &#8211; Josef Pertschi Read More \u00bb","og_url":"https:\/\/neckar-donau-wegekreuz.de\/?page_id=823","og_site_name":"Neckar-Donau-Wegekreuz","article_modified_time":"2021-02-15T07:37:26+00:00","og_image":[{"url":"http:\/\/neckar-donau-wegekreuz.de\/wp-content\/uploads\/2019\/07\/Josef-Pertschi-Winnenden-Taubenstr.auss_-696x1024.jpg"}],"twitter_card":"summary_large_image","twitter_misc":{"Gesch\u00e4tzte Lesezeit":"2\u00a0Minuten"},"schema":{"@context":"https:\/\/schema.org","@graph":[{"@type":"Organization","@id":"https:\/\/neckar-donau-wegekreuz.de\/#organization","name":"Neckar-Donau-Wegekreuz","url":"https:\/\/neckar-donau-wegekreuz.de\/","sameAs":[],"logo":{"@type":"ImageObject","@id":"https:\/\/neckar-donau-wegekreuz.de\/#logo","inLanguage":"de","url":"http:\/\/neckar-donau-wegekreuz.de\/wp-content\/uploads\/2020\/05\/Logo_NeckarDonauWegeX-kl.png","contentUrl":"http:\/\/neckar-donau-wegekreuz.de\/wp-content\/uploads\/2020\/05\/Logo_NeckarDonauWegeX-kl.png","width":2500,"height":2221,"caption":"Neckar-Donau-Wegekreuz"},"image":{"@id":"https:\/\/neckar-donau-wegekreuz.de\/#logo"}},{"@type":"WebSite","@id":"https:\/\/neckar-donau-wegekreuz.de\/#website","url":"https:\/\/neckar-donau-wegekreuz.de\/","name":"Neckar-Donau-Wegekreuz","description":"Menschen, Orte, Zeiten treffen sich!","publisher":{"@id":"https:\/\/neckar-donau-wegekreuz.de\/#organization"},"potentialAction":[{"@type":"SearchAction","target":{"@type":"EntryPoint","urlTemplate":"https:\/\/neckar-donau-wegekreuz.de\/?s={search_term_string}"},"query-input":"required name=search_term_string"}],"inLanguage":"de"},{"@type":"ImageObject","@id":"https:\/\/neckar-donau-wegekreuz.de\/?page_id=823#primaryimage","inLanguage":"de","url":"http:\/\/neckar-donau-wegekreuz.de\/wp-content\/uploads\/2019\/07\/Josef-Pertschi-Winnenden-Taubenstr.auss_-696x1024.jpg","contentUrl":"http:\/\/neckar-donau-wegekreuz.de\/wp-content\/uploads\/2019\/07\/Josef-Pertschi-Winnenden-Taubenstr.auss_-696x1024.jpg"},{"@type":"WebPage","@id":"https:\/\/neckar-donau-wegekreuz.de\/?page_id=823#webpage","url":"https:\/\/neckar-donau-wegekreuz.de\/?page_id=823","name":"Er hat die Wallfahrten nach Bad Niedernau organisiert - Josef Pertschi - Neckar-Donau-Wegekreuz","isPartOf":{"@id":"https:\/\/neckar-donau-wegekreuz.de\/#website"},"primaryImageOfPage":{"@id":"https:\/\/neckar-donau-wegekreuz.de\/?page_id=823#primaryimage"},"datePublished":"2019-07-11T15:02:34+00:00","dateModified":"2021-02-15T07:37:26+00:00","breadcrumb":{"@id":"https:\/\/neckar-donau-wegekreuz.de\/?page_id=823#breadcrumb"},"inLanguage":"de","potentialAction":[{"@type":"ReadAction","target":["https:\/\/neckar-donau-wegekreuz.de\/?page_id=823"]}]},{"@type":"BreadcrumbList","@id":"https:\/\/neckar-donau-wegekreuz.de\/?page_id=823#breadcrumb","itemListElement":[{"@type":"ListItem","position":1,"name":"Startseite","item":"https:\/\/neckar-donau-wegekreuz.de\/"},{"@type":"ListItem","position":2,"name":"Menschen, Orte, Zeiten treffen sich! \ufeff","item":"https:\/\/neckar-donau-wegekreuz.de\/"},{"@type":"ListItem","position":3,"name":"Die Installation &#8222;Wegekreuz&#8220;","item":"https:\/\/neckar-donau-wegekreuz.de\/?page_id=11"},{"@type":"ListItem","position":4,"name":"Er hat die Wallfahrten nach Bad Niedernau organisiert &#8211; Josef Pertschi"}]}]}},"_links":{"self":[{"href":"http:\/\/neckar-donau-wegekreuz.de\/index.php?rest_route=\/wp\/v2\/pages\/823"}],"collection":[{"href":"http:\/\/neckar-donau-wegekreuz.de\/index.php?rest_route=\/wp\/v2\/pages"}],"about":[{"href":"http:\/\/neckar-donau-wegekreuz.de\/index.php?rest_route=\/wp\/v2\/types\/page"}],"author":[{"embeddable":true,"href":"http:\/\/neckar-donau-wegekreuz.de\/index.php?rest_route=\/wp\/v2\/users\/1"}],"replies":[{"embeddable":true,"href":"http:\/\/neckar-donau-wegekreuz.de\/index.php?rest_route=%2Fwp%2Fv2%2Fcomments&post=823"}],"version-history":[{"count":11,"href":"http:\/\/neckar-donau-wegekreuz.de\/index.php?rest_route=\/wp\/v2\/pages\/823\/revisions"}],"predecessor-version":[{"id":2513,"href":"http:\/\/neckar-donau-wegekreuz.de\/index.php?rest_route=\/wp\/v2\/pages\/823\/revisions\/2513"}],"up":[{"embeddable":true,"href":"http:\/\/neckar-donau-wegekreuz.de\/index.php?rest_route=\/wp\/v2\/pages\/11"}],"wp:attachment":[{"href":"http:\/\/neckar-donau-wegekreuz.de\/index.php?rest_route=%2Fwp%2Fv2%2Fmedia&parent=823"}],"curies":[{"name":"wp","href":"https:\/\/api.w.org\/{rel}","templated":true}]}}