{"id":925,"date":"2019-09-12T09:25:23","date_gmt":"2019-09-12T09:25:23","guid":{"rendered":"http:\/\/neckar-donau-wegekreuz.de\/?page_id=925"},"modified":"2020-05-20T09:16:01","modified_gmt":"2020-05-20T09:16:01","slug":"er-war-der-gute-hirte-der-filipowaer-paul-mesli","status":"publish","type":"page","link":"http:\/\/neckar-donau-wegekreuz.de\/?page_id=925","title":{"rendered":"Er war der Chronist der Donauschwaben &#8211; Paul Mesli"},"content":{"rendered":"\n<div class=\"wp-block-image\"><figure class=\"aligncenter\"><img loading=\"lazy\" width=\"772\" height=\"1024\" src=\"http:\/\/neckar-donau-wegekreuz.de\/wp-content\/uploads\/2019\/09\/5-Paul-Mesli-auss-772x1024.jpg\" alt=\"\" class=\"wp-image-926\" srcset=\"http:\/\/neckar-donau-wegekreuz.de\/wp-content\/uploads\/2019\/09\/5-Paul-Mesli-auss-772x1024.jpg 772w, http:\/\/neckar-donau-wegekreuz.de\/wp-content\/uploads\/2019\/09\/5-Paul-Mesli-auss-226x300.jpg 226w, http:\/\/neckar-donau-wegekreuz.de\/wp-content\/uploads\/2019\/09\/5-Paul-Mesli-auss-768x1019.jpg 768w, http:\/\/neckar-donau-wegekreuz.de\/wp-content\/uploads\/2019\/09\/5-Paul-Mesli-auss.jpg 998w\" sizes=\"(max-width: 772px) 100vw, 772px\" \/><figcaption>Paul Mesli (1907-1995) Foto: Archiv Freundeskreis Filipowa<\/figcaption><\/figure><\/div>\n\n\n\n<p>Paul Mesli f\u00fchrte seine getrennten und zerstreuten Landsleute nach der Vertreibung wieder  zusammen und erwies sich als M\u00ad\u00ado\u00adtor, Herz und Seele der verlo\u00adren gegangenen Ortsgemeinschaft Filipowa. Als ehemaliger Fris\u00f6r kannte er fast jede Familie der alten Heimat. Nach der Vertreibung war er zun\u00e4chst in der Landwirtschaft t\u00e4tig. Ab 1952 war er in Wien als G\u00e4rtner und \u00adPortier bei der Erzherzogin Elisabeth Marie von Habsburg, der \u00adeinzigen Tochter des durch Selbstmord verstorbenen Thronfolgers Rudolf von Habsburg, angestellt.<\/p>\n\n\n\n<p>Daneben widmete er sich in herausragender und \u00adnachhaltiger Weise der Heimatforschung. Unter den Armen Schulschwestern in Bad Niedernau fand er daf\u00fcr zahlreiche Zeitzeuginnen, zumal eine Reihe von ihnen aus Filipowa stammte.<\/p>\n\n\n\n<p><\/p>\n\n\n\n<figure class=\"wp-block-image\"><img loading=\"lazy\" width=\"1024\" height=\"597\" src=\"http:\/\/neckar-donau-wegekreuz.de\/wp-content\/uploads\/2019\/09\/1-v.l.-Johann-Wolfgang-Anna-Raimund-Paul-Mesli-und-Botschafter-Noebel.-1-auss-1024x597.jpg\" alt=\"\" class=\"wp-image-928\" srcset=\"http:\/\/neckar-donau-wegekreuz.de\/wp-content\/uploads\/2019\/09\/1-v.l.-Johann-Wolfgang-Anna-Raimund-Paul-Mesli-und-Botschafter-Noebel.-1-auss-1024x597.jpg 1024w, http:\/\/neckar-donau-wegekreuz.de\/wp-content\/uploads\/2019\/09\/1-v.l.-Johann-Wolfgang-Anna-Raimund-Paul-Mesli-und-Botschafter-Noebel.-1-auss-300x175.jpg 300w, http:\/\/neckar-donau-wegekreuz.de\/wp-content\/uploads\/2019\/09\/1-v.l.-Johann-Wolfgang-Anna-Raimund-Paul-Mesli-und-Botschafter-Noebel.-1-auss-768x448.jpg 768w, http:\/\/neckar-donau-wegekreuz.de\/wp-content\/uploads\/2019\/09\/1-v.l.-Johann-Wolfgang-Anna-Raimund-Paul-Mesli-und-Botschafter-Noebel.-1-auss-1536x895.jpg 1536w, http:\/\/neckar-donau-wegekreuz.de\/wp-content\/uploads\/2019\/09\/1-v.l.-Johann-Wolfgang-Anna-Raimund-Paul-Mesli-und-Botschafter-Noebel.-1-auss-2048x1194.jpg 2048w\" sizes=\"(max-width: 1024px) 100vw, 1024px\" \/><figcaption>Paul Mesli (2.v.r.), seine Familie und Botschafter Noebel. Foto: Archiv Freundeskreis Fililipowa<\/figcaption><\/figure>\n\n\n\n<p>1947 begann er mit der Erfassung der Filipowaer in aller Welt. Er erstellte eine Statistik der 225 Kriegs- und 1175 Lageropfer und arbeitet viele Jahre mit dem Suchdienst des Roten Kreuzes zusammen. Es entstand eine Bilddokumentation \u00fcber alle Opfer genauso wie eine Familienchronik, die 1121 Familien von der Ansiedlung im Jahr 1763 bis zur Vertreibung registrierte (rund 30.000 Personen \u00fcber sechs Generationen). Er baute eine Fotosammlung mit 3800 Negativen \u00fcber die alte Heimat auf, sammelte die Anschriften der Filipowaer in aller Welt. 1961 begann er zusammen mit Pater Wendelin Gruber mit der Herausgabe der \u201eFilipowaer Heimatbriefe\u201c \u2013 inzwischen sind 78 Ausgaben erschienen, wurde Mitherausgeber der Filipowaer Bildb\u00e4nde 1-5. <\/p>\n\n\n\n<div class=\"wp-block-image\"><figure class=\"aligncenter\"><img loading=\"lazy\" width=\"714\" height=\"1024\" src=\"http:\/\/neckar-donau-wegekreuz.de\/wp-content\/uploads\/2019\/09\/Heimatbrief-1972--714x1024.jpg\" alt=\"\" class=\"wp-image-927\" srcset=\"http:\/\/neckar-donau-wegekreuz.de\/wp-content\/uploads\/2019\/09\/Heimatbrief-1972--714x1024.jpg 714w, http:\/\/neckar-donau-wegekreuz.de\/wp-content\/uploads\/2019\/09\/Heimatbrief-1972--209x300.jpg 209w, http:\/\/neckar-donau-wegekreuz.de\/wp-content\/uploads\/2019\/09\/Heimatbrief-1972--768x1101.jpg 768w, http:\/\/neckar-donau-wegekreuz.de\/wp-content\/uploads\/2019\/09\/Heimatbrief-1972--1428x2048.jpg 1428w, http:\/\/neckar-donau-wegekreuz.de\/wp-content\/uploads\/2019\/09\/Heimatbrief-1972--scaled.jpg 1785w\" sizes=\"(max-width: 714px) 100vw, 714px\" \/><\/figure><\/div>\n\n\n\n<p>Sein Wirken wurde vielf\u00e4ltig ausgezeichnet, u. a. mit dem \u201eSilbernen Verdienstzeichen um die Verdienste f\u00fcr die Republik \u00d6sterreich\u201c. Und mit dem \u201eVerdienstkreuz Erster Klasse des Verdienstordens der Bundesrepublik Deutschland\u201c<\/p>\n\n\n\n<figure class=\"wp-block-image\"><img loading=\"lazy\" width=\"1024\" height=\"708\" src=\"http:\/\/neckar-donau-wegekreuz.de\/wp-content\/uploads\/2019\/09\/3-Paul-Mesli-erh\u00e4lt-das-Verdienstkreuz-der-BRD-vom-Drutschen-Botschafter-Dr.-Noebel-in-Wien-auss-1024x708.jpg\" alt=\"\" class=\"wp-image-930\" srcset=\"http:\/\/neckar-donau-wegekreuz.de\/wp-content\/uploads\/2019\/09\/3-Paul-Mesli-erh\u00e4lt-das-Verdienstkreuz-der-BRD-vom-Drutschen-Botschafter-Dr.-Noebel-in-Wien-auss-1024x708.jpg 1024w, http:\/\/neckar-donau-wegekreuz.de\/wp-content\/uploads\/2019\/09\/3-Paul-Mesli-erh\u00e4lt-das-Verdienstkreuz-der-BRD-vom-Drutschen-Botschafter-Dr.-Noebel-in-Wien-auss-300x208.jpg 300w, http:\/\/neckar-donau-wegekreuz.de\/wp-content\/uploads\/2019\/09\/3-Paul-Mesli-erh\u00e4lt-das-Verdienstkreuz-der-BRD-vom-Drutschen-Botschafter-Dr.-Noebel-in-Wien-auss-768x531.jpg 768w, http:\/\/neckar-donau-wegekreuz.de\/wp-content\/uploads\/2019\/09\/3-Paul-Mesli-erh\u00e4lt-das-Verdienstkreuz-der-BRD-vom-Drutschen-Botschafter-Dr.-Noebel-in-Wien-auss-1536x1063.jpg 1536w, http:\/\/neckar-donau-wegekreuz.de\/wp-content\/uploads\/2019\/09\/3-Paul-Mesli-erh\u00e4lt-das-Verdienstkreuz-der-BRD-vom-Drutschen-Botschafter-Dr.-Noebel-in-Wien-auss-2048x1417.jpg 2048w\" sizes=\"(max-width: 1024px) 100vw, 1024px\" \/><figcaption>Verleihung des Bundesverdienstkreuzes 1. Klasse im Jahr 1983. Foto: Archiv Freundeskreis Filipowa<\/figcaption><\/figure>\n\n\n\n<figure class=\"wp-block-image\"><img loading=\"lazy\" width=\"1024\" height=\"754\" src=\"http:\/\/neckar-donau-wegekreuz.de\/wp-content\/uploads\/2019\/09\/2-Ordensverleihung-Verdienstkreuz-1.-Klasse-am-12.-Juli-1983-2-auss-1024x754.jpg\" alt=\"\" class=\"wp-image-931\" srcset=\"http:\/\/neckar-donau-wegekreuz.de\/wp-content\/uploads\/2019\/09\/2-Ordensverleihung-Verdienstkreuz-1.-Klasse-am-12.-Juli-1983-2-auss-1024x754.jpg 1024w, http:\/\/neckar-donau-wegekreuz.de\/wp-content\/uploads\/2019\/09\/2-Ordensverleihung-Verdienstkreuz-1.-Klasse-am-12.-Juli-1983-2-auss-300x221.jpg 300w, http:\/\/neckar-donau-wegekreuz.de\/wp-content\/uploads\/2019\/09\/2-Ordensverleihung-Verdienstkreuz-1.-Klasse-am-12.-Juli-1983-2-auss-768x566.jpg 768w, http:\/\/neckar-donau-wegekreuz.de\/wp-content\/uploads\/2019\/09\/2-Ordensverleihung-Verdienstkreuz-1.-Klasse-am-12.-Juli-1983-2-auss-1536x1131.jpg 1536w, http:\/\/neckar-donau-wegekreuz.de\/wp-content\/uploads\/2019\/09\/2-Ordensverleihung-Verdienstkreuz-1.-Klasse-am-12.-Juli-1983-2-auss-2048x1509.jpg 2048w\" sizes=\"(max-width: 1024px) 100vw, 1024px\" \/><figcaption> Verleihung des Bundesverdienstkreuzes 1. Klasse im Jahr 1983. Foto: Archiv Freundeskreis Filipowa <\/figcaption><\/figure>\n\n\n\n<p>Paul Mesli, nach der Vertreibung in Wien sesshaft geworden, war der wohl beste Kenner der Bewohnerschaft und des Brauchtums Filipowas sowie seiner die Zwischenkriegszeit betreffenden Geschichte. Er war 1965 ma\u00dfgebend an der Gr\u00fcndung des &#8222;Vereins der Filipowaer Ortsgemeinschaft in \u00d6sterreich&#8220; beteiligt, \u00fcbernahm 1966 die Herausgabe der Filipowaer Heimatbriefe und gewann Franz Schreiber (1929-2000) und Dr. Georg Wildmann (*1929) als Mitredakteure der Heimatbriefe.<\/p>\n\n\n\n<p>An seinen siebzigsten Geburtstag, 1977, verk\u00fcndete er anl\u00e4\u00dflich einer der altheimatlichen Kirche gewidmeten Kirchweihfeier in Wien sein Vorhaben, mit Hilfe des Heimatbrief-Teams einen &#8222;Filipowaer Bildband&#8220; herauszugeben und der Ortsgemeinschaft als Erinnerungsbuch zum Kauf anzubieten. Das Bildmaterial des Bandes sollte die Reproduktion alter, aus der Heimat geretteter Photographien beinhalten, seine Texte sollten die Geschichte, Wirtschaft und Religion umrei\u00dfen. Die Herausgabe bedeutete ein unternehmerisches Risiko. Man konnte nicht absch\u00e4tzen, wie so ein Bildband aussehen sollte und ob er \u00fcberhaupt Anklang finden und gekauft w\u00fcrde. Ortsmonographische Bildb\u00e4nde mit Texten gab es zu dieser Zeit im donauschw\u00e4bischen Kulturfeld noch nicht.<\/p>\n\n\n\n<div class=\"wp-block-image\"><figure class=\"aligncenter\"><img loading=\"lazy\" width=\"720\" height=\"1024\" src=\"http:\/\/neckar-donau-wegekreuz.de\/wp-content\/uploads\/2019\/09\/Bildband-720x1024.jpg\" alt=\"\" class=\"wp-image-937\" srcset=\"http:\/\/neckar-donau-wegekreuz.de\/wp-content\/uploads\/2019\/09\/Bildband-720x1024.jpg 720w, http:\/\/neckar-donau-wegekreuz.de\/wp-content\/uploads\/2019\/09\/Bildband-211x300.jpg 211w, http:\/\/neckar-donau-wegekreuz.de\/wp-content\/uploads\/2019\/09\/Bildband-768x1092.jpg 768w, http:\/\/neckar-donau-wegekreuz.de\/wp-content\/uploads\/2019\/09\/Bildband-1080x1536.jpg 1080w, http:\/\/neckar-donau-wegekreuz.de\/wp-content\/uploads\/2019\/09\/Bildband.jpg 1387w\" sizes=\"(max-width: 720px) 100vw, 720px\" \/><\/figure><\/div>\n\n\n\n<p>Doch sollte der Bildband nur das Pilotprojekt darstellen, das den Weg \u00f6ffnete f\u00fcr das eigentlich angestrebte Ziel: das &#8222;Totenbuch der Filipowaer&#8220;, wie Mesli es nannte. In ihm sollten alle durch Krieg und Vertreibung zu Tode gekommenen 1413 Filipowaer mit Namen, Geburts- und Sterbedaten und m\u00f6glichst auch mit ihren Portr\u00e4t-Photographien verewigt sein. &#8222;Wir k\u00f6nnen ihnen keine Grabsteine setzen&#8220;, meinte Mesli, &#8222;daf\u00fcr wollen wir ihnen ein Buch widmen, um ihnen unsere Piet\u00e4t zu erweisen&#8220;. In seiner Festrede beim Gro\u00dftreffen in Leutenbach 1987 sagte Georg Wildmann: &#8222;Letztlich verdanken wir die Bildb\u00e4nde unseren Toten. Das Ziel der Bildb\u00e4nde ist Totenbuch. Unseren stummen Toten, um die sich die Weltgeschichte so wenig k\u00fcmmert, m\u00fcssen wir ein Denkmal setzen. Wenn wir den Opfergang unserer Toten vergessen, dann triumphieren ihre M\u00f6rder&#8220;.<\/p>\n\n\n\n<p>Der erste Band erscheint 1978. F\u00fcr Wildmann und Schreiber pr\u00e4sentiert sich in ihm exemplarisch die vorindustrielle pannonische Agrarkultur. Beide empfinden die Schaffung einer Bildband-Reihe, die Lebenswelt Filipowas dem Vergessen entrei\u00dfen soll, als Teil ihrer Lebensaufgabe. Es entstehen bis 1999 acht B\u00e4nde, die als Erstaufarbeitung des Quellenmaterials der weiteren wissenschaftlichen Bearbeitung dienen k\u00f6nnen.<\/p>\n\n\n\n<p> H\u00f6hepunkt seines Schaffens:<br> Mit dem Gro\u00dffest \u201e20 Jahre neue Heimat\u201c er\u00f6ffnet der Verein in Wien, unter der Leitung von Paul Mesli,  zu Pfingsten 1967 die \u00c4ra der nach einem Programm durchstilisierten Gro\u00dffeste der OG Filipowa. Am Pfingstsamstag beginnt das Fest mit der Totenfeier. Das wird von nun fast stets so sein. Msgr. Mathias Johler h\u00e4lt die Totenrede. Es folgt die Er\u00f6ffnung der Heimatausstellung. Gerettete Kleinobjekte und 500 gro\u00dfformatige Fotos rufen das verlorene Heimatdorf und seine Menschen in Erinnerung. Trachtenpuppen machen die Filipowaer Trachten anschaulich. Paul Mesli stellt auf Schaubildern die Ergebnisse seiner zwanzigj\u00e4hrigen statistischen Nachforschungen vor. Der Impuls f\u00fcr eine neue Identit\u00e4tsfindung ist ausgel\u00f6st. Beim festlichen Amt am Pfingstsonntag konzelebrieren acht Priester aus Filipowa. Die Festrede vor rund 1000 Teilnehmern h\u00e4lt Dr. Valentin Eichinger, praktischer Arzt in Graz. \u201eWir kamen verbittert, misstrauisch, entt\u00e4uscht, aber wir f\u00fchlten keinen Hass . Wir sind keine St\u00f6renfriede..!\u201c.<br><\/p>\n\n\n\n<p>Philipp Teppert (ehem. Mitglied im Kulturbund) setzte mit seinem Vergebungsappell das Richtma\u00df der Filipowaer \u201eEinigungspolitik\u201c: \u201eIch danke dem Herrgott, dass er mir verziehen hat und bitte, dass die, die noch nicht vergeben haben, vergeben m\u00f6gen.\u201c<br><\/p>\n\n\n\n<p>Dieses Fest war in mehrfacher Hinsicht bedeutsam. Es st\u00e4rkte das Selbstbewusstsein der ungew\u00f6hnlich weitzerstreut lebenden Filipowaer.<br>Es gab einen entscheidenden Ansto\u00df, sich der eigenen Identit\u00e4t als Donauschwaben und Filipowaer neu bewusst zu werden, etwa in dem Sinne: Wir sind \u00d6sterreicher, Deutsche, Amerikaner usw. mit einem Filipowaer Einschlag.<br><\/p>\n\n\n\n<p>Die Festdevise des 2. Gro\u00dftreffens lautete \u201e25 Jahre neue Heimat\u201c. Am 12. August 1972 reisten aus neun L\u00e4ndern rund 1400 Personen an, wohl die H\u00e4lfte der damals lebenden geb\u00fcrtigen Filipowaer. Es vereinigte die gr\u00f6\u00dfte Zahl der Filipowaer in der Nachkriegszeit. Das Fest kulminierte in der Trachtenhochzeit, die mit dem Festamt verbunden ist. 28 Trachtenpaare, davon 22 in Filipowaer Tracht, begleiteten das Brautpaar. Acht Priester aus Filipowa konzelebrierten &#8211; ein allerletztes Mal in dieser Anzahl, wie es sich sp\u00e4ter erweisen sollte.<\/p>\n\n\n\n<p><a href=\"http:\/\/neckar-donau-wegekreuz.de\/?page_id=15\">&#8211;&gt; Filipowa &#8211; Geschichte des Ortes<\/a><\/p>\n\n\n\n<p> <a href=\"http:\/\/neckar-donau-wegekreuz.de\/?page_id=954\">&#8211;&gt; Integration nach dem Zweiten Weltkrieg <\/a><\/p>\n\n\n","protected":false},"excerpt":{"rendered":"<p>Paul Mesli f\u00fchrte seine getrennten und zerstreuten Landsleute nach der Vertreibung wieder zusammen und erwies sich als M\u00ad\u00ado\u00adtor, Herz und Seele der verlo\u00adren gegangenen Ortsgemeinschaft Filipowa. Als ehemaliger Fris\u00f6r kannte er fast jede Familie der alten Heimat. Nach der Vertreibung war er zun\u00e4chst in der Landwirtschaft t\u00e4tig. Ab 1952 war er in Wien als G\u00e4rtner &hellip;<\/p>\n<p class=\"read-more\"> <a class=\"\" href=\"http:\/\/neckar-donau-wegekreuz.de\/?page_id=925\"> <span class=\"screen-reader-text\">Er war der Chronist der Donauschwaben &#8211; Paul Mesli<\/span> Read More \u00bb<\/a><\/p>\n","protected":false},"author":1,"featured_media":0,"parent":11,"menu_order":0,"comment_status":"closed","ping_status":"closed","template":"","meta":[],"yoast_head":"<!-- This site is optimized with the Yoast SEO plugin v17.1 - https:\/\/yoast.com\/wordpress\/plugins\/seo\/ -->\n<title>Er war der Chronist der Donauschwaben - Paul Mesli - Neckar-Donau-Wegekreuz<\/title>\n<meta name=\"robots\" content=\"index, follow, max-snippet:-1, max-image-preview:large, max-video-preview:-1\" \/>\n<link rel=\"canonical\" href=\"http:\/\/neckar-donau-wegekreuz.de\/?page_id=925\" \/>\n<meta property=\"og:locale\" content=\"de_DE\" \/>\n<meta property=\"og:type\" content=\"article\" \/>\n<meta property=\"og:title\" content=\"Er war der Chronist der Donauschwaben - Paul Mesli - Neckar-Donau-Wegekreuz\" \/>\n<meta property=\"og:description\" content=\"Paul Mesli f\u00fchrte seine getrennten und zerstreuten Landsleute nach der Vertreibung wieder zusammen und erwies sich als M\u00ad\u00ado\u00adtor, Herz und Seele der verlo\u00adren gegangenen Ortsgemeinschaft Filipowa. Als ehemaliger Fris\u00f6r kannte er fast jede Familie der alten Heimat. Nach der Vertreibung war er zun\u00e4chst in der Landwirtschaft t\u00e4tig. Ab 1952 war er in Wien als G\u00e4rtner &hellip; Er war der Chronist der Donauschwaben &#8211; Paul Mesli Read More \u00bb\" \/>\n<meta property=\"og:url\" content=\"http:\/\/neckar-donau-wegekreuz.de\/?page_id=925\" \/>\n<meta property=\"og:site_name\" content=\"Neckar-Donau-Wegekreuz\" \/>\n<meta property=\"article:modified_time\" content=\"2020-05-20T09:16:01+00:00\" \/>\n<meta property=\"og:image\" content=\"http:\/\/neckar-donau-wegekreuz.de\/wp-content\/uploads\/2019\/09\/5-Paul-Mesli-auss-772x1024.jpg\" \/>\n<meta name=\"twitter:card\" content=\"summary_large_image\" \/>\n<meta name=\"twitter:label1\" content=\"Gesch\u00e4tzte Lesezeit\" \/>\n\t<meta name=\"twitter:data1\" content=\"5\u00a0Minuten\" \/>\n<script type=\"application\/ld+json\" class=\"yoast-schema-graph\">{\"@context\":\"https:\/\/schema.org\",\"@graph\":[{\"@type\":\"Organization\",\"@id\":\"https:\/\/neckar-donau-wegekreuz.de\/#organization\",\"name\":\"Neckar-Donau-Wegekreuz\",\"url\":\"https:\/\/neckar-donau-wegekreuz.de\/\",\"sameAs\":[],\"logo\":{\"@type\":\"ImageObject\",\"@id\":\"https:\/\/neckar-donau-wegekreuz.de\/#logo\",\"inLanguage\":\"de\",\"url\":\"http:\/\/neckar-donau-wegekreuz.de\/wp-content\/uploads\/2020\/05\/Logo_NeckarDonauWegeX-kl.png\",\"contentUrl\":\"http:\/\/neckar-donau-wegekreuz.de\/wp-content\/uploads\/2020\/05\/Logo_NeckarDonauWegeX-kl.png\",\"width\":2500,\"height\":2221,\"caption\":\"Neckar-Donau-Wegekreuz\"},\"image\":{\"@id\":\"https:\/\/neckar-donau-wegekreuz.de\/#logo\"}},{\"@type\":\"WebSite\",\"@id\":\"https:\/\/neckar-donau-wegekreuz.de\/#website\",\"url\":\"https:\/\/neckar-donau-wegekreuz.de\/\",\"name\":\"Neckar-Donau-Wegekreuz\",\"description\":\"Menschen, Orte, Zeiten treffen sich!\",\"publisher\":{\"@id\":\"https:\/\/neckar-donau-wegekreuz.de\/#organization\"},\"potentialAction\":[{\"@type\":\"SearchAction\",\"target\":{\"@type\":\"EntryPoint\",\"urlTemplate\":\"https:\/\/neckar-donau-wegekreuz.de\/?s={search_term_string}\"},\"query-input\":\"required name=search_term_string\"}],\"inLanguage\":\"de\"},{\"@type\":\"ImageObject\",\"@id\":\"http:\/\/neckar-donau-wegekreuz.de\/?page_id=925#primaryimage\",\"inLanguage\":\"de\",\"url\":\"http:\/\/neckar-donau-wegekreuz.de\/wp-content\/uploads\/2019\/09\/5-Paul-Mesli-auss.jpg\",\"contentUrl\":\"http:\/\/neckar-donau-wegekreuz.de\/wp-content\/uploads\/2019\/09\/5-Paul-Mesli-auss.jpg\",\"width\":998,\"height\":1324},{\"@type\":\"WebPage\",\"@id\":\"http:\/\/neckar-donau-wegekreuz.de\/?page_id=925#webpage\",\"url\":\"http:\/\/neckar-donau-wegekreuz.de\/?page_id=925\",\"name\":\"Er war der Chronist der Donauschwaben - Paul Mesli - Neckar-Donau-Wegekreuz\",\"isPartOf\":{\"@id\":\"https:\/\/neckar-donau-wegekreuz.de\/#website\"},\"primaryImageOfPage\":{\"@id\":\"http:\/\/neckar-donau-wegekreuz.de\/?page_id=925#primaryimage\"},\"datePublished\":\"2019-09-12T09:25:23+00:00\",\"dateModified\":\"2020-05-20T09:16:01+00:00\",\"breadcrumb\":{\"@id\":\"http:\/\/neckar-donau-wegekreuz.de\/?page_id=925#breadcrumb\"},\"inLanguage\":\"de\",\"potentialAction\":[{\"@type\":\"ReadAction\",\"target\":[\"http:\/\/neckar-donau-wegekreuz.de\/?page_id=925\"]}]},{\"@type\":\"BreadcrumbList\",\"@id\":\"http:\/\/neckar-donau-wegekreuz.de\/?page_id=925#breadcrumb\",\"itemListElement\":[{\"@type\":\"ListItem\",\"position\":1,\"name\":\"Startseite\",\"item\":\"https:\/\/neckar-donau-wegekreuz.de\/\"},{\"@type\":\"ListItem\",\"position\":2,\"name\":\"Menschen, Orte, Zeiten treffen sich! \\ufeff\",\"item\":\"https:\/\/neckar-donau-wegekreuz.de\/\"},{\"@type\":\"ListItem\",\"position\":3,\"name\":\"Die Installation &#8222;Wegekreuz&#8220;\",\"item\":\"https:\/\/neckar-donau-wegekreuz.de\/?page_id=11\"},{\"@type\":\"ListItem\",\"position\":4,\"name\":\"Er war der Chronist der Donauschwaben &#8211; Paul Mesli\"}]}]}<\/script>\n<!-- \/ Yoast SEO plugin. -->","yoast_head_json":{"title":"Er war der Chronist der Donauschwaben - Paul Mesli - Neckar-Donau-Wegekreuz","robots":{"index":"index","follow":"follow","max-snippet":"max-snippet:-1","max-image-preview":"max-image-preview:large","max-video-preview":"max-video-preview:-1"},"canonical":"http:\/\/neckar-donau-wegekreuz.de\/?page_id=925","og_locale":"de_DE","og_type":"article","og_title":"Er war der Chronist der Donauschwaben - Paul Mesli - Neckar-Donau-Wegekreuz","og_description":"Paul Mesli f\u00fchrte seine getrennten und zerstreuten Landsleute nach der Vertreibung wieder zusammen und erwies sich als M\u00ad\u00ado\u00adtor, Herz und Seele der verlo\u00adren gegangenen Ortsgemeinschaft Filipowa. Als ehemaliger Fris\u00f6r kannte er fast jede Familie der alten Heimat. Nach der Vertreibung war er zun\u00e4chst in der Landwirtschaft t\u00e4tig. Ab 1952 war er in Wien als G\u00e4rtner &hellip; Er war der Chronist der Donauschwaben &#8211; Paul Mesli Read More \u00bb","og_url":"http:\/\/neckar-donau-wegekreuz.de\/?page_id=925","og_site_name":"Neckar-Donau-Wegekreuz","article_modified_time":"2020-05-20T09:16:01+00:00","og_image":[{"url":"http:\/\/neckar-donau-wegekreuz.de\/wp-content\/uploads\/2019\/09\/5-Paul-Mesli-auss-772x1024.jpg"}],"twitter_card":"summary_large_image","twitter_misc":{"Gesch\u00e4tzte Lesezeit":"5\u00a0Minuten"},"schema":{"@context":"https:\/\/schema.org","@graph":[{"@type":"Organization","@id":"https:\/\/neckar-donau-wegekreuz.de\/#organization","name":"Neckar-Donau-Wegekreuz","url":"https:\/\/neckar-donau-wegekreuz.de\/","sameAs":[],"logo":{"@type":"ImageObject","@id":"https:\/\/neckar-donau-wegekreuz.de\/#logo","inLanguage":"de","url":"http:\/\/neckar-donau-wegekreuz.de\/wp-content\/uploads\/2020\/05\/Logo_NeckarDonauWegeX-kl.png","contentUrl":"http:\/\/neckar-donau-wegekreuz.de\/wp-content\/uploads\/2020\/05\/Logo_NeckarDonauWegeX-kl.png","width":2500,"height":2221,"caption":"Neckar-Donau-Wegekreuz"},"image":{"@id":"https:\/\/neckar-donau-wegekreuz.de\/#logo"}},{"@type":"WebSite","@id":"https:\/\/neckar-donau-wegekreuz.de\/#website","url":"https:\/\/neckar-donau-wegekreuz.de\/","name":"Neckar-Donau-Wegekreuz","description":"Menschen, Orte, Zeiten treffen sich!","publisher":{"@id":"https:\/\/neckar-donau-wegekreuz.de\/#organization"},"potentialAction":[{"@type":"SearchAction","target":{"@type":"EntryPoint","urlTemplate":"https:\/\/neckar-donau-wegekreuz.de\/?s={search_term_string}"},"query-input":"required name=search_term_string"}],"inLanguage":"de"},{"@type":"ImageObject","@id":"http:\/\/neckar-donau-wegekreuz.de\/?page_id=925#primaryimage","inLanguage":"de","url":"http:\/\/neckar-donau-wegekreuz.de\/wp-content\/uploads\/2019\/09\/5-Paul-Mesli-auss.jpg","contentUrl":"http:\/\/neckar-donau-wegekreuz.de\/wp-content\/uploads\/2019\/09\/5-Paul-Mesli-auss.jpg","width":998,"height":1324},{"@type":"WebPage","@id":"http:\/\/neckar-donau-wegekreuz.de\/?page_id=925#webpage","url":"http:\/\/neckar-donau-wegekreuz.de\/?page_id=925","name":"Er war der Chronist der Donauschwaben - Paul Mesli - Neckar-Donau-Wegekreuz","isPartOf":{"@id":"https:\/\/neckar-donau-wegekreuz.de\/#website"},"primaryImageOfPage":{"@id":"http:\/\/neckar-donau-wegekreuz.de\/?page_id=925#primaryimage"},"datePublished":"2019-09-12T09:25:23+00:00","dateModified":"2020-05-20T09:16:01+00:00","breadcrumb":{"@id":"http:\/\/neckar-donau-wegekreuz.de\/?page_id=925#breadcrumb"},"inLanguage":"de","potentialAction":[{"@type":"ReadAction","target":["http:\/\/neckar-donau-wegekreuz.de\/?page_id=925"]}]},{"@type":"BreadcrumbList","@id":"http:\/\/neckar-donau-wegekreuz.de\/?page_id=925#breadcrumb","itemListElement":[{"@type":"ListItem","position":1,"name":"Startseite","item":"https:\/\/neckar-donau-wegekreuz.de\/"},{"@type":"ListItem","position":2,"name":"Menschen, Orte, Zeiten treffen sich! \ufeff","item":"https:\/\/neckar-donau-wegekreuz.de\/"},{"@type":"ListItem","position":3,"name":"Die Installation &#8222;Wegekreuz&#8220;","item":"https:\/\/neckar-donau-wegekreuz.de\/?page_id=11"},{"@type":"ListItem","position":4,"name":"Er war der Chronist der Donauschwaben &#8211; Paul Mesli"}]}]}},"_links":{"self":[{"href":"http:\/\/neckar-donau-wegekreuz.de\/index.php?rest_route=\/wp\/v2\/pages\/925"}],"collection":[{"href":"http:\/\/neckar-donau-wegekreuz.de\/index.php?rest_route=\/wp\/v2\/pages"}],"about":[{"href":"http:\/\/neckar-donau-wegekreuz.de\/index.php?rest_route=\/wp\/v2\/types\/page"}],"author":[{"embeddable":true,"href":"http:\/\/neckar-donau-wegekreuz.de\/index.php?rest_route=\/wp\/v2\/users\/1"}],"replies":[{"embeddable":true,"href":"http:\/\/neckar-donau-wegekreuz.de\/index.php?rest_route=%2Fwp%2Fv2%2Fcomments&post=925"}],"version-history":[{"count":8,"href":"http:\/\/neckar-donau-wegekreuz.de\/index.php?rest_route=\/wp\/v2\/pages\/925\/revisions"}],"predecessor-version":[{"id":1802,"href":"http:\/\/neckar-donau-wegekreuz.de\/index.php?rest_route=\/wp\/v2\/pages\/925\/revisions\/1802"}],"up":[{"embeddable":true,"href":"http:\/\/neckar-donau-wegekreuz.de\/index.php?rest_route=\/wp\/v2\/pages\/11"}],"wp:attachment":[{"href":"http:\/\/neckar-donau-wegekreuz.de\/index.php?rest_route=%2Fwp%2Fv2%2Fmedia&parent=925"}],"curies":[{"name":"wp","href":"https:\/\/api.w.org\/{rel}","templated":true}]}}