{"id":99,"date":"2019-01-27T18:34:17","date_gmt":"2019-01-27T18:34:17","guid":{"rendered":"http:\/\/neckar-donau-wegekreuz.de\/?page_id=99"},"modified":"2020-11-06T10:46:54","modified_gmt":"2020-11-06T10:46:54","slug":"die-armen-schulschwestern-und-ihr-bad","status":"publish","type":"page","link":"http:\/\/neckar-donau-wegekreuz.de\/?page_id=99","title":{"rendered":"Die Armen Schulschwestern und ihr Bad"},"content":{"rendered":"\n<p>Die Kongregation der Armen Schulschwestern Unserer Lieben Frau hat eine lange und interessante Geschichte. Die Bad Niedernauer Schwestern stammen aus deutschen Orten in der heutigen Provinz Vojvodina in Jugoslawien und hatten ihr Mutterhaus bis 1918 in Kalocsa (S\u00fcdungarn). Eines ihrer zahlreichen Kl\u00f6ster mit Klosterschulen war 1905 in Filipowa gegr\u00fcndet worden, dem Ort, dessen vertriebene Bewohner  noch heute eng mit Bad Niedernau verbunden sind.<\/p>\n\n\n\n<figure class=\"wp-block-image\"><img loading=\"lazy\" width=\"1024\" height=\"521\" src=\"http:\/\/neckar-donau-wegekreuz.de\/wp-content\/uploads\/2019\/01\/Filipowa-Schule-1024x521.jpg\" alt=\"\" class=\"wp-image-33\" srcset=\"http:\/\/neckar-donau-wegekreuz.de\/wp-content\/uploads\/2019\/01\/Filipowa-Schule-1024x521.jpg 1024w, http:\/\/neckar-donau-wegekreuz.de\/wp-content\/uploads\/2019\/01\/Filipowa-Schule-300x153.jpg 300w, http:\/\/neckar-donau-wegekreuz.de\/wp-content\/uploads\/2019\/01\/Filipowa-Schule-768x391.jpg 768w, http:\/\/neckar-donau-wegekreuz.de\/wp-content\/uploads\/2019\/01\/Filipowa-Schule-1536x782.jpg 1536w, http:\/\/neckar-donau-wegekreuz.de\/wp-content\/uploads\/2019\/01\/Filipowa-Schule-2048x1043.jpg 2048w\" sizes=\"(max-width: 1024px) 100vw, 1024px\" \/><figcaption>Kloster und Klosterschule in Filipowa (Batschka, ehem. Jugoslawien, heute  <br>Ba\u010dki Gra\u010dac, Serbien). In dem Geb\u00e4ude ist heute noch eine Schule. <em>Foto: Lang 2018<\/em><\/figcaption><\/figure>\n\n\n\n<figure class=\"wp-block-image\"><img loading=\"lazy\" width=\"1024\" height=\"649\" src=\"http:\/\/neckar-donau-wegekreuz.de\/wp-content\/uploads\/2019\/03\/Filipowa-Klostergeb\u00e4ude0001-1024x649.jpg\" alt=\"\" class=\"wp-image-318\" srcset=\"http:\/\/neckar-donau-wegekreuz.de\/wp-content\/uploads\/2019\/03\/Filipowa-Klostergeb\u00e4ude0001-1024x649.jpg 1024w, http:\/\/neckar-donau-wegekreuz.de\/wp-content\/uploads\/2019\/03\/Filipowa-Klostergeb\u00e4ude0001-300x190.jpg 300w, http:\/\/neckar-donau-wegekreuz.de\/wp-content\/uploads\/2019\/03\/Filipowa-Klostergeb\u00e4ude0001-768x486.jpg 768w, http:\/\/neckar-donau-wegekreuz.de\/wp-content\/uploads\/2019\/03\/Filipowa-Klostergeb\u00e4ude0001-1536x973.jpg 1536w, http:\/\/neckar-donau-wegekreuz.de\/wp-content\/uploads\/2019\/03\/Filipowa-Klostergeb\u00e4ude0001.jpg 1560w\" sizes=\"(max-width: 1024px) 100vw, 1024px\" \/><figcaption><a href=\"http:\/\/neckar-donau-wegekreuz.de\/?page_id=467\">7<\/a>Postkarte aus den 1920er Jahren, Foto: Franz Hauschka, Archiv Stiftung Arme Schulschwestern Bad Niedernau<\/figcaption><\/figure>\n\n\n\n<p>Gegr\u00fcndet hatte den Orden  im Jahr 1834 die Mutter Maria Theresia Gerhardinger (1797 &#8211; 1879) in N\u00fcrnberg. Ihre Gr\u00fcndungsidee baute auf den Regeln des Petrus Forrerius (Pierre Fourier) und der seligen Alix le Clerc auf. Jener Orden der reformierten Chorfrauen des Hl. Augustinus in Regensburg bestand seit 1597 und wurde um 1830 geschlossen. Maria Theresia Gerhardinger war eine der letzten Sch\u00fclerinnen und sie setzte mit der Neugr\u00fcndung die Idee auf eine besondere Art fort: Dem Frauenorden wurde eine M\u00e4dchenschule angeschlossen und dies f\u00fchrte nachhaltig zum Erfolg und zu Nachwuchs. Zahlreiche Tochterkl\u00f6ster entstanden nach diesem Prinzip in wenigen Jahrzehnten in In- und Ausland. So auch in Kalocsa in Ungarn im Jahr 1857 und eine Generation sp\u00e4ter 1905 in Filipowa. Filipowa war eine Gro\u00dfgemeinde mit ca. 5000 Einwohnern in der fruchtbaren Batschka gelegen. Dort war gro\u00dfer Bedarf an Schulunterricht f\u00fcr die etwa 500 Kinder im Ort und zeitweise unterrichteten die Schulschwestern auch Knaben in den acht gro\u00dfen Klassenzimmern und im Kindergarten des Klosters.<\/p>\n\n\n\n<p>Schon vor Ende des Zweiten Weltkriegs waren alle deutschst\u00e4mmigen B\u00fcrger Jugoslawiens entrechtet, enteignet, zur Zwangsarbeit deportiert oder interniert worden. Die Geistlichkeit bildete eine Ausnahme. Doch entzog man den Schulschwestern ihre Lehrerlaubnis. Um \u00dcberleben zu k\u00f6nnen, mussten die Schwestern in den ersten Jahren auch in der Landwirtschaft arbeiten, sp\u00e4ter holten die neuen serbischen Verwaltungsbeamten des Ortes  die Schwestern ins  Rathaus, wo sie \u00dcbersetzungs \u2013 und Dolmetscher-Dienste zu erledigen hatten. F\u00fcr die in Lagern internierten Donauschwaben  erbettelten sie Lebensmittel und Medikamente und schmuggelten diese in die Todeslager. <\/p>\n\n\n\n<p>Das Kloster in Filipowa wurde der Kongregation genommen, die noch im Kloster verblieben letzten  Schwestern  fanden im \u00f6rtlichen Pfarrhaus oder benachbarten Pfarrh\u00e4usern Unterkunft. Der Wunsch der deutschst\u00e4mmigen Schwestern , im deutschsprachigen Umfeld zu arbeiten, wurde von den Vorgesetzten respektiert. Die Auswanderung  aufgrund der Familienzusammenf\u00fchrung konnte in den 1950er Jahren erfolgen. Die beiden Schulschwestern, Sr. Maria Lea Helfert und Sr. Maria Cherubina Hoog, waren die letzten Schwestern und damit die letzten deutschst\u00e4mmigen B\u00fcrger welche 1957 Filipowa verlassen haben. Der gr\u00f6\u00dfte Teil der deutschst\u00e4mmigen Schulschwestern in der Batschka (Jugosl. + Ungarn)  hat die alte Heimat in den 1950er Jahren verlassen und ist ihren vertriebenen Landsleuten nach \u00d6sterreich und Deutschland gefolgt. Aber auch im Nachkriegsdeutschland war es nicht leicht eine Bleibe zu finden.<\/p>\n\n\n\n<p><\/p>\n\n\n\n<figure class=\"wp-block-image\"><img loading=\"lazy\" width=\"1024\" height=\"726\" src=\"http:\/\/neckar-donau-wegekreuz.de\/wp-content\/uploads\/2019\/03\/Erste-Stelle-in-GP-1953-bearb-1024x726.jpg\" alt=\"\" class=\"wp-image-320\" srcset=\"http:\/\/neckar-donau-wegekreuz.de\/wp-content\/uploads\/2019\/03\/Erste-Stelle-in-GP-1953-bearb-1024x726.jpg 1024w, http:\/\/neckar-donau-wegekreuz.de\/wp-content\/uploads\/2019\/03\/Erste-Stelle-in-GP-1953-bearb-300x213.jpg 300w, http:\/\/neckar-donau-wegekreuz.de\/wp-content\/uploads\/2019\/03\/Erste-Stelle-in-GP-1953-bearb-768x545.jpg 768w, http:\/\/neckar-donau-wegekreuz.de\/wp-content\/uploads\/2019\/03\/Erste-Stelle-in-GP-1953-bearb.jpg 1117w\" sizes=\"(max-width: 1024px) 100vw, 1024px\" \/><figcaption>Die erste Stelle im Rupert-Mayer-Heim in G\u00f6ppingen f\u00fcr Lehrlinge und Jungarbeiter1953.  Foto: Archiv Stiftung Arme Schulschwestern <\/figcaption><\/figure>\n\n\n\n<p>Zun\u00e4chst fanden einige in G\u00f6ppingen, dann in Stuttgart-Rot neue Aufgabenbereiche. 1957 konnten sie in Bad Niedernau bei Rottenburg am Neckar eine Schule gr\u00fcnden und dort Sp\u00e4taussiedlerkinder unterrichten. Das Haus, das sie daf\u00fcr mit Hilfe der Di\u00f6zese erwarben war zuvor ein sogenanntes Kriegererholungsheim gewesen, das 1917 vom Kyffh\u00e4userbund eingerichtet worden war. Urspr\u00fcnglich aber war es die Landvilla des Stuttgarter Arztes Kilian von Steiner, der es vom eigentlichen Bauherren Prof. Felix Niemeyer erworben hatte. Dazu geh\u00f6rte ein gro\u00dfer Garten und ein sogenanntes G\u00e4stehaus. Am 30. Sept. 1957 zogen die ersten Schwestern, Sr. Zenobia Gillich (Oberin), Sr.Lea Helfert und Cherubina Hoog, ein. Am 11.Mai 1958 trafen die ersten F\u00f6rdersch\u00fclerinnen ein. F\u00fcr sie wurde im Haupthaus der Steinerschen Villa, der Unterrichtsraum und Schlafr\u00e4ume eingerichtet. Die Schlafr\u00e4ume der Schwestern richtete man in der Badstrasse 67 ein.<\/p>\n\n\n\n<div class=\"wp-block-image\"><figure class=\"aligncenter\"><img loading=\"lazy\" width=\"719\" height=\"1024\" src=\"http:\/\/neckar-donau-wegekreuz.de\/wp-content\/uploads\/2019\/03\/Steinersche-Villa-1-719x1024.jpg\" alt=\"\" class=\"wp-image-321\" srcset=\"http:\/\/neckar-donau-wegekreuz.de\/wp-content\/uploads\/2019\/03\/Steinersche-Villa-1-719x1024.jpg 719w, http:\/\/neckar-donau-wegekreuz.de\/wp-content\/uploads\/2019\/03\/Steinersche-Villa-1-211x300.jpg 211w, http:\/\/neckar-donau-wegekreuz.de\/wp-content\/uploads\/2019\/03\/Steinersche-Villa-1-768x1094.jpg 768w, http:\/\/neckar-donau-wegekreuz.de\/wp-content\/uploads\/2019\/03\/Steinersche-Villa-1.jpg 819w\" sizes=\"(max-width: 719px) 100vw, 719px\" \/><figcaption>Die Steinersche Villa in den 1960ern.  Foto: Archiv Stiftung Arme Schulschwestern <\/figcaption><\/figure><\/div>\n\n\n\n<div class=\"wp-block-image\"><figure class=\"aligncenter\"><img loading=\"lazy\" width=\"722\" height=\"1024\" src=\"http:\/\/neckar-donau-wegekreuz.de\/wp-content\/uploads\/2019\/03\/Steinersche-Villa-2-722x1024.jpg\" alt=\"\" class=\"wp-image-322\" srcset=\"http:\/\/neckar-donau-wegekreuz.de\/wp-content\/uploads\/2019\/03\/Steinersche-Villa-2-722x1024.jpg 722w, http:\/\/neckar-donau-wegekreuz.de\/wp-content\/uploads\/2019\/03\/Steinersche-Villa-2-211x300.jpg 211w, http:\/\/neckar-donau-wegekreuz.de\/wp-content\/uploads\/2019\/03\/Steinersche-Villa-2-768x1090.jpg 768w, http:\/\/neckar-donau-wegekreuz.de\/wp-content\/uploads\/2019\/03\/Steinersche-Villa-2.jpg 816w\" sizes=\"(max-width: 722px) 100vw, 722px\" \/><figcaption> Foto: Archiv Stiftung Arme Schulschwestern <\/figcaption><\/figure><\/div>\n\n\n\n<p>1960 wuchs das Kloster zur eigenen Ordensprovinz. Erste Provinzoberin war Mutter Maria Lea Helfert aus Batschki-Brestowatz, die \u00fcber 40 Jahre in Filipowa als Lehrerin t\u00e4tig war. Damals war das Kloster bereits auf 38 Ordensfrauen angewachsen, 33 davon stammten aus der Batschka.<\/p>\n\n\n\n<figure class=\"wp-block-image\"><img loading=\"lazy\" width=\"1024\" height=\"715\" src=\"http:\/\/neckar-donau-wegekreuz.de\/wp-content\/uploads\/2019\/03\/Fritz-Keller-Haus-1024x715.jpg\" alt=\"\" class=\"wp-image-323\" srcset=\"http:\/\/neckar-donau-wegekreuz.de\/wp-content\/uploads\/2019\/03\/Fritz-Keller-Haus-1024x715.jpg 1024w, http:\/\/neckar-donau-wegekreuz.de\/wp-content\/uploads\/2019\/03\/Fritz-Keller-Haus-300x209.jpg 300w, http:\/\/neckar-donau-wegekreuz.de\/wp-content\/uploads\/2019\/03\/Fritz-Keller-Haus-768x536.jpg 768w, http:\/\/neckar-donau-wegekreuz.de\/wp-content\/uploads\/2019\/03\/Fritz-Keller-Haus.jpg 1160w\" sizes=\"(max-width: 1024px) 100vw, 1024px\" \/><figcaption>Auch hier im sogenannten Fritz-Keller-Haus waren Sch\u00fclerinnen untergebracht.   Foto: Archiv Stiftung Arme Schulschwestern <\/figcaption><\/figure>\n\n\n\n<figure class=\"wp-block-image\"><img loading=\"lazy\" width=\"1024\" height=\"713\" src=\"http:\/\/neckar-donau-wegekreuz.de\/wp-content\/uploads\/2019\/03\/Garten-der-Steinerschen-Villa-1024x713.jpg\" alt=\"\" class=\"wp-image-324\" srcset=\"http:\/\/neckar-donau-wegekreuz.de\/wp-content\/uploads\/2019\/03\/Garten-der-Steinerschen-Villa-1024x713.jpg 1024w, http:\/\/neckar-donau-wegekreuz.de\/wp-content\/uploads\/2019\/03\/Garten-der-Steinerschen-Villa-300x209.jpg 300w, http:\/\/neckar-donau-wegekreuz.de\/wp-content\/uploads\/2019\/03\/Garten-der-Steinerschen-Villa-768x535.jpg 768w, http:\/\/neckar-donau-wegekreuz.de\/wp-content\/uploads\/2019\/03\/Garten-der-Steinerschen-Villa.jpg 1171w\" sizes=\"(max-width: 1024px) 100vw, 1024px\" \/><figcaption>Der Garten der Steinerschen Villa mit dem Kreuzgew\u00f6lbegang wurde jetzt zum Klostergarten.   Foto: Archiv Stiftung Arme Schulschwestern <\/figcaption><\/figure>\n\n\n\n<p>1964 stand das benachbarte Bad-Hotel zum Verkauf.  Es wurde von der Di\u00f6zese Rottenburg den Schwestern zur \u00dcbernahme und  Betreuung als Sanatorium f\u00fcr Rekonvaleszente und Erholungsst\u00e4tte  angeboten. Der Zustand des Hauses war stark renovierungsbed\u00fcrftig. Mit viel Eigenarbeit wurde saniert, so konnten bereits am 25. Juli 1964 die ersten Kurg\u00e4ste aufgenommen werden. 36 Betten standen nun zur Verf\u00fcgung. Durch die Ger\u00e4umigkeit des Sanatoriums konnte nun auch ein Teil der F\u00f6rderschule (30 Kinder), hier untergebracht werden. Im Jahr 1965 wurde auch das im Park frei stehende G\u00e4stehaus saniert und modernisiert, hier standen nun 50 weitere Betten zur Verf\u00fcgung. Doch die hauseigenen Quellen mit Heilwasser, so stellte sich heraus, waren verschmutzt und komte den hygienischen Anforderungen nicht mehr gerecht werden. Die Aufrechterhaltung des Badebetriebes war gef\u00e4hrdet.  1966 lie\u00dfen sie neue Quellen bohren und wurden f\u00fcndig. Das Heilwasser ist klassifiziert als &#8222;Calcium-Hydrogen-Karbonat-Sulfat-S\u00e4uerling&#8220; und hervorragend f\u00fcr Heilzwecke geeignet. Das ehrgeizigste Projekt kam aber erst: 1974 war mit Unterst\u00fctzung des Landes und der Di\u00f6zese Rottenburg der Baubeginn f\u00fcr das neue Heilbad mit medizinischer Abteilung und mit weiteren G\u00e4stezimmern. 1977 war es so weit. Fortan z\u00e4hlten die Klosterfrauen zeitweise 20.000 \u00dcbernachtungen pro Jahr. Mitarbeiterinnen fanden die Schwestern in Niedernau und den Nachbarorten, die Kur\u00e4rztin kam ebenfalls aus der N\u00e4he, behielt aber ihre eigene Praxis bei. <br><\/p>\n\n\n\n<p><strong><a href=\"http:\/\/neckar-donau-wegekreuz.de\/?page_id=114\">-&gt; Lernen Sie hier Dr. Ursula H\u00f6rnle kennen<\/a><\/strong><\/p>\n\n\n\n<p><strong><a href=\"http:\/\/neckar-donau-wegekreuz.de\/?page_id=406\">-&gt; Die Oberin Schwester Benildis<\/a><\/strong><\/p>\n\n\n\n<figure class=\"wp-block-image\"><img loading=\"lazy\" width=\"1024\" height=\"741\" src=\"http:\/\/neckar-donau-wegekreuz.de\/wp-content\/uploads\/2019\/03\/erste-F\u00f6rdersch\u00fclerinnen-1024x741.jpg\" alt=\"\" class=\"wp-image-325\" srcset=\"http:\/\/neckar-donau-wegekreuz.de\/wp-content\/uploads\/2019\/03\/erste-F\u00f6rdersch\u00fclerinnen-1024x741.jpg 1024w, http:\/\/neckar-donau-wegekreuz.de\/wp-content\/uploads\/2019\/03\/erste-F\u00f6rdersch\u00fclerinnen-300x217.jpg 300w, http:\/\/neckar-donau-wegekreuz.de\/wp-content\/uploads\/2019\/03\/erste-F\u00f6rdersch\u00fclerinnen-768x556.jpg 768w, http:\/\/neckar-donau-wegekreuz.de\/wp-content\/uploads\/2019\/03\/erste-F\u00f6rdersch\u00fclerinnen-1536x1111.jpg 1536w, http:\/\/neckar-donau-wegekreuz.de\/wp-content\/uploads\/2019\/03\/erste-F\u00f6rdersch\u00fclerinnen-2048x1482.jpg 2048w\" sizes=\"(max-width: 1024px) 100vw, 1024px\" \/><figcaption>Die ersten Sch\u00fclerinnen 1953.   Foto: Archiv Stiftung Arme Schulschwestern <\/figcaption><\/figure>\n\n\n\n<p>Auch die F\u00f6rderschule wurde noch bis 1985 von einigen Schwestern weiterbetrieben. Die M\u00e4dchen, meist Sp\u00e4taussiedlerkinder aus Osteuropa, die dort Deutsch lernten, blieben ein ganzes Jahr im kl\u00f6sterlichen Internat der Armen Schulschwestern.<\/p>\n\n\n\n<figure class=\"wp-block-image\"><img loading=\"lazy\" width=\"1024\" height=\"682\" src=\"http:\/\/neckar-donau-wegekreuz.de\/wp-content\/uploads\/2019\/03\/erste-Kurg\u00e4ste-1964-bearb-1024x682.jpg\" alt=\"\" class=\"wp-image-326\" srcset=\"http:\/\/neckar-donau-wegekreuz.de\/wp-content\/uploads\/2019\/03\/erste-Kurg\u00e4ste-1964-bearb-1024x682.jpg 1024w, http:\/\/neckar-donau-wegekreuz.de\/wp-content\/uploads\/2019\/03\/erste-Kurg\u00e4ste-1964-bearb-300x200.jpg 300w, http:\/\/neckar-donau-wegekreuz.de\/wp-content\/uploads\/2019\/03\/erste-Kurg\u00e4ste-1964-bearb-768x511.jpg 768w, http:\/\/neckar-donau-wegekreuz.de\/wp-content\/uploads\/2019\/03\/erste-Kurg\u00e4ste-1964-bearb.jpg 1391w\" sizes=\"(max-width: 1024px) 100vw, 1024px\" \/><figcaption>Die ersten Kurg\u00e4ste 1964.   Foto: Archiv Stiftung Arme Schulschwestern  <\/figcaption><\/figure>\n\n\n\n<figure class=\"wp-block-image\"><img src=\"http:\/\/neckar-donau-wegekreuz.de\/wp-content\/uploads\/2019\/03\/Au\u00dfenanlage-fertig-1983-1024x780.jpg\" alt=\"\" class=\"wp-image-330\"\/><figcaption>1983 waren auch die Au\u00dfenanlagen fertiggestellt.   Foto: Archiv Stiftung Arme Schulschwestern <\/figcaption><\/figure>\n\n\n\n<figure class=\"wp-block-image\"><img loading=\"lazy\" width=\"1024\" height=\"673\" src=\"http:\/\/neckar-donau-wegekreuz.de\/wp-content\/uploads\/2019\/05\/1983Gr\u00fcndungKongregation-1024x673.jpg\" alt=\"\" class=\"wp-image-608\" srcset=\"http:\/\/neckar-donau-wegekreuz.de\/wp-content\/uploads\/2019\/05\/1983Gr\u00fcndungKongregation-1024x673.jpg 1024w, http:\/\/neckar-donau-wegekreuz.de\/wp-content\/uploads\/2019\/05\/1983Gr\u00fcndungKongregation-300x197.jpg 300w, http:\/\/neckar-donau-wegekreuz.de\/wp-content\/uploads\/2019\/05\/1983Gr\u00fcndungKongregation-768x505.jpg 768w, http:\/\/neckar-donau-wegekreuz.de\/wp-content\/uploads\/2019\/05\/1983Gr\u00fcndungKongregation-1536x1010.jpg 1536w, http:\/\/neckar-donau-wegekreuz.de\/wp-content\/uploads\/2019\/05\/1983Gr\u00fcndungKongregation-2048x1347.jpg 2048w\" sizes=\"(max-width: 1024px) 100vw, 1024px\" \/><figcaption>24.10.1983 &#8211; 150 Jahre Gr\u00fcndung der Kongregation wird mit Bischof Dr. Georg Mosergefeiert. Foto: Archiv Stiftung Arme Schulschwestern<\/figcaption><\/figure>\n\n\n\n<p>Leider ging auch die Hochphase des Sanatoriums in den 1980er Jahren zu Ende. Zum einen reduzierten in der &#8222;Gesundheitskrise&#8220; die Krankenkassen ihre Unterst\u00fctzung f\u00fcr Kuren allgemein und zum anderen fehlte es mehr und mehr an Nachwuchs im Kloster. Seit 1964 war keine neue Schwester mehr in den Orden gekommen. Obwohl sie 1975 von Rom ihre Selbst\u00e4ndigkeit als Kongregation Bisch\u00f6flichen Rechts zugesprochen bekamen, fand sich keine junge Novizin mehr. Die durchaus aktiven Damen waren l\u00e4ngst in einem Alter, in dem andere Rente beziehen. 1990 war die j\u00fcngste 65 Jahre alt. <\/p>\n\n\n\n<p>1989 endete der station\u00e4re Sanatoriumsbetrieb, jedoch das Hallenbad und die R\u00e4umlichkeiten f\u00fcr medizinische Anwendungen konnten f\u00fcr ambulante Anwendungen noch bis 2004 fortgesetzt werden. <br><\/p>\n\n\n\n<figure class=\"wp-block-image\"><img loading=\"lazy\" width=\"1024\" height=\"768\" src=\"http:\/\/neckar-donau-wegekreuz.de\/wp-content\/uploads\/2019\/03\/IMG_5241-1024x768.jpg\" alt=\"\" class=\"wp-image-327\" srcset=\"http:\/\/neckar-donau-wegekreuz.de\/wp-content\/uploads\/2019\/03\/IMG_5241-1024x768.jpg 1024w, http:\/\/neckar-donau-wegekreuz.de\/wp-content\/uploads\/2019\/03\/IMG_5241-300x225.jpg 300w, http:\/\/neckar-donau-wegekreuz.de\/wp-content\/uploads\/2019\/03\/IMG_5241-768x576.jpg 768w, http:\/\/neckar-donau-wegekreuz.de\/wp-content\/uploads\/2019\/03\/IMG_5241-1536x1152.jpg 1536w, http:\/\/neckar-donau-wegekreuz.de\/wp-content\/uploads\/2019\/03\/IMG_5241-2048x1536.jpg 2048w\" sizes=\"(max-width: 1024px) 100vw, 1024px\" \/><figcaption>Foto: Lang 2017<\/figcaption><\/figure>\n\n\n\n<p>Doch was ist ein Kloster ohne Kapelle. Im gleichen Baustil wie das Kurmittelhaus und das Schwesternhaus  wurde auch die Ged\u00e4chtniskapelle in das Baukonzept mit einbezogen. Ein Gang verbindet das G\u00e4stehaus, die Kapelle, die Kureinrichtungen und das Sanatorium, das nach wie vor den Speisesaal und die K\u00fcche sowie weitere G\u00e4stezimmer enthielt. Am 25.M\u00e4rz 1979 wurde die  Ged\u00e4chtniskapelle von Dr. Georg Moser eingeweiht. Gro\u00dfe Spendenbereitschaft kam von Donauschwaben, nachdem in allen Regionen Deutschlands, \u00d6sterreichs und in \u00dcbersee um gro\u00dfz\u00fcgige Spenden  aufgerufen wurde. \u00dcber 80% der Kosten konnten so durch Spenden gedeckt werden.<\/p>\n\n\n\n<p> Zur Einweihung kamen zahlreiche \u00dcberlebende der jugoslawischen Internierungslager mit Bischof Dr. Georg Moser. Viele von ihnen hatten dort 1946 bei Gottesdiensten mit  Pater Gruber ein Gel\u00f6bnis abgelegt: Sollten sie diese Lager \u00fcberleben, und wieder zu Hab und Gut kommen, so werden sie allj\u00e4hrlich wallfahren und eine Votivkirche stiften. Diese Versprechen  der  \u00dcberlebenden konnte nun  hier eingel\u00f6st werden. Das Kirchengl\u00f6cklein, das von der Sakristei aus gel\u00e4utet wird, stammt von der Kirche aus Filipowa. Ein Vertriebener hat es beim Besuch seiner alten Heimat mit hierher geschmuggelt. Die Kirche in Filipowa war abgerissen worden.<\/p>\n\n\n\n<p>Seitdem wallfahren die Donauschwaben an Christi Himmelfahrt nach Bad Niedernau.<br><\/p>\n\n\n\n<figure class=\"wp-block-image\"><img loading=\"lazy\" width=\"1024\" height=\"768\" src=\"http:\/\/neckar-donau-wegekreuz.de\/wp-content\/uploads\/2019\/02\/Die-Schwestern-2012-1024x768.jpg\" alt=\"\" class=\"wp-image-201\" srcset=\"http:\/\/neckar-donau-wegekreuz.de\/wp-content\/uploads\/2019\/02\/Die-Schwestern-2012-1024x768.jpg 1024w, http:\/\/neckar-donau-wegekreuz.de\/wp-content\/uploads\/2019\/02\/Die-Schwestern-2012-300x225.jpg 300w, http:\/\/neckar-donau-wegekreuz.de\/wp-content\/uploads\/2019\/02\/Die-Schwestern-2012-768x576.jpg 768w, http:\/\/neckar-donau-wegekreuz.de\/wp-content\/uploads\/2019\/02\/Die-Schwestern-2012.jpg 1386w\" sizes=\"(max-width: 1024px) 100vw, 1024px\" \/><figcaption>Die damals  noch lebenden Schwestern im Jahre 2012- v.l.: Sr. Benildis Piller, Sr. Evangelista Meixner, Sr. Borgia Meixner, Sr. Mechthildis Eichinger, Sr. Heliodora Meixner. Foto: Kupferschmidt 2012 <\/figcaption><\/figure>\n\n\n\n<p>Im Jahr 2016 verabschiedeten sich die beiden letzten Armen Schulschwestern aus Bad Niedernau. Schwester Mechthildis war 95 Jahre alt, Schwester Borgia 97. Sie zogen ins Pflegeheim der Barmherzigen Schwestern vom Heiligen Vincenz von Paul nach Unterhaching bei M\u00fcnchen.<\/p>\n\n\n\n<p><em>Quellen: Filipowaer Heimatbriefe Nr. 25 bis 31 und  Filipowa- Bild einer donauschw. Gemeinde; Band 3\/7\/8 \/ Franz Schreiber \/ Georg Wildmann 1981 -1999<\/em><\/p>\n\n\n\n<p><a href=\"http:\/\/neckar-donau-wegekreuz.de\/?page_id=467\"><strong>Das Kloster der Armen Schulschwestern in Filipowa<\/strong><\/a><\/p>\n\n\n\n<p><strong><a href=\"http:\/\/neckar-donau-wegekreuz.de\/?page_id=2427\">Die kurz gefasste Geschichte des Ordens der Armen Schulschwestern<\/a><\/strong><br><\/p>\n","protected":false},"excerpt":{"rendered":"<p>Die Kongregation der Armen Schulschwestern Unserer Lieben Frau hat eine lange und interessante Geschichte. Die Bad Niedernauer Schwestern stammen aus deutschen Orten in der heutigen Provinz Vojvodina in Jugoslawien und hatten ihr Mutterhaus bis 1918 in Kalocsa (S\u00fcdungarn). Eines ihrer zahlreichen Kl\u00f6ster mit Klosterschulen war 1905 in Filipowa gegr\u00fcndet worden, dem Ort, dessen vertriebene Bewohner &hellip;<\/p>\n<p class=\"read-more\"> <a class=\"\" href=\"http:\/\/neckar-donau-wegekreuz.de\/?page_id=99\"> <span class=\"screen-reader-text\">Die Armen Schulschwestern und ihr Bad<\/span> Read More \u00bb<\/a><\/p>\n","protected":false},"author":1,"featured_media":0,"parent":474,"menu_order":0,"comment_status":"closed","ping_status":"closed","template":"","meta":[],"yoast_head":"<!-- This site is optimized with the Yoast SEO plugin v17.1 - https:\/\/yoast.com\/wordpress\/plugins\/seo\/ -->\n<title>Die Armen Schulschwestern und ihr Bad - Neckar-Donau-Wegekreuz<\/title>\n<meta name=\"robots\" content=\"index, follow, max-snippet:-1, max-image-preview:large, max-video-preview:-1\" \/>\n<link rel=\"canonical\" href=\"https:\/\/neckar-donau-wegekreuz.de\/?page_id=99\" \/>\n<meta property=\"og:locale\" content=\"de_DE\" \/>\n<meta property=\"og:type\" content=\"article\" \/>\n<meta property=\"og:title\" content=\"Die Armen Schulschwestern und ihr Bad - Neckar-Donau-Wegekreuz\" \/>\n<meta property=\"og:description\" content=\"Die Kongregation der Armen Schulschwestern Unserer Lieben Frau hat eine lange und interessante Geschichte. Die Bad Niedernauer Schwestern stammen aus deutschen Orten in der heutigen Provinz Vojvodina in Jugoslawien und hatten ihr Mutterhaus bis 1918 in Kalocsa (S\u00fcdungarn). Eines ihrer zahlreichen Kl\u00f6ster mit Klosterschulen war 1905 in Filipowa gegr\u00fcndet worden, dem Ort, dessen vertriebene Bewohner &hellip; Die Armen Schulschwestern und ihr Bad Read More \u00bb\" \/>\n<meta property=\"og:url\" content=\"https:\/\/neckar-donau-wegekreuz.de\/?page_id=99\" \/>\n<meta property=\"og:site_name\" content=\"Neckar-Donau-Wegekreuz\" \/>\n<meta property=\"article:modified_time\" content=\"2020-11-06T10:46:54+00:00\" \/>\n<meta property=\"og:image\" content=\"http:\/\/neckar-donau-wegekreuz.de\/wp-content\/uploads\/2019\/01\/Filipowa-Schule-1024x521.jpg\" \/>\n<meta name=\"twitter:card\" content=\"summary_large_image\" \/>\n<meta name=\"twitter:label1\" content=\"Gesch\u00e4tzte Lesezeit\" \/>\n\t<meta name=\"twitter:data1\" content=\"7\u00a0Minuten\" \/>\n<script type=\"application\/ld+json\" class=\"yoast-schema-graph\">{\"@context\":\"https:\/\/schema.org\",\"@graph\":[{\"@type\":\"Organization\",\"@id\":\"https:\/\/neckar-donau-wegekreuz.de\/#organization\",\"name\":\"Neckar-Donau-Wegekreuz\",\"url\":\"https:\/\/neckar-donau-wegekreuz.de\/\",\"sameAs\":[],\"logo\":{\"@type\":\"ImageObject\",\"@id\":\"https:\/\/neckar-donau-wegekreuz.de\/#logo\",\"inLanguage\":\"de\",\"url\":\"http:\/\/neckar-donau-wegekreuz.de\/wp-content\/uploads\/2020\/05\/Logo_NeckarDonauWegeX-kl.png\",\"contentUrl\":\"http:\/\/neckar-donau-wegekreuz.de\/wp-content\/uploads\/2020\/05\/Logo_NeckarDonauWegeX-kl.png\",\"width\":2500,\"height\":2221,\"caption\":\"Neckar-Donau-Wegekreuz\"},\"image\":{\"@id\":\"https:\/\/neckar-donau-wegekreuz.de\/#logo\"}},{\"@type\":\"WebSite\",\"@id\":\"https:\/\/neckar-donau-wegekreuz.de\/#website\",\"url\":\"https:\/\/neckar-donau-wegekreuz.de\/\",\"name\":\"Neckar-Donau-Wegekreuz\",\"description\":\"Menschen, Orte, Zeiten treffen sich!\",\"publisher\":{\"@id\":\"https:\/\/neckar-donau-wegekreuz.de\/#organization\"},\"potentialAction\":[{\"@type\":\"SearchAction\",\"target\":{\"@type\":\"EntryPoint\",\"urlTemplate\":\"https:\/\/neckar-donau-wegekreuz.de\/?s={search_term_string}\"},\"query-input\":\"required name=search_term_string\"}],\"inLanguage\":\"de\"},{\"@type\":\"ImageObject\",\"@id\":\"https:\/\/neckar-donau-wegekreuz.de\/?page_id=99#primaryimage\",\"inLanguage\":\"de\",\"url\":\"http:\/\/neckar-donau-wegekreuz.de\/wp-content\/uploads\/2019\/01\/Filipowa-Schule.jpg\",\"contentUrl\":\"http:\/\/neckar-donau-wegekreuz.de\/wp-content\/uploads\/2019\/01\/Filipowa-Schule.jpg\",\"width\":2353,\"height\":1198},{\"@type\":\"WebPage\",\"@id\":\"https:\/\/neckar-donau-wegekreuz.de\/?page_id=99#webpage\",\"url\":\"https:\/\/neckar-donau-wegekreuz.de\/?page_id=99\",\"name\":\"Die Armen Schulschwestern und ihr Bad - Neckar-Donau-Wegekreuz\",\"isPartOf\":{\"@id\":\"https:\/\/neckar-donau-wegekreuz.de\/#website\"},\"primaryImageOfPage\":{\"@id\":\"https:\/\/neckar-donau-wegekreuz.de\/?page_id=99#primaryimage\"},\"datePublished\":\"2019-01-27T18:34:17+00:00\",\"dateModified\":\"2020-11-06T10:46:54+00:00\",\"breadcrumb\":{\"@id\":\"https:\/\/neckar-donau-wegekreuz.de\/?page_id=99#breadcrumb\"},\"inLanguage\":\"de\",\"potentialAction\":[{\"@type\":\"ReadAction\",\"target\":[\"https:\/\/neckar-donau-wegekreuz.de\/?page_id=99\"]}]},{\"@type\":\"BreadcrumbList\",\"@id\":\"https:\/\/neckar-donau-wegekreuz.de\/?page_id=99#breadcrumb\",\"itemListElement\":[{\"@type\":\"ListItem\",\"position\":1,\"name\":\"Startseite\",\"item\":\"https:\/\/neckar-donau-wegekreuz.de\/\"},{\"@type\":\"ListItem\",\"position\":2,\"name\":\"Menschen, Orte, Zeiten treffen sich! \\ufeff\",\"item\":\"https:\/\/neckar-donau-wegekreuz.de\/\"},{\"@type\":\"ListItem\",\"position\":3,\"name\":\"Bad Niedernau\",\"item\":\"https:\/\/neckar-donau-wegekreuz.de\/?page_id=474\"},{\"@type\":\"ListItem\",\"position\":4,\"name\":\"Die Armen Schulschwestern und ihr Bad\"}]}]}<\/script>\n<!-- \/ Yoast SEO plugin. -->","yoast_head_json":{"title":"Die Armen Schulschwestern und ihr Bad - Neckar-Donau-Wegekreuz","robots":{"index":"index","follow":"follow","max-snippet":"max-snippet:-1","max-image-preview":"max-image-preview:large","max-video-preview":"max-video-preview:-1"},"canonical":"https:\/\/neckar-donau-wegekreuz.de\/?page_id=99","og_locale":"de_DE","og_type":"article","og_title":"Die Armen Schulschwestern und ihr Bad - Neckar-Donau-Wegekreuz","og_description":"Die Kongregation der Armen Schulschwestern Unserer Lieben Frau hat eine lange und interessante Geschichte. Die Bad Niedernauer Schwestern stammen aus deutschen Orten in der heutigen Provinz Vojvodina in Jugoslawien und hatten ihr Mutterhaus bis 1918 in Kalocsa (S\u00fcdungarn). Eines ihrer zahlreichen Kl\u00f6ster mit Klosterschulen war 1905 in Filipowa gegr\u00fcndet worden, dem Ort, dessen vertriebene Bewohner &hellip; Die Armen Schulschwestern und ihr Bad Read More \u00bb","og_url":"https:\/\/neckar-donau-wegekreuz.de\/?page_id=99","og_site_name":"Neckar-Donau-Wegekreuz","article_modified_time":"2020-11-06T10:46:54+00:00","og_image":[{"url":"http:\/\/neckar-donau-wegekreuz.de\/wp-content\/uploads\/2019\/01\/Filipowa-Schule-1024x521.jpg"}],"twitter_card":"summary_large_image","twitter_misc":{"Gesch\u00e4tzte Lesezeit":"7\u00a0Minuten"},"schema":{"@context":"https:\/\/schema.org","@graph":[{"@type":"Organization","@id":"https:\/\/neckar-donau-wegekreuz.de\/#organization","name":"Neckar-Donau-Wegekreuz","url":"https:\/\/neckar-donau-wegekreuz.de\/","sameAs":[],"logo":{"@type":"ImageObject","@id":"https:\/\/neckar-donau-wegekreuz.de\/#logo","inLanguage":"de","url":"http:\/\/neckar-donau-wegekreuz.de\/wp-content\/uploads\/2020\/05\/Logo_NeckarDonauWegeX-kl.png","contentUrl":"http:\/\/neckar-donau-wegekreuz.de\/wp-content\/uploads\/2020\/05\/Logo_NeckarDonauWegeX-kl.png","width":2500,"height":2221,"caption":"Neckar-Donau-Wegekreuz"},"image":{"@id":"https:\/\/neckar-donau-wegekreuz.de\/#logo"}},{"@type":"WebSite","@id":"https:\/\/neckar-donau-wegekreuz.de\/#website","url":"https:\/\/neckar-donau-wegekreuz.de\/","name":"Neckar-Donau-Wegekreuz","description":"Menschen, Orte, Zeiten treffen sich!","publisher":{"@id":"https:\/\/neckar-donau-wegekreuz.de\/#organization"},"potentialAction":[{"@type":"SearchAction","target":{"@type":"EntryPoint","urlTemplate":"https:\/\/neckar-donau-wegekreuz.de\/?s={search_term_string}"},"query-input":"required name=search_term_string"}],"inLanguage":"de"},{"@type":"ImageObject","@id":"https:\/\/neckar-donau-wegekreuz.de\/?page_id=99#primaryimage","inLanguage":"de","url":"http:\/\/neckar-donau-wegekreuz.de\/wp-content\/uploads\/2019\/01\/Filipowa-Schule.jpg","contentUrl":"http:\/\/neckar-donau-wegekreuz.de\/wp-content\/uploads\/2019\/01\/Filipowa-Schule.jpg","width":2353,"height":1198},{"@type":"WebPage","@id":"https:\/\/neckar-donau-wegekreuz.de\/?page_id=99#webpage","url":"https:\/\/neckar-donau-wegekreuz.de\/?page_id=99","name":"Die Armen Schulschwestern und ihr Bad - Neckar-Donau-Wegekreuz","isPartOf":{"@id":"https:\/\/neckar-donau-wegekreuz.de\/#website"},"primaryImageOfPage":{"@id":"https:\/\/neckar-donau-wegekreuz.de\/?page_id=99#primaryimage"},"datePublished":"2019-01-27T18:34:17+00:00","dateModified":"2020-11-06T10:46:54+00:00","breadcrumb":{"@id":"https:\/\/neckar-donau-wegekreuz.de\/?page_id=99#breadcrumb"},"inLanguage":"de","potentialAction":[{"@type":"ReadAction","target":["https:\/\/neckar-donau-wegekreuz.de\/?page_id=99"]}]},{"@type":"BreadcrumbList","@id":"https:\/\/neckar-donau-wegekreuz.de\/?page_id=99#breadcrumb","itemListElement":[{"@type":"ListItem","position":1,"name":"Startseite","item":"https:\/\/neckar-donau-wegekreuz.de\/"},{"@type":"ListItem","position":2,"name":"Menschen, Orte, Zeiten treffen sich! \ufeff","item":"https:\/\/neckar-donau-wegekreuz.de\/"},{"@type":"ListItem","position":3,"name":"Bad Niedernau","item":"https:\/\/neckar-donau-wegekreuz.de\/?page_id=474"},{"@type":"ListItem","position":4,"name":"Die Armen Schulschwestern und ihr Bad"}]}]}},"_links":{"self":[{"href":"http:\/\/neckar-donau-wegekreuz.de\/index.php?rest_route=\/wp\/v2\/pages\/99"}],"collection":[{"href":"http:\/\/neckar-donau-wegekreuz.de\/index.php?rest_route=\/wp\/v2\/pages"}],"about":[{"href":"http:\/\/neckar-donau-wegekreuz.de\/index.php?rest_route=\/wp\/v2\/types\/page"}],"author":[{"embeddable":true,"href":"http:\/\/neckar-donau-wegekreuz.de\/index.php?rest_route=\/wp\/v2\/users\/1"}],"replies":[{"embeddable":true,"href":"http:\/\/neckar-donau-wegekreuz.de\/index.php?rest_route=%2Fwp%2Fv2%2Fcomments&post=99"}],"version-history":[{"count":18,"href":"http:\/\/neckar-donau-wegekreuz.de\/index.php?rest_route=\/wp\/v2\/pages\/99\/revisions"}],"predecessor-version":[{"id":2429,"href":"http:\/\/neckar-donau-wegekreuz.de\/index.php?rest_route=\/wp\/v2\/pages\/99\/revisions\/2429"}],"up":[{"embeddable":true,"href":"http:\/\/neckar-donau-wegekreuz.de\/index.php?rest_route=\/wp\/v2\/pages\/474"}],"wp:attachment":[{"href":"http:\/\/neckar-donau-wegekreuz.de\/index.php?rest_route=%2Fwp%2Fv2%2Fmedia&parent=99"}],"curies":[{"name":"wp","href":"https:\/\/api.w.org\/{rel}","templated":true}]}}