{"id":114,"date":"2019-02-14T13:20:51","date_gmt":"2019-02-14T13:20:51","guid":{"rendered":"http:\/\/neckar-donau-wegekreuz.de\/?page_id=114"},"modified":"2020-05-15T06:53:38","modified_gmt":"2020-05-15T06:53:38","slug":"die-kuraerztin-frau-dr-hoernle","status":"publish","type":"page","link":"https:\/\/neckar-donau-wegekreuz.de\/?page_id=114","title":{"rendered":"Sie praktizierte als Kur\u00e4rztin &#8211; Ursula H\u00f6rnle"},"content":{"rendered":"\n<figure class=\"wp-block-image size-large\"><img loading=\"lazy\" width=\"1024\" height=\"665\" src=\"http:\/\/neckar-donau-wegekreuz.de\/wp-content\/uploads\/2020\/03\/H\u00f6rnle-Sept-2010-1024x665.jpg\" alt=\"\" class=\"wp-image-1341\" srcset=\"https:\/\/neckar-donau-wegekreuz.de\/wp-content\/uploads\/2020\/03\/H\u00f6rnle-Sept-2010-1024x665.jpg 1024w, https:\/\/neckar-donau-wegekreuz.de\/wp-content\/uploads\/2020\/03\/H\u00f6rnle-Sept-2010-300x195.jpg 300w, https:\/\/neckar-donau-wegekreuz.de\/wp-content\/uploads\/2020\/03\/H\u00f6rnle-Sept-2010-768x499.jpg 768w, https:\/\/neckar-donau-wegekreuz.de\/wp-content\/uploads\/2020\/03\/H\u00f6rnle-Sept-2010-1536x997.jpg 1536w, https:\/\/neckar-donau-wegekreuz.de\/wp-content\/uploads\/2020\/03\/H\u00f6rnle-Sept-2010.jpg 1791w\" sizes=\"(max-width: 1024px) 100vw, 1024px\" \/><figcaption>Frau Dr. Ursula H\u00f6rnle im September 2010 Foto: Stiftung Arme <em>Schulschwestern<\/em><\/figcaption><\/figure>\n\n\n\n<p>Frau Dr. med. Ursula H\u00f6rnle \u00adbe\u00ad\u00adhandelte und beriet die Kurg\u00e4ste des Sanatoriums. Seit 1977 stand sie an der Seite der Armen Schulschwestern, die zu diesem Zeitpunkt ihren Sanatoriums\u00adneu\u00adbau in Betrieb nahmen. Und sie blieb ihnen auch als Haus\u00ad\u00e4rztin treu \u00fcber die Schlie\u00dfung des Badebetriebes hinaus. Ihr Hauptstandbein aber war die eigene Landarztpraxis in Nellingsheim, die sie seit 1976 betrieb. Dort war sie weit und breit die \u00adeinzige \u00c4rztin in den sogenannten \u201eSt\u00e4ble\u201c-D\u00f6rfern Nellingsheim, Remmingsheim und\u00ad Wolfenhausen (alle haben sie einen \u00adSchwurstab im Wappen). Tag und Nacht war sie f\u00fcr ihre Patienten in ihrer \u00adPraxis und bei Hausbesuchen im Einsatz.<\/p>\n<p>\u00a0<\/p>\n<p>\u00a0<\/p>\n\n\n\n<figure class=\"wp-block-image\"><img loading=\"lazy\" width=\"1024\" height=\"1024\" src=\"http:\/\/neckar-donau-wegekreuz.de\/wp-content\/uploads\/2019\/02\/Prospekt-mit-Heilanwendungen-1024x1024.jpg\" alt=\"\" class=\"wp-image-116\" srcset=\"https:\/\/neckar-donau-wegekreuz.de\/wp-content\/uploads\/2019\/02\/Prospekt-mit-Heilanwendungen-1024x1024.jpg 1024w, https:\/\/neckar-donau-wegekreuz.de\/wp-content\/uploads\/2019\/02\/Prospekt-mit-Heilanwendungen-300x300.jpg 300w, https:\/\/neckar-donau-wegekreuz.de\/wp-content\/uploads\/2019\/02\/Prospekt-mit-Heilanwendungen-150x150.jpg 150w, https:\/\/neckar-donau-wegekreuz.de\/wp-content\/uploads\/2019\/02\/Prospekt-mit-Heilanwendungen-768x769.jpg 768w, https:\/\/neckar-donau-wegekreuz.de\/wp-content\/uploads\/2019\/02\/Prospekt-mit-Heilanwendungen-1534x1536.jpg 1534w, https:\/\/neckar-donau-wegekreuz.de\/wp-content\/uploads\/2019\/02\/Prospekt-mit-Heilanwendungen-2046x2048.jpg 2046w\" sizes=\"(max-width: 1024px) 100vw, 1024px\" \/><figcaption>Ein Prospekt aus den 1980er Jahren zeigt die Kuranwendungen im Heilbad. <em>Archiv Stiftung Arme Schulschwestern.<\/em><\/figcaption><\/figure>\n\n\n\n<p>Sie konnte bei ihren \u00e4rztlichen Befunden auf das Bad Niedernauer Heilwasser vertrauen ebenso wie auf einen kleinen Stab an Physiotherapeuten und Bademeistern. Behandelt wurden rheumatische Erkrankungen, Herz-Kreislauf-Beschwerden und nerv\u00f6se Ersch\u00f6pfungszust\u00e4nde. Das gute Heilwasser, ein Calcium-Hydrogencarbonat-Sulfat-S\u00e4uerling, brachte dabei vielen Patienten bereits gute Linderung. Au\u00dferdem gab es noch Fango-Packungen, Massagen, Wasserymnastik und ein Kneipp-Becken neben allerlei Kr\u00e4uterb\u00e4dern.<\/p>\n\n\n\n<figure class=\"wp-block-image\"><img loading=\"lazy\" width=\"1022\" height=\"1024\" src=\"http:\/\/neckar-donau-wegekreuz.de\/wp-content\/uploads\/2019\/02\/Prospekt-mit-Kurambiente-1022x1024.jpg\" alt=\"\" class=\"wp-image-117\" srcset=\"https:\/\/neckar-donau-wegekreuz.de\/wp-content\/uploads\/2019\/02\/Prospekt-mit-Kurambiente-1022x1024.jpg 1022w, https:\/\/neckar-donau-wegekreuz.de\/wp-content\/uploads\/2019\/02\/Prospekt-mit-Kurambiente-300x300.jpg 300w, https:\/\/neckar-donau-wegekreuz.de\/wp-content\/uploads\/2019\/02\/Prospekt-mit-Kurambiente-150x150.jpg 150w, https:\/\/neckar-donau-wegekreuz.de\/wp-content\/uploads\/2019\/02\/Prospekt-mit-Kurambiente-768x770.jpg 768w, https:\/\/neckar-donau-wegekreuz.de\/wp-content\/uploads\/2019\/02\/Prospekt-mit-Kurambiente-1533x1536.jpg 1533w, https:\/\/neckar-donau-wegekreuz.de\/wp-content\/uploads\/2019\/02\/Prospekt-mit-Kurambiente-2044x2048.jpg 2044w\" sizes=\"(max-width: 1022px) 100vw, 1022px\" \/><figcaption>Geworben wurde mit guter Gem\u00fctlichkeit und modernem Kurbetrieb.  <br><em>Archiv Stiftung Arme Schulschwestern.\ufeff<\/em> <\/figcaption><\/figure>\n\n\n\n<p>In den 1980er &#8211; 1990er Jahren waren im Durchschnitt 80 Kurg\u00e4ste t\u00e4glich zu betreuen. Die Verwaltung, die Unterkunft, die Vollpension und die geistige Betreuung \u00fcbernahmen die Ordensschwestern.<\/p>\n\n\n\n<p><strong><a href=\"http:\/\/neckar-donau-wegekreuz.de\/?page_id=474\">-&gt; Lesen Sie die ganze Geschichte des Bades in Niedernau!<\/a><\/strong><\/p>\n\n\n\n<p><strong><a href=\"http:\/\/neckar-donau-wegekreuz.de\/?page_id=406\">-&gt; Sie arbeitete eng mit Schwester Benildis zusammen!<\/a><\/strong><\/p>\n\n\n\n<p><strong><a href=\"http:\/\/neckar-donau-wegekreuz.de\/?page_id=99\">-&gt; Das Wichtigste \u00fcber die Armen Schulschwestern<\/a><\/strong><\/p>\n","protected":false},"excerpt":{"rendered":"<p>Frau Dr. med. Ursula H\u00f6rnle \u00adbe\u00ad\u00adhandelte und beriet die Kurg\u00e4ste des Sanatoriums. Seit 1977 stand sie an der Seite der Armen Schulschwestern, die zu diesem Zeitpunkt ihren Sanatoriums\u00adneu\u00adbau in Betrieb nahmen. Und sie blieb ihnen auch als Haus\u00ad\u00e4rztin treu \u00fcber die Schlie\u00dfung des Badebetriebes hinaus. Ihr Hauptstandbein aber war die eigene Landarztpraxis in Nellingsheim, die &hellip;<\/p>\n<p class=\"read-more\"> <a class=\"\" href=\"https:\/\/neckar-donau-wegekreuz.de\/?page_id=114\"> <span class=\"screen-reader-text\">Sie praktizierte als Kur\u00e4rztin &#8211; Ursula H\u00f6rnle<\/span> Read More \u00bb<\/a><\/p>\n","protected":false},"author":1,"featured_media":0,"parent":11,"menu_order":0,"comment_status":"closed","ping_status":"closed","template":"","meta":[],"yoast_head":"<!-- This site is optimized with the Yoast SEO plugin v17.1 - https:\/\/yoast.com\/wordpress\/plugins\/seo\/ -->\n<title>Sie praktizierte als Kur\u00e4rztin - Ursula H\u00f6rnle - Neckar-Donau-Wegekreuz<\/title>\n<meta name=\"robots\" content=\"index, follow, max-snippet:-1, max-image-preview:large, max-video-preview:-1\" \/>\n<link rel=\"canonical\" href=\"http:\/\/neckar-donau-wegekreuz.de\/?page_id=114\" \/>\n<meta property=\"og:locale\" content=\"de_DE\" \/>\n<meta property=\"og:type\" content=\"article\" \/>\n<meta property=\"og:title\" content=\"Sie praktizierte als Kur\u00e4rztin - Ursula H\u00f6rnle - Neckar-Donau-Wegekreuz\" \/>\n<meta property=\"og:description\" content=\"Frau Dr. med. Ursula H\u00f6rnle \u00adbe\u00ad\u00adhandelte und beriet die Kurg\u00e4ste des Sanatoriums. Seit 1977 stand sie an der Seite der Armen Schulschwestern, die zu diesem Zeitpunkt ihren Sanatoriums\u00adneu\u00adbau in Betrieb nahmen. Und sie blieb ihnen auch als Haus\u00ad\u00e4rztin treu \u00fcber die Schlie\u00dfung des Badebetriebes hinaus. Ihr Hauptstandbein aber war die eigene Landarztpraxis in Nellingsheim, die &hellip; Sie praktizierte als Kur\u00e4rztin &#8211; Ursula H\u00f6rnle Read More \u00bb\" \/>\n<meta property=\"og:url\" content=\"http:\/\/neckar-donau-wegekreuz.de\/?page_id=114\" \/>\n<meta property=\"og:site_name\" content=\"Neckar-Donau-Wegekreuz\" \/>\n<meta property=\"article:modified_time\" content=\"2020-05-15T06:53:38+00:00\" \/>\n<meta property=\"og:image\" content=\"http:\/\/neckar-donau-wegekreuz.de\/wp-content\/uploads\/2020\/03\/H\u00f6rnle-Sept-2010-1024x665.jpg\" \/>\n<meta name=\"twitter:card\" content=\"summary_large_image\" \/>\n<meta name=\"twitter:label1\" content=\"Gesch\u00e4tzte Lesezeit\" \/>\n\t<meta name=\"twitter:data1\" content=\"1\u00a0Minute\" \/>\n<script type=\"application\/ld+json\" class=\"yoast-schema-graph\">{\"@context\":\"https:\/\/schema.org\",\"@graph\":[{\"@type\":\"Organization\",\"@id\":\"https:\/\/neckar-donau-wegekreuz.de\/#organization\",\"name\":\"Neckar-Donau-Wegekreuz\",\"url\":\"https:\/\/neckar-donau-wegekreuz.de\/\",\"sameAs\":[],\"logo\":{\"@type\":\"ImageObject\",\"@id\":\"https:\/\/neckar-donau-wegekreuz.de\/#logo\",\"inLanguage\":\"de\",\"url\":\"http:\/\/neckar-donau-wegekreuz.de\/wp-content\/uploads\/2020\/05\/Logo_NeckarDonauWegeX-kl.png\",\"contentUrl\":\"http:\/\/neckar-donau-wegekreuz.de\/wp-content\/uploads\/2020\/05\/Logo_NeckarDonauWegeX-kl.png\",\"width\":2500,\"height\":2221,\"caption\":\"Neckar-Donau-Wegekreuz\"},\"image\":{\"@id\":\"https:\/\/neckar-donau-wegekreuz.de\/#logo\"}},{\"@type\":\"WebSite\",\"@id\":\"https:\/\/neckar-donau-wegekreuz.de\/#website\",\"url\":\"https:\/\/neckar-donau-wegekreuz.de\/\",\"name\":\"Neckar-Donau-Wegekreuz\",\"description\":\"Menschen, Orte, Zeiten treffen sich!\",\"publisher\":{\"@id\":\"https:\/\/neckar-donau-wegekreuz.de\/#organization\"},\"potentialAction\":[{\"@type\":\"SearchAction\",\"target\":{\"@type\":\"EntryPoint\",\"urlTemplate\":\"https:\/\/neckar-donau-wegekreuz.de\/?s={search_term_string}\"},\"query-input\":\"required name=search_term_string\"}],\"inLanguage\":\"de\"},{\"@type\":\"ImageObject\",\"@id\":\"http:\/\/neckar-donau-wegekreuz.de\/?page_id=114#primaryimage\",\"inLanguage\":\"de\",\"url\":\"http:\/\/neckar-donau-wegekreuz.de\/wp-content\/uploads\/2020\/03\/H\\u00f6rnle-Sept-2010-1024x665.jpg\",\"contentUrl\":\"http:\/\/neckar-donau-wegekreuz.de\/wp-content\/uploads\/2020\/03\/H\\u00f6rnle-Sept-2010-1024x665.jpg\"},{\"@type\":\"WebPage\",\"@id\":\"http:\/\/neckar-donau-wegekreuz.de\/?page_id=114#webpage\",\"url\":\"http:\/\/neckar-donau-wegekreuz.de\/?page_id=114\",\"name\":\"Sie praktizierte als Kur\\u00e4rztin - Ursula H\\u00f6rnle - Neckar-Donau-Wegekreuz\",\"isPartOf\":{\"@id\":\"https:\/\/neckar-donau-wegekreuz.de\/#website\"},\"primaryImageOfPage\":{\"@id\":\"http:\/\/neckar-donau-wegekreuz.de\/?page_id=114#primaryimage\"},\"datePublished\":\"2019-02-14T13:20:51+00:00\",\"dateModified\":\"2020-05-15T06:53:38+00:00\",\"breadcrumb\":{\"@id\":\"http:\/\/neckar-donau-wegekreuz.de\/?page_id=114#breadcrumb\"},\"inLanguage\":\"de\",\"potentialAction\":[{\"@type\":\"ReadAction\",\"target\":[\"http:\/\/neckar-donau-wegekreuz.de\/?page_id=114\"]}]},{\"@type\":\"BreadcrumbList\",\"@id\":\"http:\/\/neckar-donau-wegekreuz.de\/?page_id=114#breadcrumb\",\"itemListElement\":[{\"@type\":\"ListItem\",\"position\":1,\"name\":\"Startseite\",\"item\":\"https:\/\/neckar-donau-wegekreuz.de\/\"},{\"@type\":\"ListItem\",\"position\":2,\"name\":\"Menschen, Orte, Zeiten treffen sich! \\ufeff\",\"item\":\"https:\/\/neckar-donau-wegekreuz.de\/\"},{\"@type\":\"ListItem\",\"position\":3,\"name\":\"Die Installation &#8222;Wegekreuz&#8220;\",\"item\":\"https:\/\/neckar-donau-wegekreuz.de\/?page_id=11\"},{\"@type\":\"ListItem\",\"position\":4,\"name\":\"Sie praktizierte als Kur\\u00e4rztin &#8211; Ursula H\\u00f6rnle\"}]}]}<\/script>\n<!-- \/ Yoast SEO plugin. -->","yoast_head_json":{"title":"Sie praktizierte als Kur\u00e4rztin - Ursula H\u00f6rnle - Neckar-Donau-Wegekreuz","robots":{"index":"index","follow":"follow","max-snippet":"max-snippet:-1","max-image-preview":"max-image-preview:large","max-video-preview":"max-video-preview:-1"},"canonical":"http:\/\/neckar-donau-wegekreuz.de\/?page_id=114","og_locale":"de_DE","og_type":"article","og_title":"Sie praktizierte als Kur\u00e4rztin - Ursula H\u00f6rnle - Neckar-Donau-Wegekreuz","og_description":"Frau Dr. med. Ursula H\u00f6rnle \u00adbe\u00ad\u00adhandelte und beriet die Kurg\u00e4ste des Sanatoriums. Seit 1977 stand sie an der Seite der Armen Schulschwestern, die zu diesem Zeitpunkt ihren Sanatoriums\u00adneu\u00adbau in Betrieb nahmen. Und sie blieb ihnen auch als Haus\u00ad\u00e4rztin treu \u00fcber die Schlie\u00dfung des Badebetriebes hinaus. Ihr Hauptstandbein aber war die eigene Landarztpraxis in Nellingsheim, die &hellip; Sie praktizierte als Kur\u00e4rztin &#8211; Ursula H\u00f6rnle Read More \u00bb","og_url":"http:\/\/neckar-donau-wegekreuz.de\/?page_id=114","og_site_name":"Neckar-Donau-Wegekreuz","article_modified_time":"2020-05-15T06:53:38+00:00","og_image":[{"url":"http:\/\/neckar-donau-wegekreuz.de\/wp-content\/uploads\/2020\/03\/H\u00f6rnle-Sept-2010-1024x665.jpg"}],"twitter_card":"summary_large_image","twitter_misc":{"Gesch\u00e4tzte Lesezeit":"1\u00a0Minute"},"schema":{"@context":"https:\/\/schema.org","@graph":[{"@type":"Organization","@id":"https:\/\/neckar-donau-wegekreuz.de\/#organization","name":"Neckar-Donau-Wegekreuz","url":"https:\/\/neckar-donau-wegekreuz.de\/","sameAs":[],"logo":{"@type":"ImageObject","@id":"https:\/\/neckar-donau-wegekreuz.de\/#logo","inLanguage":"de","url":"http:\/\/neckar-donau-wegekreuz.de\/wp-content\/uploads\/2020\/05\/Logo_NeckarDonauWegeX-kl.png","contentUrl":"http:\/\/neckar-donau-wegekreuz.de\/wp-content\/uploads\/2020\/05\/Logo_NeckarDonauWegeX-kl.png","width":2500,"height":2221,"caption":"Neckar-Donau-Wegekreuz"},"image":{"@id":"https:\/\/neckar-donau-wegekreuz.de\/#logo"}},{"@type":"WebSite","@id":"https:\/\/neckar-donau-wegekreuz.de\/#website","url":"https:\/\/neckar-donau-wegekreuz.de\/","name":"Neckar-Donau-Wegekreuz","description":"Menschen, Orte, Zeiten treffen sich!","publisher":{"@id":"https:\/\/neckar-donau-wegekreuz.de\/#organization"},"potentialAction":[{"@type":"SearchAction","target":{"@type":"EntryPoint","urlTemplate":"https:\/\/neckar-donau-wegekreuz.de\/?s={search_term_string}"},"query-input":"required name=search_term_string"}],"inLanguage":"de"},{"@type":"ImageObject","@id":"http:\/\/neckar-donau-wegekreuz.de\/?page_id=114#primaryimage","inLanguage":"de","url":"http:\/\/neckar-donau-wegekreuz.de\/wp-content\/uploads\/2020\/03\/H\u00f6rnle-Sept-2010-1024x665.jpg","contentUrl":"http:\/\/neckar-donau-wegekreuz.de\/wp-content\/uploads\/2020\/03\/H\u00f6rnle-Sept-2010-1024x665.jpg"},{"@type":"WebPage","@id":"http:\/\/neckar-donau-wegekreuz.de\/?page_id=114#webpage","url":"http:\/\/neckar-donau-wegekreuz.de\/?page_id=114","name":"Sie praktizierte als Kur\u00e4rztin - Ursula H\u00f6rnle - Neckar-Donau-Wegekreuz","isPartOf":{"@id":"https:\/\/neckar-donau-wegekreuz.de\/#website"},"primaryImageOfPage":{"@id":"http:\/\/neckar-donau-wegekreuz.de\/?page_id=114#primaryimage"},"datePublished":"2019-02-14T13:20:51+00:00","dateModified":"2020-05-15T06:53:38+00:00","breadcrumb":{"@id":"http:\/\/neckar-donau-wegekreuz.de\/?page_id=114#breadcrumb"},"inLanguage":"de","potentialAction":[{"@type":"ReadAction","target":["http:\/\/neckar-donau-wegekreuz.de\/?page_id=114"]}]},{"@type":"BreadcrumbList","@id":"http:\/\/neckar-donau-wegekreuz.de\/?page_id=114#breadcrumb","itemListElement":[{"@type":"ListItem","position":1,"name":"Startseite","item":"https:\/\/neckar-donau-wegekreuz.de\/"},{"@type":"ListItem","position":2,"name":"Menschen, Orte, Zeiten treffen sich! \ufeff","item":"https:\/\/neckar-donau-wegekreuz.de\/"},{"@type":"ListItem","position":3,"name":"Die Installation &#8222;Wegekreuz&#8220;","item":"https:\/\/neckar-donau-wegekreuz.de\/?page_id=11"},{"@type":"ListItem","position":4,"name":"Sie praktizierte als Kur\u00e4rztin &#8211; Ursula H\u00f6rnle"}]}]}},"_links":{"self":[{"href":"https:\/\/neckar-donau-wegekreuz.de\/index.php?rest_route=\/wp\/v2\/pages\/114"}],"collection":[{"href":"https:\/\/neckar-donau-wegekreuz.de\/index.php?rest_route=\/wp\/v2\/pages"}],"about":[{"href":"https:\/\/neckar-donau-wegekreuz.de\/index.php?rest_route=\/wp\/v2\/types\/page"}],"author":[{"embeddable":true,"href":"https:\/\/neckar-donau-wegekreuz.de\/index.php?rest_route=\/wp\/v2\/users\/1"}],"replies":[{"embeddable":true,"href":"https:\/\/neckar-donau-wegekreuz.de\/index.php?rest_route=%2Fwp%2Fv2%2Fcomments&post=114"}],"version-history":[{"count":12,"href":"https:\/\/neckar-donau-wegekreuz.de\/index.php?rest_route=\/wp\/v2\/pages\/114\/revisions"}],"predecessor-version":[{"id":1763,"href":"https:\/\/neckar-donau-wegekreuz.de\/index.php?rest_route=\/wp\/v2\/pages\/114\/revisions\/1763"}],"up":[{"embeddable":true,"href":"https:\/\/neckar-donau-wegekreuz.de\/index.php?rest_route=\/wp\/v2\/pages\/11"}],"wp:attachment":[{"href":"https:\/\/neckar-donau-wegekreuz.de\/index.php?rest_route=%2Fwp%2Fv2%2Fmedia&parent=114"}],"curies":[{"name":"wp","href":"https:\/\/api.w.org\/{rel}","templated":true}]}}