{"id":136,"date":"2019-02-14T15:15:46","date_gmt":"2019-02-14T15:15:46","guid":{"rendered":"http:\/\/neckar-donau-wegekreuz.de\/?page_id=136"},"modified":"2020-05-15T07:05:35","modified_gmt":"2020-05-15T07:05:35","slug":"der-reiche-maezen-hatte-hier-sein-landhaus-kilian-von-steiner","status":"publish","type":"page","link":"https:\/\/neckar-donau-wegekreuz.de\/?page_id=136","title":{"rendered":"Der reiche M\u00e4zen hatte hier sein Landhaus &#8211; Kilian von Steiner"},"content":{"rendered":"\n<div class=\"wp-block-image\"><figure class=\"aligncenter\"><img loading=\"lazy\" width=\"665\" height=\"1024\" src=\"http:\/\/neckar-donau-wegekreuz.de\/wp-content\/uploads\/2019\/04\/Album-Geschichte-05-665x1024.jpg\" alt=\"\" class=\"wp-image-409\"\/><figcaption>Kilian von Steiner &#8211; er verbrachte gerne seine freie Zeit in Niedernau.  Foto: Archiv Stiftung Arme Schulschwestern <\/figcaption><\/figure><\/div>\n\n\n\n<p>Dr. Kilian von Steiner war Sohn des j\u00fcdischen Handelsmannes Viktor Steiner aus Laupheim. Er wurde Jurist und begann nach seiner Pro\u00admotion in Stuttgart eine er\u00ad\u00adstaun\u00adliche finanzpolitische Karriere: Er wurde Mitbegr\u00fcnder der Deutschen Partei, Aufsichtsratsvorsitzender der W\u00fcrttembergischen Vereinsbank, Mitbegr\u00fcnder der WMF, der Salzwerke Heilbronn und gefragter Berater der im 19. Jahrhundert \u00adaufstrebenden w\u00fcrttembergischen Industrie. Gottlieb \u00adDaimler und auch die BASF holten sich bei ihm finanzjuristischen Rat. 1895 verlieh K\u00f6\u00adnig Wilhelm II. ihm den pers\u00f6n\u00adlichen Adelstitel. Im Jahr 1871 hatte er bereits die \u201eVilla Waldhaus\u201c hier in Niedernau gekauft.<\/p>\n<p>\u00a0<\/p>\n\n\n\n<div class=\"wp-block-image\"><figure class=\"aligncenter\"><img loading=\"lazy\" width=\"1024\" height=\"747\" src=\"http:\/\/neckar-donau-wegekreuz.de\/wp-content\/uploads\/2019\/04\/Villa-Waldhaus-Album-Geschichte04-3-1024x747.jpg\" alt=\"\" class=\"wp-image-410\"\/><figcaption>Kilian von Steiner nannte sie die &#8222;Villa Waldhaus&#8220;. Damals war sie nur zwei Stockwerke hoch. Foto: Archiv Stiftung Arme Schulschwestern<\/figcaption><\/figure><\/div>\n\n\n\n<p>Damals war die Villa noch zwei Stockwerke niedriger. Vorbesitzer war der T\u00fcbinger Medizinprofessor Felix von Niemeyer, der das Wohnhaus des einstigen Badbesitzers Adolph Raidt ab 1865 zur Villa ausbaute. 1890 entstanden unter Kilian von Steiner Erweiterungsbauten in Fachwerk und Backstein und der Park wurde bepflanzt. Dort genoss von Steiner gerne seine Sommerfrische. Der Bahnanschluss seit 1864 erlaubte ihm kurzfristige Wochenendbesuche in seiner Idylle. <\/p>\n\n\n\n<figure class=\"wp-block-image\"><img loading=\"lazy\" width=\"1024\" height=\"735\" src=\"http:\/\/neckar-donau-wegekreuz.de\/wp-content\/uploads\/2019\/04\/Fritz-Keller-Haus-Album-Geschichte-8-1024x735.jpg\" alt=\"\" class=\"wp-image-411\"\/><figcaption>Ende des 19. Jahrhunderts als kleiner, zur Villa geh\u00f6render Bauernhof erbaut, sp\u00e4ter als G\u00e4stehaus genutzt: Die Niedernauer nennen es Fritz-Keller-Haus &#8211; vielleicht nach dem Dichter Fritz Keller. Foto: Archiv der Stiftung Arme Schulschwestern<\/figcaption><\/figure>\n\n\n\n<p>Kilian von Steiner schw\u00e4rmte von der Literatur. Er erm\u00f6glichte beispielsweise dem Dichter Berthold Auerbach hier einen mehrmonatigen Aufenthalt, der dort sein ber\u00fchmtestes Werk &#8222;Schwarzw\u00e4lder Dorfgeschichten&#8220; zu Ende verfasste. Als M\u00e4zen wurde er zum Mitbegr\u00fcnder des Schiller-Nationalmuseums in Marbach f\u00fcr das er sp\u00e4ter unter anderem den Nachlass Auerbachs erwarb und dem Museum spendete.   <\/p>\n\n\n\n<figure class=\"wp-block-image\"><img loading=\"lazy\" width=\"1024\" height=\"743\" src=\"http:\/\/neckar-donau-wegekreuz.de\/wp-content\/uploads\/2019\/04\/Wandelgang-Album-Geschichte11-1024x743.jpg\" alt=\"\" class=\"wp-image-412\"\/><figcaption>Die historistische Idylle wurde komplettiert mit einem mittelalterlich anmutenden Wandelgang. Foto: Archiv Stiftung Arme Schulschwestern <\/figcaption><\/figure>\n\n\n\n<p>Der Wandelgang, der heute fast wie Klostermauern anmutet, wurde um 1890 errichtet. Hier konnte man auch bei schlechterem Wetter trockenen Fu\u00dfes im Freien wandeln. Auch eine Kegelbahn war dort integriert. Die Kegel und Kugeln hatten ihr Depot in dem kleinen angebauten H\u00e4uschen.<\/p>\n\n\n\n<p>1917 verkaufte die Wittwe das gesamte Anwesen an den Kyffh\u00e4userbund, der das Haus als Kriegererholungsheim nutzte. Im Jahr 1915 wurde das Haus vom Kyffh\u00e4userbund aufgestockt und der Spitzgiebel entstand. Der Haupteingang wurde in diesem Zug auf die S\u00fcdseite verlegt.<\/p>\n\n\n\n<p>1958 wurde die Steinersche Villa mit zwei kleinen Nebengeb\u00e4uden auf der Anh\u00f6he sowie der gro\u00dfe Garten mit dem Wandelgang und dem sogenannten Fritz-Keller-Haus von der Kongregation der Armen Schulschwestern erworben. Im Mai 1958 konnten erste F\u00f6rdersch\u00fcler in das Internat einziehen.<\/p>\n\n\n\n<p><strong><a href=\"http:\/\/neckar-donau-wegekreuz.de\/?page_id=474\">-&gt; Lesen Sie die ganze Geschichte des Bades in Niedernau!<\/a><\/strong><\/p>\n","protected":false},"excerpt":{"rendered":"<p>Dr. Kilian von Steiner war Sohn des j\u00fcdischen Handelsmannes Viktor Steiner aus Laupheim. Er wurde Jurist und begann nach seiner Pro\u00admotion in Stuttgart eine er\u00ad\u00adstaun\u00adliche finanzpolitische Karriere: Er wurde Mitbegr\u00fcnder der Deutschen Partei, Aufsichtsratsvorsitzender der W\u00fcrttembergischen Vereinsbank, Mitbegr\u00fcnder der WMF, der Salzwerke Heilbronn und gefragter Berater der im 19. Jahrhundert \u00adaufstrebenden w\u00fcrttembergischen Industrie. Gottlieb \u00adDaimler &hellip;<\/p>\n<p class=\"read-more\"> <a class=\"\" href=\"https:\/\/neckar-donau-wegekreuz.de\/?page_id=136\"> <span class=\"screen-reader-text\">Der reiche M\u00e4zen hatte hier sein Landhaus &#8211; Kilian von Steiner<\/span> Read More \u00bb<\/a><\/p>\n","protected":false},"author":1,"featured_media":0,"parent":11,"menu_order":0,"comment_status":"closed","ping_status":"closed","template":"","meta":[],"yoast_head":"<!-- This site is optimized with the Yoast SEO plugin v17.1 - https:\/\/yoast.com\/wordpress\/plugins\/seo\/ -->\n<title>Der reiche M\u00e4zen hatte hier sein Landhaus - Kilian von Steiner - Neckar-Donau-Wegekreuz<\/title>\n<meta name=\"robots\" content=\"index, follow, max-snippet:-1, max-image-preview:large, max-video-preview:-1\" \/>\n<link rel=\"canonical\" href=\"https:\/\/neckar-donau-wegekreuz.de\/?page_id=136\" \/>\n<meta property=\"og:locale\" content=\"de_DE\" \/>\n<meta property=\"og:type\" content=\"article\" \/>\n<meta property=\"og:title\" content=\"Der reiche M\u00e4zen hatte hier sein Landhaus - Kilian von Steiner - Neckar-Donau-Wegekreuz\" \/>\n<meta property=\"og:description\" content=\"Dr. Kilian von Steiner war Sohn des j\u00fcdischen Handelsmannes Viktor Steiner aus Laupheim. Er wurde Jurist und begann nach seiner Pro\u00admotion in Stuttgart eine er\u00ad\u00adstaun\u00adliche finanzpolitische Karriere: Er wurde Mitbegr\u00fcnder der Deutschen Partei, Aufsichtsratsvorsitzender der W\u00fcrttembergischen Vereinsbank, Mitbegr\u00fcnder der WMF, der Salzwerke Heilbronn und gefragter Berater der im 19. Jahrhundert \u00adaufstrebenden w\u00fcrttembergischen Industrie. Gottlieb \u00adDaimler &hellip; Der reiche M\u00e4zen hatte hier sein Landhaus &#8211; Kilian von Steiner Read More \u00bb\" \/>\n<meta property=\"og:url\" content=\"https:\/\/neckar-donau-wegekreuz.de\/?page_id=136\" \/>\n<meta property=\"og:site_name\" content=\"Neckar-Donau-Wegekreuz\" \/>\n<meta property=\"article:modified_time\" content=\"2020-05-15T07:05:35+00:00\" \/>\n<meta property=\"og:image\" content=\"http:\/\/neckar-donau-wegekreuz.de\/wp-content\/uploads\/2019\/04\/Album-Geschichte-05-665x1024.jpg\" \/>\n<meta name=\"twitter:card\" content=\"summary_large_image\" \/>\n<meta name=\"twitter:label1\" content=\"Gesch\u00e4tzte Lesezeit\" \/>\n\t<meta name=\"twitter:data1\" content=\"2\u00a0Minuten\" \/>\n<script type=\"application\/ld+json\" class=\"yoast-schema-graph\">{\"@context\":\"https:\/\/schema.org\",\"@graph\":[{\"@type\":\"Organization\",\"@id\":\"https:\/\/neckar-donau-wegekreuz.de\/#organization\",\"name\":\"Neckar-Donau-Wegekreuz\",\"url\":\"https:\/\/neckar-donau-wegekreuz.de\/\",\"sameAs\":[],\"logo\":{\"@type\":\"ImageObject\",\"@id\":\"https:\/\/neckar-donau-wegekreuz.de\/#logo\",\"inLanguage\":\"de\",\"url\":\"http:\/\/neckar-donau-wegekreuz.de\/wp-content\/uploads\/2020\/05\/Logo_NeckarDonauWegeX-kl.png\",\"contentUrl\":\"http:\/\/neckar-donau-wegekreuz.de\/wp-content\/uploads\/2020\/05\/Logo_NeckarDonauWegeX-kl.png\",\"width\":2500,\"height\":2221,\"caption\":\"Neckar-Donau-Wegekreuz\"},\"image\":{\"@id\":\"https:\/\/neckar-donau-wegekreuz.de\/#logo\"}},{\"@type\":\"WebSite\",\"@id\":\"https:\/\/neckar-donau-wegekreuz.de\/#website\",\"url\":\"https:\/\/neckar-donau-wegekreuz.de\/\",\"name\":\"Neckar-Donau-Wegekreuz\",\"description\":\"Menschen, Orte, Zeiten treffen sich!\",\"publisher\":{\"@id\":\"https:\/\/neckar-donau-wegekreuz.de\/#organization\"},\"potentialAction\":[{\"@type\":\"SearchAction\",\"target\":{\"@type\":\"EntryPoint\",\"urlTemplate\":\"https:\/\/neckar-donau-wegekreuz.de\/?s={search_term_string}\"},\"query-input\":\"required name=search_term_string\"}],\"inLanguage\":\"de\"},{\"@type\":\"ImageObject\",\"@id\":\"https:\/\/neckar-donau-wegekreuz.de\/?page_id=136#primaryimage\",\"inLanguage\":\"de\",\"url\":\"http:\/\/neckar-donau-wegekreuz.de\/wp-content\/uploads\/2019\/04\/Album-Geschichte-05-665x1024.jpg\",\"contentUrl\":\"http:\/\/neckar-donau-wegekreuz.de\/wp-content\/uploads\/2019\/04\/Album-Geschichte-05-665x1024.jpg\"},{\"@type\":\"WebPage\",\"@id\":\"https:\/\/neckar-donau-wegekreuz.de\/?page_id=136#webpage\",\"url\":\"https:\/\/neckar-donau-wegekreuz.de\/?page_id=136\",\"name\":\"Der reiche M\\u00e4zen hatte hier sein Landhaus - Kilian von Steiner - Neckar-Donau-Wegekreuz\",\"isPartOf\":{\"@id\":\"https:\/\/neckar-donau-wegekreuz.de\/#website\"},\"primaryImageOfPage\":{\"@id\":\"https:\/\/neckar-donau-wegekreuz.de\/?page_id=136#primaryimage\"},\"datePublished\":\"2019-02-14T15:15:46+00:00\",\"dateModified\":\"2020-05-15T07:05:35+00:00\",\"breadcrumb\":{\"@id\":\"https:\/\/neckar-donau-wegekreuz.de\/?page_id=136#breadcrumb\"},\"inLanguage\":\"de\",\"potentialAction\":[{\"@type\":\"ReadAction\",\"target\":[\"https:\/\/neckar-donau-wegekreuz.de\/?page_id=136\"]}]},{\"@type\":\"BreadcrumbList\",\"@id\":\"https:\/\/neckar-donau-wegekreuz.de\/?page_id=136#breadcrumb\",\"itemListElement\":[{\"@type\":\"ListItem\",\"position\":1,\"name\":\"Startseite\",\"item\":\"https:\/\/neckar-donau-wegekreuz.de\/\"},{\"@type\":\"ListItem\",\"position\":2,\"name\":\"Menschen, Orte, Zeiten treffen sich! \\ufeff\",\"item\":\"https:\/\/neckar-donau-wegekreuz.de\/\"},{\"@type\":\"ListItem\",\"position\":3,\"name\":\"Die Installation &#8222;Wegekreuz&#8220;\",\"item\":\"https:\/\/neckar-donau-wegekreuz.de\/?page_id=11\"},{\"@type\":\"ListItem\",\"position\":4,\"name\":\"Der reiche M\\u00e4zen hatte hier sein Landhaus &#8211; Kilian von Steiner\"}]}]}<\/script>\n<!-- \/ Yoast SEO plugin. -->","yoast_head_json":{"title":"Der reiche M\u00e4zen hatte hier sein Landhaus - Kilian von Steiner - Neckar-Donau-Wegekreuz","robots":{"index":"index","follow":"follow","max-snippet":"max-snippet:-1","max-image-preview":"max-image-preview:large","max-video-preview":"max-video-preview:-1"},"canonical":"https:\/\/neckar-donau-wegekreuz.de\/?page_id=136","og_locale":"de_DE","og_type":"article","og_title":"Der reiche M\u00e4zen hatte hier sein Landhaus - Kilian von Steiner - Neckar-Donau-Wegekreuz","og_description":"Dr. Kilian von Steiner war Sohn des j\u00fcdischen Handelsmannes Viktor Steiner aus Laupheim. Er wurde Jurist und begann nach seiner Pro\u00admotion in Stuttgart eine er\u00ad\u00adstaun\u00adliche finanzpolitische Karriere: Er wurde Mitbegr\u00fcnder der Deutschen Partei, Aufsichtsratsvorsitzender der W\u00fcrttembergischen Vereinsbank, Mitbegr\u00fcnder der WMF, der Salzwerke Heilbronn und gefragter Berater der im 19. Jahrhundert \u00adaufstrebenden w\u00fcrttembergischen Industrie. Gottlieb \u00adDaimler &hellip; Der reiche M\u00e4zen hatte hier sein Landhaus &#8211; Kilian von Steiner Read More \u00bb","og_url":"https:\/\/neckar-donau-wegekreuz.de\/?page_id=136","og_site_name":"Neckar-Donau-Wegekreuz","article_modified_time":"2020-05-15T07:05:35+00:00","og_image":[{"url":"http:\/\/neckar-donau-wegekreuz.de\/wp-content\/uploads\/2019\/04\/Album-Geschichte-05-665x1024.jpg"}],"twitter_card":"summary_large_image","twitter_misc":{"Gesch\u00e4tzte Lesezeit":"2\u00a0Minuten"},"schema":{"@context":"https:\/\/schema.org","@graph":[{"@type":"Organization","@id":"https:\/\/neckar-donau-wegekreuz.de\/#organization","name":"Neckar-Donau-Wegekreuz","url":"https:\/\/neckar-donau-wegekreuz.de\/","sameAs":[],"logo":{"@type":"ImageObject","@id":"https:\/\/neckar-donau-wegekreuz.de\/#logo","inLanguage":"de","url":"http:\/\/neckar-donau-wegekreuz.de\/wp-content\/uploads\/2020\/05\/Logo_NeckarDonauWegeX-kl.png","contentUrl":"http:\/\/neckar-donau-wegekreuz.de\/wp-content\/uploads\/2020\/05\/Logo_NeckarDonauWegeX-kl.png","width":2500,"height":2221,"caption":"Neckar-Donau-Wegekreuz"},"image":{"@id":"https:\/\/neckar-donau-wegekreuz.de\/#logo"}},{"@type":"WebSite","@id":"https:\/\/neckar-donau-wegekreuz.de\/#website","url":"https:\/\/neckar-donau-wegekreuz.de\/","name":"Neckar-Donau-Wegekreuz","description":"Menschen, Orte, Zeiten treffen sich!","publisher":{"@id":"https:\/\/neckar-donau-wegekreuz.de\/#organization"},"potentialAction":[{"@type":"SearchAction","target":{"@type":"EntryPoint","urlTemplate":"https:\/\/neckar-donau-wegekreuz.de\/?s={search_term_string}"},"query-input":"required name=search_term_string"}],"inLanguage":"de"},{"@type":"ImageObject","@id":"https:\/\/neckar-donau-wegekreuz.de\/?page_id=136#primaryimage","inLanguage":"de","url":"http:\/\/neckar-donau-wegekreuz.de\/wp-content\/uploads\/2019\/04\/Album-Geschichte-05-665x1024.jpg","contentUrl":"http:\/\/neckar-donau-wegekreuz.de\/wp-content\/uploads\/2019\/04\/Album-Geschichte-05-665x1024.jpg"},{"@type":"WebPage","@id":"https:\/\/neckar-donau-wegekreuz.de\/?page_id=136#webpage","url":"https:\/\/neckar-donau-wegekreuz.de\/?page_id=136","name":"Der reiche M\u00e4zen hatte hier sein Landhaus - Kilian von Steiner - Neckar-Donau-Wegekreuz","isPartOf":{"@id":"https:\/\/neckar-donau-wegekreuz.de\/#website"},"primaryImageOfPage":{"@id":"https:\/\/neckar-donau-wegekreuz.de\/?page_id=136#primaryimage"},"datePublished":"2019-02-14T15:15:46+00:00","dateModified":"2020-05-15T07:05:35+00:00","breadcrumb":{"@id":"https:\/\/neckar-donau-wegekreuz.de\/?page_id=136#breadcrumb"},"inLanguage":"de","potentialAction":[{"@type":"ReadAction","target":["https:\/\/neckar-donau-wegekreuz.de\/?page_id=136"]}]},{"@type":"BreadcrumbList","@id":"https:\/\/neckar-donau-wegekreuz.de\/?page_id=136#breadcrumb","itemListElement":[{"@type":"ListItem","position":1,"name":"Startseite","item":"https:\/\/neckar-donau-wegekreuz.de\/"},{"@type":"ListItem","position":2,"name":"Menschen, Orte, Zeiten treffen sich! \ufeff","item":"https:\/\/neckar-donau-wegekreuz.de\/"},{"@type":"ListItem","position":3,"name":"Die Installation &#8222;Wegekreuz&#8220;","item":"https:\/\/neckar-donau-wegekreuz.de\/?page_id=11"},{"@type":"ListItem","position":4,"name":"Der reiche M\u00e4zen hatte hier sein Landhaus &#8211; Kilian von Steiner"}]}]}},"_links":{"self":[{"href":"https:\/\/neckar-donau-wegekreuz.de\/index.php?rest_route=\/wp\/v2\/pages\/136"}],"collection":[{"href":"https:\/\/neckar-donau-wegekreuz.de\/index.php?rest_route=\/wp\/v2\/pages"}],"about":[{"href":"https:\/\/neckar-donau-wegekreuz.de\/index.php?rest_route=\/wp\/v2\/types\/page"}],"author":[{"embeddable":true,"href":"https:\/\/neckar-donau-wegekreuz.de\/index.php?rest_route=\/wp\/v2\/users\/1"}],"replies":[{"embeddable":true,"href":"https:\/\/neckar-donau-wegekreuz.de\/index.php?rest_route=%2Fwp%2Fv2%2Fcomments&post=136"}],"version-history":[{"count":7,"href":"https:\/\/neckar-donau-wegekreuz.de\/index.php?rest_route=\/wp\/v2\/pages\/136\/revisions"}],"predecessor-version":[{"id":1769,"href":"https:\/\/neckar-donau-wegekreuz.de\/index.php?rest_route=\/wp\/v2\/pages\/136\/revisions\/1769"}],"up":[{"embeddable":true,"href":"https:\/\/neckar-donau-wegekreuz.de\/index.php?rest_route=\/wp\/v2\/pages\/11"}],"wp:attachment":[{"href":"https:\/\/neckar-donau-wegekreuz.de\/index.php?rest_route=%2Fwp%2Fv2%2Fmedia&parent=136"}],"curies":[{"name":"wp","href":"https:\/\/api.w.org\/{rel}","templated":true}]}}