{"id":2210,"date":"2020-07-12T09:01:45","date_gmt":"2020-07-12T09:01:45","guid":{"rendered":"http:\/\/neckar-donau-wegekreuz.de\/?page_id=2210"},"modified":"2020-11-15T17:50:41","modified_gmt":"2020-11-15T17:50:41","slug":"1938-filipowa-feiert-175jaehriges-bestehen","status":"publish","type":"page","link":"https:\/\/neckar-donau-wegekreuz.de\/?page_id=2210","title":{"rendered":"1938 &#8211; Filipowa feiert 175j\u00e4hriges Bestehen"},"content":{"rendered":"\t\t<div data-elementor-type=\"wp-page\" data-elementor-id=\"2210\" class=\"elementor elementor-2210\" data-elementor-settings=\"[]\">\n\t\t\t\t\t\t<div class=\"elementor-inner\">\n\t\t\t\t\t\t\t<div class=\"elementor-section-wrap\">\n\t\t\t\t\t\t\t<section class=\"elementor-section elementor-top-section elementor-element elementor-element-72ab6539 elementor-section-boxed elementor-section-height-default elementor-section-height-default\" data-id=\"72ab6539\" data-element_type=\"section\">\n\t\t\t\t\t\t<div class=\"elementor-container elementor-column-gap-default\">\n\t\t\t\t\t\t\t<div class=\"elementor-row\">\n\t\t\t\t\t<div class=\"elementor-column elementor-col-100 elementor-top-column elementor-element elementor-element-1a0a65f\" data-id=\"1a0a65f\" data-element_type=\"column\">\n\t\t\t<div class=\"elementor-column-wrap elementor-element-populated\">\n\t\t\t\t\t\t\t<div class=\"elementor-widget-wrap\">\n\t\t\t\t\t\t<div class=\"elementor-element elementor-element-72c60ff8 elementor-widget elementor-widget-text-editor\" data-id=\"72c60ff8\" data-element_type=\"widget\" data-widget_type=\"text-editor.default\">\n\t\t\t\t<div class=\"elementor-widget-container\">\n\t\t\t\t\t\t\t\t<div class=\"elementor-text-editor elementor-clearfix\">\n\t\t\t\t<p><!-- wp:tadv\/classic-paragraph --><\/p>\n<p>mit einem Denkmal, einem Festzug und einer Leistungsschau von Landwirtschaft und Gewerbe<\/p>\n<p><!-- \/wp:tadv\/classic-paragraph --><\/p>\n<p><!-- wp:tadv\/classic-paragraph \/--><\/p>\t\t\t\t\t<\/div>\n\t\t\t\t\t\t<\/div>\n\t\t\t\t<\/div>\n\t\t\t\t\t\t<\/div>\n\t\t\t\t\t<\/div>\n\t\t<\/div>\n\t\t\t\t\t\t\t\t<\/div>\n\t\t\t\t\t<\/div>\n\t\t<\/section>\n\t\t\t\t<section class=\"elementor-section elementor-top-section elementor-element elementor-element-93d5c15 elementor-section-boxed elementor-section-height-default elementor-section-height-default\" data-id=\"93d5c15\" data-element_type=\"section\">\n\t\t\t\t\t\t<div class=\"elementor-container elementor-column-gap-default\">\n\t\t\t\t\t\t\t<div class=\"elementor-row\">\n\t\t\t\t\t<div class=\"elementor-column elementor-col-100 elementor-top-column elementor-element elementor-element-aaebbaa\" data-id=\"aaebbaa\" data-element_type=\"column\">\n\t\t\t<div class=\"elementor-column-wrap elementor-element-populated\">\n\t\t\t\t\t\t\t<div class=\"elementor-widget-wrap\">\n\t\t\t\t\t\t<div class=\"elementor-element elementor-element-dea416b elementor-arrows-position-outside elementor-pagination-position-outside elementor-widget elementor-widget-image-carousel\" data-id=\"dea416b\" data-element_type=\"widget\" data-settings=\"{&quot;slides_to_show&quot;:&quot;1&quot;,&quot;autoplay&quot;:&quot;no&quot;,&quot;navigation&quot;:&quot;both&quot;,&quot;infinite&quot;:&quot;yes&quot;,&quot;effect&quot;:&quot;slide&quot;,&quot;speed&quot;:500}\" data-widget_type=\"image-carousel.default\">\n\t\t\t\t<div class=\"elementor-widget-container\">\n\t\t\t\t\t<div class=\"elementor-image-carousel-wrapper swiper-container\" dir=\"ltr\">\n\t\t\t<div class=\"elementor-image-carousel swiper-wrapper\">\n\t\t\t\t\t\t\t\t<div class=\"swiper-slide\"><a data-elementor-open-lightbox=\"yes\" data-elementor-lightbox-slideshow=\"dea416b\" data-elementor-lightbox-title=\"Fe 01a - Einladung z. Fest 1938\" data-elementor-lightbox-description=\"Einladung##\n\n\n\n\" href=\"https:\/\/neckar-donau-wegekreuz.de\/wp-content\/uploads\/2020\/09\/Fe-01a-Einladung-z.-Fest-1938.png\"><figure class=\"swiper-slide-inner\"><img class=\"swiper-slide-image\" src=\"https:\/\/neckar-donau-wegekreuz.de\/wp-content\/uploads\/2020\/09\/Fe-01a-Einladung-z.-Fest-1938.png\" alt=\"Einladung\" \/><figcaption class=\"elementor-image-carousel-caption\">Einladung<\/figcaption><\/figure><\/a><\/div><div class=\"swiper-slide\"><a data-elementor-open-lightbox=\"yes\" data-elementor-lightbox-slideshow=\"dea416b\" data-elementor-lightbox-title=\"Fe 02 -\" href=\"https:\/\/neckar-donau-wegekreuz.de\/wp-content\/uploads\/2020\/09\/Fe-02-.png\"><figure class=\"swiper-slide-inner\"><img class=\"swiper-slide-image\" src=\"https:\/\/neckar-donau-wegekreuz.de\/wp-content\/uploads\/2020\/09\/Fe-02-.png\" alt=\"Ahnendenkmal und Gemeindehaus\" \/><figcaption class=\"elementor-image-carousel-caption\">Ahnendenkmal und Gemeindehaus<\/figcaption><\/figure><\/a><\/div><div class=\"swiper-slide\"><a data-elementor-open-lightbox=\"yes\" data-elementor-lightbox-slideshow=\"dea416b\" data-elementor-lightbox-title=\"Fe 03\" href=\"https:\/\/neckar-donau-wegekreuz.de\/wp-content\/uploads\/2020\/09\/Fe-03.png\"><figure class=\"swiper-slide-inner\"><img class=\"swiper-slide-image\" src=\"https:\/\/neckar-donau-wegekreuz.de\/wp-content\/uploads\/2020\/09\/Fe-03.png\" alt=\"Ortszentrum \u2013 Dreifaltigkeitss\u00e4ule und r\u00f6m.kath. Kirche \u2013 1938\" \/><figcaption class=\"elementor-image-carousel-caption\">Ortszentrum \u2013 Dreifaltigkeitss\u00e4ule und r\u00f6m.kath. Kirche \u2013 1938<\/figcaption><\/figure><\/a><\/div><div class=\"swiper-slide\"><a data-elementor-open-lightbox=\"yes\" data-elementor-lightbox-slideshow=\"dea416b\" data-elementor-lightbox-title=\"Fe 04 - Bild 5\" href=\"https:\/\/neckar-donau-wegekreuz.de\/wp-content\/uploads\/2020\/09\/Fe-04-Bild-5.png\"><figure class=\"swiper-slide-inner\"><img class=\"swiper-slide-image\" src=\"https:\/\/neckar-donau-wegekreuz.de\/wp-content\/uploads\/2020\/09\/Fe-04-Bild-5.png\" alt=\"Innenaufnahme der Kirche \u2013Seelenamt f\u00fcr die Verstorbenen.\" \/><figcaption class=\"elementor-image-carousel-caption\">Innenaufnahme der Kirche \u2013Seelenamt f\u00fcr die Verstorbenen.<\/figcaption><\/figure><\/a><\/div><div class=\"swiper-slide\"><a data-elementor-open-lightbox=\"yes\" data-elementor-lightbox-slideshow=\"dea416b\" data-elementor-lightbox-title=\"Fe 05 - Bild 8-11\" href=\"https:\/\/neckar-donau-wegekreuz.de\/wp-content\/uploads\/2020\/09\/Fe-05-Bild-8-11.png\"><figure class=\"swiper-slide-inner\"><img class=\"swiper-slide-image\" src=\"https:\/\/neckar-donau-wegekreuz.de\/wp-content\/uploads\/2020\/09\/Fe-05-Bild-8-11.png\" alt=\"Totenfeier, es sprachen; Mathias Kn\u00f6bl, Sebastian Zollitsch, und Parrer Julius \u201aWildmann\" \/><figcaption class=\"elementor-image-carousel-caption\">Totenfeier, es sprachen; Mathias Kn\u00f6bl, Sebastian Zollitsch, und Parrer Julius \u201aWildmann<\/figcaption><\/figure><\/a><\/div><div class=\"swiper-slide\"><a data-elementor-open-lightbox=\"yes\" data-elementor-lightbox-slideshow=\"dea416b\" data-elementor-lightbox-title=\"Fe 06 - Bild 8-11\" href=\"https:\/\/neckar-donau-wegekreuz.de\/wp-content\/uploads\/2020\/09\/Fe-06-Bild-8-11.png\"><figure class=\"swiper-slide-inner\"><img class=\"swiper-slide-image\" src=\"https:\/\/neckar-donau-wegekreuz.de\/wp-content\/uploads\/2020\/09\/Fe-06-Bild-8-11.png\" alt=\"Versammelte w\u00e4hrend der Totenfeier\" \/><figcaption class=\"elementor-image-carousel-caption\">Versammelte w\u00e4hrend der Totenfeier<\/figcaption><\/figure><\/a><\/div><div class=\"swiper-slide\"><a data-elementor-open-lightbox=\"yes\" data-elementor-lightbox-slideshow=\"dea416b\" data-elementor-lightbox-title=\"Fe 07 - Bild 8-11\" href=\"https:\/\/neckar-donau-wegekreuz.de\/wp-content\/uploads\/2020\/09\/Fe-07-Bild-8-11.png\"><figure class=\"swiper-slide-inner\"><img class=\"swiper-slide-image\" src=\"https:\/\/neckar-donau-wegekreuz.de\/wp-content\/uploads\/2020\/09\/Fe-07-Bild-8-11.png\" alt=\"Gesangsverein er\u00f6ffnet die Ahnenehrung auf dem Friedhof\" \/><figcaption class=\"elementor-image-carousel-caption\">Gesangsverein er\u00f6ffnet die Ahnenehrung auf dem Friedhof<\/figcaption><\/figure><\/a><\/div><div class=\"swiper-slide\"><a data-elementor-open-lightbox=\"yes\" data-elementor-lightbox-slideshow=\"dea416b\" data-elementor-lightbox-title=\"Fe 08 - Bild 8-11\" href=\"https:\/\/neckar-donau-wegekreuz.de\/wp-content\/uploads\/2020\/09\/Fe-08-Bild-8-11.png\"><figure class=\"swiper-slide-inner\"><img class=\"swiper-slide-image\" src=\"https:\/\/neckar-donau-wegekreuz.de\/wp-content\/uploads\/2020\/09\/Fe-08-Bild-8-11.png\" alt=\"Im Gebet f\u00fcr die verstorbenen Ahnen\" \/><figcaption class=\"elementor-image-carousel-caption\">Im Gebet f\u00fcr die verstorbenen Ahnen<\/figcaption><\/figure><\/a><\/div><div class=\"swiper-slide\"><a data-elementor-open-lightbox=\"yes\" data-elementor-lightbox-slideshow=\"dea416b\" data-elementor-lightbox-title=\"Fe 09 - Bild 12-15\" href=\"https:\/\/neckar-donau-wegekreuz.de\/wp-content\/uploads\/2020\/09\/Fe-09-Bild-12-15.png\"><figure class=\"swiper-slide-inner\"><img class=\"swiper-slide-image\" src=\"https:\/\/neckar-donau-wegekreuz.de\/wp-content\/uploads\/2020\/09\/Fe-09-Bild-12-15.png\" alt=\"Gedenkrede von Anton K\u00f6nig\" \/><figcaption class=\"elementor-image-carousel-caption\">Gedenkrede von Anton K\u00f6nig<\/figcaption><\/figure><\/a><\/div><div class=\"swiper-slide\"><a data-elementor-open-lightbox=\"yes\" data-elementor-lightbox-slideshow=\"dea416b\" data-elementor-lightbox-title=\"Fe 10 - Bild 12-15\" href=\"https:\/\/neckar-donau-wegekreuz.de\/wp-content\/uploads\/2020\/09\/Fe-10-Bild-12-15.png\"><figure class=\"swiper-slide-inner\"><img class=\"swiper-slide-image\" src=\"https:\/\/neckar-donau-wegekreuz.de\/wp-content\/uploads\/2020\/09\/Fe-10-Bild-12-15.png\" alt=\"Die Weihe der Ahnengr\u00e4ber\nDenkmalenth\u00fcllung\" \/><figcaption class=\"elementor-image-carousel-caption\">Die Weihe der Ahnengr\u00e4ber\nDenkmalenth\u00fcllung<\/figcaption><\/figure><\/a><\/div><div class=\"swiper-slide\"><a data-elementor-open-lightbox=\"yes\" data-elementor-lightbox-slideshow=\"dea416b\" data-elementor-lightbox-title=\"Fe 11 - Bild 12-15\" href=\"https:\/\/neckar-donau-wegekreuz.de\/wp-content\/uploads\/2020\/09\/Fe-11-Bild-12-15.png\"><figure class=\"swiper-slide-inner\"><img class=\"swiper-slide-image\" src=\"https:\/\/neckar-donau-wegekreuz.de\/wp-content\/uploads\/2020\/09\/Fe-11-Bild-12-15.png\" alt=\"Aufmarsch zur Ahnendenkmalenth\u00fcllung\" \/><figcaption class=\"elementor-image-carousel-caption\">Aufmarsch zur Ahnendenkmalenth\u00fcllung<\/figcaption><\/figure><\/a><\/div><div class=\"swiper-slide\"><a data-elementor-open-lightbox=\"yes\" data-elementor-lightbox-slideshow=\"dea416b\" data-elementor-lightbox-title=\"Fe 12 - Bild 16-19\" href=\"https:\/\/neckar-donau-wegekreuz.de\/wp-content\/uploads\/2020\/09\/Fe-12-Bild-16-19.png\"><figure class=\"swiper-slide-inner\"><img class=\"swiper-slide-image\" src=\"https:\/\/neckar-donau-wegekreuz.de\/wp-content\/uploads\/2020\/09\/Fe-12-Bild-16-19.png\" alt=\"Aufmarsch Filipowaer Jugendgruppen\" \/><figcaption class=\"elementor-image-carousel-caption\">Aufmarsch Filipowaer Jugendgruppen<\/figcaption><\/figure><\/a><\/div><div class=\"swiper-slide\"><a data-elementor-open-lightbox=\"yes\" data-elementor-lightbox-slideshow=\"dea416b\" data-elementor-lightbox-title=\"Fe 13- Bild 16-19 G\" href=\"https:\/\/neckar-donau-wegekreuz.de\/wp-content\/uploads\/2020\/10\/Fe-13-Bild-16-19-G-1.png\"><figure class=\"swiper-slide-inner\"><img class=\"swiper-slide-image\" src=\"https:\/\/neckar-donau-wegekreuz.de\/wp-content\/uploads\/2020\/10\/Fe-13-Bild-16-19-G-1.png\" alt=\"Aufmarsch Filipowaer Jugendgruppen\" \/><figcaption class=\"elementor-image-carousel-caption\">Aufmarsch Filipowaer Jugendgruppen<\/figcaption><\/figure><\/a><\/div><div class=\"swiper-slide\"><a data-elementor-open-lightbox=\"yes\" data-elementor-lightbox-slideshow=\"dea416b\" data-elementor-lightbox-title=\"Fe 14 - Bild 16-19\" href=\"https:\/\/neckar-donau-wegekreuz.de\/wp-content\/uploads\/2020\/09\/Fe-14-Bild-16-19.png\"><figure class=\"swiper-slide-inner\"><img class=\"swiper-slide-image\" src=\"https:\/\/neckar-donau-wegekreuz.de\/wp-content\/uploads\/2020\/09\/Fe-14-Bild-16-19.png\" alt=\"Aufmarsch Filipowaer Jugendgruppen\" \/><figcaption class=\"elementor-image-carousel-caption\">Aufmarsch Filipowaer Jugendgruppen<\/figcaption><\/figure><\/a><\/div><div class=\"swiper-slide\"><a data-elementor-open-lightbox=\"yes\" data-elementor-lightbox-slideshow=\"dea416b\" data-elementor-lightbox-title=\"Fe 15 - Bild 20 -22\" href=\"https:\/\/neckar-donau-wegekreuz.de\/wp-content\/uploads\/2020\/09\/Fe-15-Bild-20-22.png\"><figure class=\"swiper-slide-inner\"><img class=\"swiper-slide-image\" src=\"https:\/\/neckar-donau-wegekreuz.de\/wp-content\/uploads\/2020\/09\/Fe-15-Bild-20-22.png\" alt=\"Festleiter Philipp Teppert\" \/><figcaption class=\"elementor-image-carousel-caption\">Festleiter Philipp Teppert<\/figcaption><\/figure><\/a><\/div><div class=\"swiper-slide\"><a data-elementor-open-lightbox=\"yes\" data-elementor-lightbox-slideshow=\"dea416b\" data-elementor-lightbox-title=\"Fe 16 - Bild 20 -22\" href=\"https:\/\/neckar-donau-wegekreuz.de\/wp-content\/uploads\/2020\/09\/Fe-16-Bild-20-22.png\"><figure class=\"swiper-slide-inner\"><img class=\"swiper-slide-image\" src=\"https:\/\/neckar-donau-wegekreuz.de\/wp-content\/uploads\/2020\/09\/Fe-16-Bild-20-22.png\" alt=\"Filipowaer M\u00e4nnerchor singt die Staatshymne\" \/><figcaption class=\"elementor-image-carousel-caption\">Filipowaer M\u00e4nnerchor singt die Staatshymne<\/figcaption><\/figure><\/a><\/div><div class=\"swiper-slide\"><a data-elementor-open-lightbox=\"yes\" data-elementor-lightbox-slideshow=\"dea416b\" data-elementor-lightbox-title=\"Fe 17 Bild 23-26\" href=\"https:\/\/neckar-donau-wegekreuz.de\/wp-content\/uploads\/2020\/09\/Fe-17-Bild-23-26.png\"><figure class=\"swiper-slide-inner\"><img class=\"swiper-slide-image\" src=\"https:\/\/neckar-donau-wegekreuz.de\/wp-content\/uploads\/2020\/09\/Fe-17-Bild-23-26.png\" alt=\"Festrede Martin K\u00f6nig\" \/><figcaption class=\"elementor-image-carousel-caption\">Festrede Martin K\u00f6nig<\/figcaption><\/figure><\/a><\/div><div class=\"swiper-slide\"><a data-elementor-open-lightbox=\"yes\" data-elementor-lightbox-slideshow=\"dea416b\" data-elementor-lightbox-title=\"fe 18- Bild 27-30\" href=\"https:\/\/neckar-donau-wegekreuz.de\/wp-content\/uploads\/2020\/09\/fe-18-Bild-27-30.png\"><figure class=\"swiper-slide-inner\"><img class=\"swiper-slide-image\" src=\"https:\/\/neckar-donau-wegekreuz.de\/wp-content\/uploads\/2020\/09\/fe-18-Bild-27-30.png\" alt=\"Empfang der Festg\u00e4ste am Bahnhof\" \/><figcaption class=\"elementor-image-carousel-caption\">Empfang der Festg\u00e4ste am Bahnhof<\/figcaption><\/figure><\/a><\/div><div class=\"swiper-slide\"><a data-elementor-open-lightbox=\"yes\" data-elementor-lightbox-slideshow=\"dea416b\" data-elementor-lightbox-title=\"Fe 19 - Bild 31-34\" href=\"https:\/\/neckar-donau-wegekreuz.de\/wp-content\/uploads\/2020\/09\/Fe-19-Bild-31-34.png\"><figure class=\"swiper-slide-inner\"><img class=\"swiper-slide-image\" src=\"https:\/\/neckar-donau-wegekreuz.de\/wp-content\/uploads\/2020\/09\/Fe-19-Bild-31-34.png\" alt=\"Empfang der Festg\u00e4ste am Bahnhof\" \/><figcaption class=\"elementor-image-carousel-caption\">Empfang der Festg\u00e4ste am Bahnhof<\/figcaption><\/figure><\/a><\/div><div class=\"swiper-slide\"><a data-elementor-open-lightbox=\"yes\" data-elementor-lightbox-slideshow=\"dea416b\" data-elementor-lightbox-title=\"Fe 20 - Bild 31-34\" href=\"https:\/\/neckar-donau-wegekreuz.de\/wp-content\/uploads\/2020\/09\/Fe-20-Bild-31-34.png\"><figure class=\"swiper-slide-inner\"><img class=\"swiper-slide-image\" src=\"https:\/\/neckar-donau-wegekreuz.de\/wp-content\/uploads\/2020\/09\/Fe-20-Bild-31-34.png\" alt=\"Empfang der Festg\u00e4ste am Bahnhof\" \/><figcaption class=\"elementor-image-carousel-caption\">Empfang der Festg\u00e4ste am Bahnhof<\/figcaption><\/figure><\/a><\/div><div class=\"swiper-slide\"><a data-elementor-open-lightbox=\"yes\" data-elementor-lightbox-slideshow=\"dea416b\" data-elementor-lightbox-title=\"Fe 21 - Bild 31-34\" href=\"https:\/\/neckar-donau-wegekreuz.de\/wp-content\/uploads\/2020\/09\/Fe-21-Bild-31-34.png\"><figure class=\"swiper-slide-inner\"><img class=\"swiper-slide-image\" src=\"https:\/\/neckar-donau-wegekreuz.de\/wp-content\/uploads\/2020\/09\/Fe-21-Bild-31-34.png\" alt=\"Einzug der Festg\u00e4ste\" \/><figcaption class=\"elementor-image-carousel-caption\">Einzug der Festg\u00e4ste<\/figcaption><\/figure><\/a><\/div><div class=\"swiper-slide\"><a data-elementor-open-lightbox=\"yes\" data-elementor-lightbox-slideshow=\"dea416b\" data-elementor-lightbox-title=\"Fe 22 - Bild 35-38\" href=\"https:\/\/neckar-donau-wegekreuz.de\/wp-content\/uploads\/2020\/09\/Fe-22-Bild-35-38.png\"><figure class=\"swiper-slide-inner\"><img class=\"swiper-slide-image\" src=\"https:\/\/neckar-donau-wegekreuz.de\/wp-content\/uploads\/2020\/09\/Fe-22-Bild-35-38.png\" alt=\"Einzug der Festg\u00e4ste\" \/><figcaption class=\"elementor-image-carousel-caption\">Einzug der Festg\u00e4ste<\/figcaption><\/figure><\/a><\/div><div class=\"swiper-slide\"><a data-elementor-open-lightbox=\"yes\" data-elementor-lightbox-slideshow=\"dea416b\" data-elementor-lightbox-title=\"Fe 23 - Bild 35-38\" href=\"https:\/\/neckar-donau-wegekreuz.de\/wp-content\/uploads\/2020\/09\/Fe-23-Bild-35-38.png\"><figure class=\"swiper-slide-inner\"><img class=\"swiper-slide-image\" src=\"https:\/\/neckar-donau-wegekreuz.de\/wp-content\/uploads\/2020\/09\/Fe-23-Bild-35-38.png\" alt=\"Festteilnehmer im Festzelte\" \/><figcaption class=\"elementor-image-carousel-caption\">Festteilnehmer im Festzelte<\/figcaption><\/figure><\/a><\/div><div class=\"swiper-slide\"><a data-elementor-open-lightbox=\"yes\" data-elementor-lightbox-slideshow=\"dea416b\" data-elementor-lightbox-title=\"Fe 24 - Bild 35-38\" href=\"https:\/\/neckar-donau-wegekreuz.de\/wp-content\/uploads\/2020\/09\/Fe-24-Bild-35-38.png\"><figure class=\"swiper-slide-inner\"><img class=\"swiper-slide-image\" src=\"https:\/\/neckar-donau-wegekreuz.de\/wp-content\/uploads\/2020\/09\/Fe-24-Bild-35-38.png\" alt=\"Festteilnehmer im Festzelt\" \/><figcaption class=\"elementor-image-carousel-caption\">Festteilnehmer im Festzelt<\/figcaption><\/figure><\/a><\/div><div class=\"swiper-slide\"><a data-elementor-open-lightbox=\"yes\" data-elementor-lightbox-slideshow=\"dea416b\" data-elementor-lightbox-title=\"Fe 25 Bild 39 - 42\" href=\"https:\/\/neckar-donau-wegekreuz.de\/wp-content\/uploads\/2020\/09\/Fe-25-Bild-39-42.png\"><figure class=\"swiper-slide-inner\"><img class=\"swiper-slide-image\" src=\"https:\/\/neckar-donau-wegekreuz.de\/wp-content\/uploads\/2020\/09\/Fe-25-Bild-39-42.png\" alt=\"Es spricht Dr. Konrad Schmidt \u2013 Rechtsanwalt\" \/><figcaption class=\"elementor-image-carousel-caption\">Es spricht Dr. Konrad Schmidt \u2013 Rechtsanwalt<\/figcaption><\/figure><\/a><\/div><div class=\"swiper-slide\"><a data-elementor-open-lightbox=\"yes\" data-elementor-lightbox-slideshow=\"dea416b\" data-elementor-lightbox-title=\"Fe 26 - Bild 43 -46\" href=\"https:\/\/neckar-donau-wegekreuz.de\/wp-content\/uploads\/2020\/09\/Fe-26-Bild-43-46.png\"><figure class=\"swiper-slide-inner\"><img class=\"swiper-slide-image\" src=\"https:\/\/neckar-donau-wegekreuz.de\/wp-content\/uploads\/2020\/09\/Fe-26-Bild-43-46.png\" alt=\"Vertreter verschiedener  Organisationen\" \/><figcaption class=\"elementor-image-carousel-caption\">Vertreter verschiedener  Organisationen<\/figcaption><\/figure><\/a><\/div><div class=\"swiper-slide\"><a data-elementor-open-lightbox=\"yes\" data-elementor-lightbox-slideshow=\"dea416b\" data-elementor-lightbox-title=\"Fe 27 - Bild 43 -46\" href=\"https:\/\/neckar-donau-wegekreuz.de\/wp-content\/uploads\/2020\/09\/Fe-27-Bild-43-46.png\"><figure class=\"swiper-slide-inner\"><img class=\"swiper-slide-image\" src=\"https:\/\/neckar-donau-wegekreuz.de\/wp-content\/uploads\/2020\/09\/Fe-27-Bild-43-46.png\" alt=\"Die beh\u00f6rdlichen Vertreter\" \/><figcaption class=\"elementor-image-carousel-caption\">Die beh\u00f6rdlichen Vertreter<\/figcaption><\/figure><\/a><\/div><div class=\"swiper-slide\"><a data-elementor-open-lightbox=\"yes\" data-elementor-lightbox-slideshow=\"dea416b\" data-elementor-lightbox-title=\"Fe 28 - Bild 43 -46\" href=\"https:\/\/neckar-donau-wegekreuz.de\/wp-content\/uploads\/2020\/09\/Fe-28-Bild-43-46.png\"><figure class=\"swiper-slide-inner\"><img class=\"swiper-slide-image\" src=\"https:\/\/neckar-donau-wegekreuz.de\/wp-content\/uploads\/2020\/09\/Fe-28-Bild-43-46.png\" alt=\"Legationsekret\u00e4r der dt. Botschaft in Belgrad, Dr.Alexis Bivenot\" \/><figcaption class=\"elementor-image-carousel-caption\">Legationsekret\u00e4r der dt. Botschaft in Belgrad, Dr.Alexis Bivenot<\/figcaption><\/figure><\/a><\/div><div class=\"swiper-slide\"><a data-elementor-open-lightbox=\"yes\" data-elementor-lightbox-slideshow=\"dea416b\" data-elementor-lightbox-title=\"Fe 29 - Bild 43 -46\" href=\"https:\/\/neckar-donau-wegekreuz.de\/wp-content\/uploads\/2020\/09\/Fe-29-Bild-43-46.png\"><figure class=\"swiper-slide-inner\"><img class=\"swiper-slide-image\" src=\"https:\/\/neckar-donau-wegekreuz.de\/wp-content\/uploads\/2020\/09\/Fe-29-Bild-43-46.png\" alt=\"Dr. Gustav Sp\u00e4th, Vertreter des deutschen Auslandsinstituts Stuttgart\" \/><figcaption class=\"elementor-image-carousel-caption\">Dr. Gustav Sp\u00e4th, Vertreter des deutschen Auslandsinstituts Stuttgart<\/figcaption><\/figure><\/a><\/div><div class=\"swiper-slide\"><a data-elementor-open-lightbox=\"yes\" data-elementor-lightbox-slideshow=\"dea416b\" data-elementor-lightbox-title=\"Fe 30 - Bild 47 -50\" href=\"https:\/\/neckar-donau-wegekreuz.de\/wp-content\/uploads\/2020\/09\/Fe-30-Bild-47-50.png\"><figure class=\"swiper-slide-inner\"><img class=\"swiper-slide-image\" src=\"https:\/\/neckar-donau-wegekreuz.de\/wp-content\/uploads\/2020\/09\/Fe-30-Bild-47-50.png\" alt=\"Johann Keks, Bundesobman des SDKB (Schw\u00e4b. Deutscher Kulturbund)\" \/><figcaption class=\"elementor-image-carousel-caption\">Johann Keks, Bundesobman des SDKB (Schw\u00e4b. Deutscher Kulturbund)<\/figcaption><\/figure><\/a><\/div><div class=\"swiper-slide\"><a data-elementor-open-lightbox=\"yes\" data-elementor-lightbox-slideshow=\"dea416b\" data-elementor-lightbox-title=\"Fe 31 - Bild 47 -50\" href=\"https:\/\/neckar-donau-wegekreuz.de\/wp-content\/uploads\/2020\/09\/Fe-31-Bild-47-50.png\"><figure class=\"swiper-slide-inner\"><img class=\"swiper-slide-image\" src=\"https:\/\/neckar-donau-wegekreuz.de\/wp-content\/uploads\/2020\/09\/Fe-31-Bild-47-50.png\" alt=\"Johann Keks, Martin Pertschy, Gemeinderichter (B\u00fcrgermeister)\" \/><figcaption class=\"elementor-image-carousel-caption\">Johann Keks, Martin Pertschy, Gemeinderichter (B\u00fcrgermeister)<\/figcaption><\/figure><\/a><\/div><div class=\"swiper-slide\"><a data-elementor-open-lightbox=\"yes\" data-elementor-lightbox-slideshow=\"dea416b\" data-elementor-lightbox-title=\"Fe 32 - Bild 51 -54\" href=\"https:\/\/neckar-donau-wegekreuz.de\/wp-content\/uploads\/2020\/09\/Fe-32-Bild-51-54.png\"><figure class=\"swiper-slide-inner\"><img class=\"swiper-slide-image\" src=\"https:\/\/neckar-donau-wegekreuz.de\/wp-content\/uploads\/2020\/09\/Fe-32-Bild-51-54.png\" alt=\"Feuerwehrkapelle und Feuerwehrtruppe\" \/><figcaption class=\"elementor-image-carousel-caption\">Feuerwehrkapelle und Feuerwehrtruppe<\/figcaption><\/figure><\/a><\/div><div class=\"swiper-slide\"><a data-elementor-open-lightbox=\"yes\" data-elementor-lightbox-slideshow=\"dea416b\" data-elementor-lightbox-title=\"Fe 33 - Bild 51 -54\" href=\"https:\/\/neckar-donau-wegekreuz.de\/wp-content\/uploads\/2020\/09\/Fe-33-Bild-51-54.png\"><figure class=\"swiper-slide-inner\"><img class=\"swiper-slide-image\" src=\"https:\/\/neckar-donau-wegekreuz.de\/wp-content\/uploads\/2020\/09\/Fe-33-Bild-51-54.png\" alt=\"Feuerwehrtruppe\" \/><figcaption class=\"elementor-image-carousel-caption\">Feuerwehrtruppe<\/figcaption><\/figure><\/a><\/div><div class=\"swiper-slide\"><a data-elementor-open-lightbox=\"yes\" data-elementor-lightbox-slideshow=\"dea416b\" data-elementor-lightbox-title=\"Fe 34 - Bild 55 - 57\" href=\"https:\/\/neckar-donau-wegekreuz.de\/wp-content\/uploads\/2020\/09\/Fe-34-Bild-55-57.png\"><figure class=\"swiper-slide-inner\"><img class=\"swiper-slide-image\" src=\"https:\/\/neckar-donau-wegekreuz.de\/wp-content\/uploads\/2020\/09\/Fe-34-Bild-55-57.png\" alt=\"Kinder in Alt-Filipowaer Tracht\" \/><figcaption class=\"elementor-image-carousel-caption\">Kinder in Alt-Filipowaer Tracht<\/figcaption><\/figure><\/a><\/div><div class=\"swiper-slide\"><a data-elementor-open-lightbox=\"yes\" data-elementor-lightbox-slideshow=\"dea416b\" data-elementor-lightbox-title=\"Fe 35 - Bild 55 - 57\" href=\"https:\/\/neckar-donau-wegekreuz.de\/wp-content\/uploads\/2020\/09\/Fe-35-Bild-55-57.png\"><figure class=\"swiper-slide-inner\"><img class=\"swiper-slide-image\" src=\"https:\/\/neckar-donau-wegekreuz.de\/wp-content\/uploads\/2020\/09\/Fe-35-Bild-55-57.png\" alt=\"Kinder in Alt-Filipowaer Tracht\" \/><figcaption class=\"elementor-image-carousel-caption\">Kinder in Alt-Filipowaer Tracht<\/figcaption><\/figure><\/a><\/div><div class=\"swiper-slide\"><a data-elementor-open-lightbox=\"yes\" data-elementor-lightbox-slideshow=\"dea416b\" data-elementor-lightbox-title=\"Fe 36- Bild 60 -62\" href=\"https:\/\/neckar-donau-wegekreuz.de\/wp-content\/uploads\/2020\/09\/Fe-36-Bild-60-62.png\"><figure class=\"swiper-slide-inner\"><img class=\"swiper-slide-image\" src=\"https:\/\/neckar-donau-wegekreuz.de\/wp-content\/uploads\/2020\/09\/Fe-36-Bild-60-62.png\" alt=\"Jugendgruppen Filipowa des SDKB (Schw\u00e4b. Deutscher Kulturbund)\" \/><figcaption class=\"elementor-image-carousel-caption\">Jugendgruppen Filipowa des SDKB (Schw\u00e4b. Deutscher Kulturbund)<\/figcaption><\/figure><\/a><\/div><div class=\"swiper-slide\"><a data-elementor-open-lightbox=\"yes\" data-elementor-lightbox-slideshow=\"dea416b\" data-elementor-lightbox-title=\"Fe 37 - Bild 63 - 66\" href=\"https:\/\/neckar-donau-wegekreuz.de\/wp-content\/uploads\/2020\/09\/Fe-37-Bild-63-66.png\"><figure class=\"swiper-slide-inner\"><img class=\"swiper-slide-image\" src=\"https:\/\/neckar-donau-wegekreuz.de\/wp-content\/uploads\/2020\/09\/Fe-37-Bild-63-66.png\" alt=\"Jugendgruppen aus verschiedenen Orten der Batschka und Slawoniens\" \/><figcaption class=\"elementor-image-carousel-caption\">Jugendgruppen aus verschiedenen Orten der Batschka und Slawoniens<\/figcaption><\/figure><\/a><\/div><div class=\"swiper-slide\"><a data-elementor-open-lightbox=\"yes\" data-elementor-lightbox-slideshow=\"dea416b\" data-elementor-lightbox-title=\"Fe 38 - Bild 63 - 66\" href=\"https:\/\/neckar-donau-wegekreuz.de\/wp-content\/uploads\/2020\/09\/Fe-38-Bild-63-66.png\"><figure class=\"swiper-slide-inner\"><img class=\"swiper-slide-image\" src=\"https:\/\/neckar-donau-wegekreuz.de\/wp-content\/uploads\/2020\/09\/Fe-38-Bild-63-66.png\" alt=\"Jugendgruppen aus verschiedenen Orten der Batschka und Slawoniens\" \/><figcaption class=\"elementor-image-carousel-caption\">Jugendgruppen aus verschiedenen Orten der Batschka und Slawoniens<\/figcaption><\/figure><\/a><\/div><div class=\"swiper-slide\"><a data-elementor-open-lightbox=\"yes\" data-elementor-lightbox-slideshow=\"dea416b\" data-elementor-lightbox-title=\"Fe 39 - Bild 67 - 70\" href=\"https:\/\/neckar-donau-wegekreuz.de\/wp-content\/uploads\/2020\/09\/Fe-39-Bild-67-70.png\"><figure class=\"swiper-slide-inner\"><img class=\"swiper-slide-image\" src=\"https:\/\/neckar-donau-wegekreuz.de\/wp-content\/uploads\/2020\/09\/Fe-39-Bild-67-70.png\" alt=\"Filipowaer Schuljugend\" \/><figcaption class=\"elementor-image-carousel-caption\">Filipowaer Schuljugend<\/figcaption><\/figure><\/a><\/div><div class=\"swiper-slide\"><a data-elementor-open-lightbox=\"yes\" data-elementor-lightbox-slideshow=\"dea416b\" data-elementor-lightbox-title=\"Fe 40- Bild 75-78\" href=\"https:\/\/neckar-donau-wegekreuz.de\/wp-content\/uploads\/2020\/09\/Fe-40-Bild-75-78.png\"><figure class=\"swiper-slide-inner\"><img class=\"swiper-slide-image\" src=\"https:\/\/neckar-donau-wegekreuz.de\/wp-content\/uploads\/2020\/09\/Fe-40-Bild-75-78.png\" alt=\"Mistwagen \u2013 Wendelin Schmidt\" \/><figcaption class=\"elementor-image-carousel-caption\">Mistwagen \u2013 Wendelin Schmidt<\/figcaption><\/figure><\/a><\/div><div class=\"swiper-slide\"><a data-elementor-open-lightbox=\"yes\" data-elementor-lightbox-slideshow=\"dea416b\" data-elementor-lightbox-title=\"Fe 41 - Bild 75-78\" href=\"https:\/\/neckar-donau-wegekreuz.de\/wp-content\/uploads\/2020\/09\/Fe-41-Bild-75-78.png\"><figure class=\"swiper-slide-inner\"><img class=\"swiper-slide-image\" src=\"https:\/\/neckar-donau-wegekreuz.de\/wp-content\/uploads\/2020\/09\/Fe-41-Bild-75-78.png\" alt=\"S\u00e4maschine  und Gespann des Adam Schmidt\" \/><figcaption class=\"elementor-image-carousel-caption\">S\u00e4maschine  und Gespann des Adam Schmidt<\/figcaption><\/figure><\/a><\/div><div class=\"swiper-slide\"><a data-elementor-open-lightbox=\"yes\" data-elementor-lightbox-slideshow=\"dea416b\" data-elementor-lightbox-title=\"Fe 42 - Bild 79 - 82jpg\" href=\"https:\/\/neckar-donau-wegekreuz.de\/wp-content\/uploads\/2020\/09\/Fe-42-Bild-79-82jpg.png\"><figure class=\"swiper-slide-inner\"><img class=\"swiper-slide-image\" src=\"https:\/\/neckar-donau-wegekreuz.de\/wp-content\/uploads\/2020\/09\/Fe-42-Bild-79-82jpg.png\" alt=\"Garbenwagen des Landwirts Franz Pertschy\" \/><figcaption class=\"elementor-image-carousel-caption\">Garbenwagen des Landwirts Franz Pertschy<\/figcaption><\/figure><\/a><\/div><div class=\"swiper-slide\"><a data-elementor-open-lightbox=\"yes\" data-elementor-lightbox-slideshow=\"dea416b\" data-elementor-lightbox-title=\"Fe 43 - Bild 79 - 82jpg\" href=\"https:\/\/neckar-donau-wegekreuz.de\/wp-content\/uploads\/2020\/09\/Fe-43-Bild-79-82jpg.png\"><figure class=\"swiper-slide-inner\"><img class=\"swiper-slide-image\" src=\"https:\/\/neckar-donau-wegekreuz.de\/wp-content\/uploads\/2020\/09\/Fe-43-Bild-79-82jpg.png\" alt=\"Mehlwagen der Walzm\u00fchle, Fuhrwerk von Josef M\u00fcller\" \/><figcaption class=\"elementor-image-carousel-caption\">Mehlwagen der Walzm\u00fchle, Fuhrwerk von Josef M\u00fcller<\/figcaption><\/figure><\/a><\/div><div class=\"swiper-slide\"><a data-elementor-open-lightbox=\"yes\" data-elementor-lightbox-slideshow=\"dea416b\" data-elementor-lightbox-title=\"Fe 44 - Bild 79 - 82jpg\" href=\"https:\/\/neckar-donau-wegekreuz.de\/wp-content\/uploads\/2020\/09\/Fe-44-Bild-79-82jpg.png\"><figure class=\"swiper-slide-inner\"><img class=\"swiper-slide-image\" src=\"https:\/\/neckar-donau-wegekreuz.de\/wp-content\/uploads\/2020\/09\/Fe-44-Bild-79-82jpg.png\" alt=\"Erntekrone und Brotlaib\" \/><figcaption class=\"elementor-image-carousel-caption\">Erntekrone und Brotlaib<\/figcaption><\/figure><\/a><\/div><div class=\"swiper-slide\"><a data-elementor-open-lightbox=\"yes\" data-elementor-lightbox-slideshow=\"dea416b\" data-elementor-lightbox-title=\"Fe 01\" href=\"https:\/\/neckar-donau-wegekreuz.de\/wp-content\/uploads\/2020\/09\/Fe-01-e1624522231647.png\"><figure class=\"swiper-slide-inner\"><img class=\"swiper-slide-image\" src=\"https:\/\/neckar-donau-wegekreuz.de\/wp-content\/uploads\/2020\/09\/Fe-01-e1624522231647.png\" alt=\"Denkmal zur Erinnerung der deutschen Ansiedlung 1763. Entwurf Sebastian Leicht-Brestovac, hergestellt Steinmetz Johann Epli Filipowa.\" \/><figcaption class=\"elementor-image-carousel-caption\">Denkmal zur Erinnerung der deutschen Ansiedlung 1763. Entwurf Sebastian Leicht-Brestovac, hergestellt Steinmetz Johann Epli Filipowa.<\/figcaption><\/figure><\/a><\/div><div class=\"swiper-slide\"><a data-elementor-open-lightbox=\"yes\" data-elementor-lightbox-slideshow=\"dea416b\" data-elementor-lightbox-title=\"Fd 30\" href=\"https:\/\/neckar-donau-wegekreuz.de\/wp-content\/uploads\/2020\/07\/Fd-30.png\"><figure class=\"swiper-slide-inner\"><img class=\"swiper-slide-image\" src=\"https:\/\/neckar-donau-wegekreuz.de\/wp-content\/uploads\/2020\/07\/Fd-30.png\" alt=\"Nachbarsfrauen-Treff in der Klostergasse am Sonntagnachmittag 1940\/41. Foto: Archiv Freundeskreis Filipowa\" \/><figcaption class=\"elementor-image-carousel-caption\">Nachbarsfrauen-Treff in der Klostergasse am Sonntagnachmittag 1940\/41. Foto: Archiv Freundeskreis Filipowa<\/figcaption><\/figure><\/a><\/div><div class=\"swiper-slide\"><a data-elementor-open-lightbox=\"yes\" data-elementor-lightbox-slideshow=\"dea416b\" data-elementor-lightbox-title=\"Fe 55 - Bild 95 -98\" href=\"https:\/\/neckar-donau-wegekreuz.de\/wp-content\/uploads\/2020\/09\/Fe-55-Bild-95-98-1.png\"><figure class=\"swiper-slide-inner\"><img class=\"swiper-slide-image\" src=\"https:\/\/neckar-donau-wegekreuz.de\/wp-content\/uploads\/2020\/09\/Fe-55-Bild-95-98-1.png\" alt=\"Modelldarstellung der Gemeinde Filipowa, Herstellung Martin K\u00f6nig, G\u00e4rtner\" \/><figcaption class=\"elementor-image-carousel-caption\">Modelldarstellung der Gemeinde Filipowa, Herstellung Martin K\u00f6nig, G\u00e4rtner<\/figcaption><\/figure><\/a><\/div>\t\t\t<\/div>\n\t\t\t\t\t\t\t\t\t\t\t\t<div class=\"swiper-pagination\"><\/div>\n\t\t\t\t\t\t\t\t\t\t\t\t\t<div class=\"elementor-swiper-button elementor-swiper-button-prev\">\n\t\t\t\t\t\t<i class=\"eicon-chevron-left\" aria-hidden=\"true\"><\/i>\n\t\t\t\t\t\t<span class=\"elementor-screen-only\">Zur\u00fcck<\/span>\n\t\t\t\t\t<\/div>\n\t\t\t\t\t<div class=\"elementor-swiper-button elementor-swiper-button-next\">\n\t\t\t\t\t\t<i class=\"eicon-chevron-right\" aria-hidden=\"true\"><\/i>\n\t\t\t\t\t\t<span class=\"elementor-screen-only\">Weiter<\/span>\n\t\t\t\t\t<\/div>\n\t\t\t\t\t\t\t\t\t<\/div>\n\t\t\t\t<\/div>\n\t\t\t\t<\/div>\n\t\t\t\t\t\t<\/div>\n\t\t\t\t\t<\/div>\n\t\t<\/div>\n\t\t\t\t\t\t\t\t<\/div>\n\t\t\t\t\t<\/div>\n\t\t<\/section>\n\t\t\t\t<section class=\"elementor-section elementor-top-section elementor-element elementor-element-d46669c elementor-section-boxed elementor-section-height-default elementor-section-height-default\" data-id=\"d46669c\" data-element_type=\"section\">\n\t\t\t\t\t\t<div class=\"elementor-container elementor-column-gap-default\">\n\t\t\t\t\t\t\t<div class=\"elementor-row\">\n\t\t\t\t\t<div class=\"elementor-column elementor-col-100 elementor-top-column elementor-element elementor-element-6aa8fb2\" data-id=\"6aa8fb2\" data-element_type=\"column\">\n\t\t\t<div class=\"elementor-column-wrap\">\n\t\t\t\t\t\t\t<div class=\"elementor-widget-wrap\">\n\t\t\t\t\t\t\t\t<\/div>\n\t\t\t\t\t<\/div>\n\t\t<\/div>\n\t\t\t\t\t\t\t\t<\/div>\n\t\t\t\t\t<\/div>\n\t\t<\/section>\n\t\t\t\t\t\t<\/div>\n\t\t\t\t\t\t<\/div>\n\t\t\t\t\t<\/div>\n\t\t","protected":false},"excerpt":{"rendered":"<p>mit einem Denkmal, einem Festzug und einer Leistungsschau von Landwirtschaft und Gewerbe Einladung Ahnendenkmal und Gemeindehaus Ortszentrum \u2013 Dreifaltigkeitss\u00e4ule und r\u00f6m.kath. Kirche \u2013 1938 Innenaufnahme der Kirche \u2013Seelenamt f\u00fcr die Verstorbenen. Totenfeier, es sprachen; Mathias Kn\u00f6bl, Sebastian Zollitsch, und Parrer Julius \u201aWildmann Versammelte w\u00e4hrend der Totenfeier Gesangsverein er\u00f6ffnet die Ahnenehrung auf dem Friedhof Im Gebet &hellip;<\/p>\n<p class=\"read-more\"> <a class=\"\" href=\"https:\/\/neckar-donau-wegekreuz.de\/?page_id=2210\"> <span class=\"screen-reader-text\">1938 &#8211; Filipowa feiert 175j\u00e4hriges Bestehen<\/span> Read More \u00bb<\/a><\/p>\n","protected":false},"author":1,"featured_media":0,"parent":15,"menu_order":0,"comment_status":"closed","ping_status":"closed","template":"","meta":[],"yoast_head":"<!-- This site is optimized with the Yoast SEO plugin v17.1 - https:\/\/yoast.com\/wordpress\/plugins\/seo\/ -->\n<title>1938 - Filipowa feiert 175j\u00e4hriges Bestehen - Neckar-Donau-Wegekreuz<\/title>\n<meta name=\"robots\" content=\"index, follow, max-snippet:-1, max-image-preview:large, max-video-preview:-1\" \/>\n<link rel=\"canonical\" href=\"http:\/\/neckar-donau-wegekreuz.de\/?page_id=2210\" \/>\n<meta property=\"og:locale\" content=\"de_DE\" \/>\n<meta property=\"og:type\" content=\"article\" \/>\n<meta property=\"og:title\" content=\"1938 - Filipowa feiert 175j\u00e4hriges Bestehen - Neckar-Donau-Wegekreuz\" \/>\n<meta property=\"og:description\" content=\"mit einem Denkmal, einem Festzug und einer Leistungsschau von Landwirtschaft und Gewerbe Einladung Ahnendenkmal und Gemeindehaus Ortszentrum \u2013 Dreifaltigkeitss\u00e4ule und r\u00f6m.kath. Kirche \u2013 1938 Innenaufnahme der Kirche \u2013Seelenamt f\u00fcr die Verstorbenen. Totenfeier, es sprachen; Mathias Kn\u00f6bl, Sebastian Zollitsch, und Parrer Julius \u201aWildmann Versammelte w\u00e4hrend der Totenfeier Gesangsverein er\u00f6ffnet die Ahnenehrung auf dem Friedhof Im Gebet &hellip; 1938 &#8211; Filipowa feiert 175j\u00e4hriges Bestehen Read More \u00bb\" \/>\n<meta property=\"og:url\" content=\"http:\/\/neckar-donau-wegekreuz.de\/?page_id=2210\" \/>\n<meta property=\"og:site_name\" content=\"Neckar-Donau-Wegekreuz\" \/>\n<meta property=\"article:modified_time\" content=\"2020-11-15T17:50:41+00:00\" \/>\n<meta property=\"og:image\" content=\"http:\/\/neckar-donau-wegekreuz.de\/wp-content\/uploads\/2020\/09\/Fe-01a-Einladung-z.-Fest-1938.png\" \/>\n<meta name=\"twitter:card\" content=\"summary_large_image\" \/>\n<meta name=\"twitter:label1\" content=\"Gesch\u00e4tzte Lesezeit\" \/>\n\t<meta name=\"twitter:data1\" content=\"1\u00a0Minute\" \/>\n<script type=\"application\/ld+json\" class=\"yoast-schema-graph\">{\"@context\":\"https:\/\/schema.org\",\"@graph\":[{\"@type\":\"Organization\",\"@id\":\"https:\/\/neckar-donau-wegekreuz.de\/#organization\",\"name\":\"Neckar-Donau-Wegekreuz\",\"url\":\"https:\/\/neckar-donau-wegekreuz.de\/\",\"sameAs\":[],\"logo\":{\"@type\":\"ImageObject\",\"@id\":\"https:\/\/neckar-donau-wegekreuz.de\/#logo\",\"inLanguage\":\"de\",\"url\":\"http:\/\/neckar-donau-wegekreuz.de\/wp-content\/uploads\/2020\/05\/Logo_NeckarDonauWegeX-kl.png\",\"contentUrl\":\"http:\/\/neckar-donau-wegekreuz.de\/wp-content\/uploads\/2020\/05\/Logo_NeckarDonauWegeX-kl.png\",\"width\":2500,\"height\":2221,\"caption\":\"Neckar-Donau-Wegekreuz\"},\"image\":{\"@id\":\"https:\/\/neckar-donau-wegekreuz.de\/#logo\"}},{\"@type\":\"WebSite\",\"@id\":\"https:\/\/neckar-donau-wegekreuz.de\/#website\",\"url\":\"https:\/\/neckar-donau-wegekreuz.de\/\",\"name\":\"Neckar-Donau-Wegekreuz\",\"description\":\"Menschen, Orte, Zeiten treffen sich!\",\"publisher\":{\"@id\":\"https:\/\/neckar-donau-wegekreuz.de\/#organization\"},\"potentialAction\":[{\"@type\":\"SearchAction\",\"target\":{\"@type\":\"EntryPoint\",\"urlTemplate\":\"https:\/\/neckar-donau-wegekreuz.de\/?s={search_term_string}\"},\"query-input\":\"required name=search_term_string\"}],\"inLanguage\":\"de\"},{\"@type\":\"ImageObject\",\"@id\":\"http:\/\/neckar-donau-wegekreuz.de\/?page_id=2210#primaryimage\",\"inLanguage\":\"de\",\"url\":\"http:\/\/neckar-donau-wegekreuz.de\/wp-content\/uploads\/2020\/09\/Fe-01a-Einladung-z.-Fest-1938.png\",\"contentUrl\":\"http:\/\/neckar-donau-wegekreuz.de\/wp-content\/uploads\/2020\/09\/Fe-01a-Einladung-z.-Fest-1938.png\"},{\"@type\":\"WebPage\",\"@id\":\"http:\/\/neckar-donau-wegekreuz.de\/?page_id=2210#webpage\",\"url\":\"http:\/\/neckar-donau-wegekreuz.de\/?page_id=2210\",\"name\":\"1938 - Filipowa feiert 175j\\u00e4hriges Bestehen - Neckar-Donau-Wegekreuz\",\"isPartOf\":{\"@id\":\"https:\/\/neckar-donau-wegekreuz.de\/#website\"},\"primaryImageOfPage\":{\"@id\":\"http:\/\/neckar-donau-wegekreuz.de\/?page_id=2210#primaryimage\"},\"datePublished\":\"2020-07-12T09:01:45+00:00\",\"dateModified\":\"2020-11-15T17:50:41+00:00\",\"breadcrumb\":{\"@id\":\"http:\/\/neckar-donau-wegekreuz.de\/?page_id=2210#breadcrumb\"},\"inLanguage\":\"de\",\"potentialAction\":[{\"@type\":\"ReadAction\",\"target\":[\"http:\/\/neckar-donau-wegekreuz.de\/?page_id=2210\"]}]},{\"@type\":\"BreadcrumbList\",\"@id\":\"http:\/\/neckar-donau-wegekreuz.de\/?page_id=2210#breadcrumb\",\"itemListElement\":[{\"@type\":\"ListItem\",\"position\":1,\"name\":\"Startseite\",\"item\":\"https:\/\/neckar-donau-wegekreuz.de\/\"},{\"@type\":\"ListItem\",\"position\":2,\"name\":\"Menschen, Orte, Zeiten treffen sich! \\ufeff\",\"item\":\"https:\/\/neckar-donau-wegekreuz.de\/\"},{\"@type\":\"ListItem\",\"position\":3,\"name\":\"Filipowa &#8211; eine donauschw\\u00e4bische Gemeinde\",\"item\":\"https:\/\/neckar-donau-wegekreuz.de\/?page_id=15\"},{\"@type\":\"ListItem\",\"position\":4,\"name\":\"1938 &#8211; Filipowa feiert 175j\\u00e4hriges Bestehen\"}]}]}<\/script>\n<!-- \/ Yoast SEO plugin. -->","yoast_head_json":{"title":"1938 - Filipowa feiert 175j\u00e4hriges Bestehen - Neckar-Donau-Wegekreuz","robots":{"index":"index","follow":"follow","max-snippet":"max-snippet:-1","max-image-preview":"max-image-preview:large","max-video-preview":"max-video-preview:-1"},"canonical":"http:\/\/neckar-donau-wegekreuz.de\/?page_id=2210","og_locale":"de_DE","og_type":"article","og_title":"1938 - Filipowa feiert 175j\u00e4hriges Bestehen - Neckar-Donau-Wegekreuz","og_description":"mit einem Denkmal, einem Festzug und einer Leistungsschau von Landwirtschaft und Gewerbe Einladung Ahnendenkmal und Gemeindehaus Ortszentrum \u2013 Dreifaltigkeitss\u00e4ule und r\u00f6m.kath. Kirche \u2013 1938 Innenaufnahme der Kirche \u2013Seelenamt f\u00fcr die Verstorbenen. Totenfeier, es sprachen; Mathias Kn\u00f6bl, Sebastian Zollitsch, und Parrer Julius \u201aWildmann Versammelte w\u00e4hrend der Totenfeier Gesangsverein er\u00f6ffnet die Ahnenehrung auf dem Friedhof Im Gebet &hellip; 1938 &#8211; Filipowa feiert 175j\u00e4hriges Bestehen Read More \u00bb","og_url":"http:\/\/neckar-donau-wegekreuz.de\/?page_id=2210","og_site_name":"Neckar-Donau-Wegekreuz","article_modified_time":"2020-11-15T17:50:41+00:00","og_image":[{"url":"http:\/\/neckar-donau-wegekreuz.de\/wp-content\/uploads\/2020\/09\/Fe-01a-Einladung-z.-Fest-1938.png"}],"twitter_card":"summary_large_image","twitter_misc":{"Gesch\u00e4tzte Lesezeit":"1\u00a0Minute"},"schema":{"@context":"https:\/\/schema.org","@graph":[{"@type":"Organization","@id":"https:\/\/neckar-donau-wegekreuz.de\/#organization","name":"Neckar-Donau-Wegekreuz","url":"https:\/\/neckar-donau-wegekreuz.de\/","sameAs":[],"logo":{"@type":"ImageObject","@id":"https:\/\/neckar-donau-wegekreuz.de\/#logo","inLanguage":"de","url":"http:\/\/neckar-donau-wegekreuz.de\/wp-content\/uploads\/2020\/05\/Logo_NeckarDonauWegeX-kl.png","contentUrl":"http:\/\/neckar-donau-wegekreuz.de\/wp-content\/uploads\/2020\/05\/Logo_NeckarDonauWegeX-kl.png","width":2500,"height":2221,"caption":"Neckar-Donau-Wegekreuz"},"image":{"@id":"https:\/\/neckar-donau-wegekreuz.de\/#logo"}},{"@type":"WebSite","@id":"https:\/\/neckar-donau-wegekreuz.de\/#website","url":"https:\/\/neckar-donau-wegekreuz.de\/","name":"Neckar-Donau-Wegekreuz","description":"Menschen, Orte, Zeiten treffen sich!","publisher":{"@id":"https:\/\/neckar-donau-wegekreuz.de\/#organization"},"potentialAction":[{"@type":"SearchAction","target":{"@type":"EntryPoint","urlTemplate":"https:\/\/neckar-donau-wegekreuz.de\/?s={search_term_string}"},"query-input":"required name=search_term_string"}],"inLanguage":"de"},{"@type":"ImageObject","@id":"http:\/\/neckar-donau-wegekreuz.de\/?page_id=2210#primaryimage","inLanguage":"de","url":"http:\/\/neckar-donau-wegekreuz.de\/wp-content\/uploads\/2020\/09\/Fe-01a-Einladung-z.-Fest-1938.png","contentUrl":"http:\/\/neckar-donau-wegekreuz.de\/wp-content\/uploads\/2020\/09\/Fe-01a-Einladung-z.-Fest-1938.png"},{"@type":"WebPage","@id":"http:\/\/neckar-donau-wegekreuz.de\/?page_id=2210#webpage","url":"http:\/\/neckar-donau-wegekreuz.de\/?page_id=2210","name":"1938 - Filipowa feiert 175j\u00e4hriges Bestehen - Neckar-Donau-Wegekreuz","isPartOf":{"@id":"https:\/\/neckar-donau-wegekreuz.de\/#website"},"primaryImageOfPage":{"@id":"http:\/\/neckar-donau-wegekreuz.de\/?page_id=2210#primaryimage"},"datePublished":"2020-07-12T09:01:45+00:00","dateModified":"2020-11-15T17:50:41+00:00","breadcrumb":{"@id":"http:\/\/neckar-donau-wegekreuz.de\/?page_id=2210#breadcrumb"},"inLanguage":"de","potentialAction":[{"@type":"ReadAction","target":["http:\/\/neckar-donau-wegekreuz.de\/?page_id=2210"]}]},{"@type":"BreadcrumbList","@id":"http:\/\/neckar-donau-wegekreuz.de\/?page_id=2210#breadcrumb","itemListElement":[{"@type":"ListItem","position":1,"name":"Startseite","item":"https:\/\/neckar-donau-wegekreuz.de\/"},{"@type":"ListItem","position":2,"name":"Menschen, Orte, Zeiten treffen sich! \ufeff","item":"https:\/\/neckar-donau-wegekreuz.de\/"},{"@type":"ListItem","position":3,"name":"Filipowa &#8211; eine donauschw\u00e4bische Gemeinde","item":"https:\/\/neckar-donau-wegekreuz.de\/?page_id=15"},{"@type":"ListItem","position":4,"name":"1938 &#8211; Filipowa feiert 175j\u00e4hriges Bestehen"}]}]}},"_links":{"self":[{"href":"https:\/\/neckar-donau-wegekreuz.de\/index.php?rest_route=\/wp\/v2\/pages\/2210"}],"collection":[{"href":"https:\/\/neckar-donau-wegekreuz.de\/index.php?rest_route=\/wp\/v2\/pages"}],"about":[{"href":"https:\/\/neckar-donau-wegekreuz.de\/index.php?rest_route=\/wp\/v2\/types\/page"}],"author":[{"embeddable":true,"href":"https:\/\/neckar-donau-wegekreuz.de\/index.php?rest_route=\/wp\/v2\/users\/1"}],"replies":[{"embeddable":true,"href":"https:\/\/neckar-donau-wegekreuz.de\/index.php?rest_route=%2Fwp%2Fv2%2Fcomments&post=2210"}],"version-history":[{"count":18,"href":"https:\/\/neckar-donau-wegekreuz.de\/index.php?rest_route=\/wp\/v2\/pages\/2210\/revisions"}],"predecessor-version":[{"id":2473,"href":"https:\/\/neckar-donau-wegekreuz.de\/index.php?rest_route=\/wp\/v2\/pages\/2210\/revisions\/2473"}],"up":[{"embeddable":true,"href":"https:\/\/neckar-donau-wegekreuz.de\/index.php?rest_route=\/wp\/v2\/pages\/15"}],"wp:attachment":[{"href":"https:\/\/neckar-donau-wegekreuz.de\/index.php?rest_route=%2Fwp%2Fv2%2Fmedia&parent=2210"}],"curies":[{"name":"wp","href":"https:\/\/api.w.org\/{rel}","templated":true}]}}