{"id":42,"date":"2019-01-25T09:45:40","date_gmt":"2019-01-25T09:45:40","guid":{"rendered":"http:\/\/neckar-donau-wegekreuz.de\/?page_id=42"},"modified":"2020-05-20T08:48:07","modified_gmt":"2020-05-20T08:48:07","slug":"das-lager-gakowa","status":"publish","type":"page","link":"https:\/\/neckar-donau-wegekreuz.de\/?page_id=42","title":{"rendered":"Das Lager Gakowa"},"content":{"rendered":"\n<p><\/p>\n\n\n\n<p>Die Donauschwaben nennen das Gakowa ein &#8222;Todeslager&#8220;, weil hier \u00fcber 8.500 ethnisch-deutsche ehemalige B\u00fcrger Jugoslawiens verhungert oder an Lager-Krankheiten gestorben sind. Im benachbarten Kruschiwl, ein weiteres vier Kilometer entferntes Au\u00dfenlager von Gakowa, sind um die 3.000 Internierte ums Leben gekommen. Einst war Gakowa (dt. Graumarkt oder Gakowa, serb. Gakovo\/\u0413\u0430\u043a\u043e\u0432\u043e , ugs.G\u00e1kova, kro. und bunj. Gakovo) ein gro\u00dfes Dorf mit 2700 Einwohnern, \u00fcberwiegend Donauschwaben. Gelegen an der ungarischen Grenze machte es die Tito-Regierung nach der Macht\u00fcbernahme 1945 zu einem Internierungslager f\u00fcr die ethnisch-deutschen Bewohner der westlichen und n\u00f6rdlichen Batschka, indem sie zeitweise \u00fcber 17.000 Deutsche in dieses Dorf sperrten. Interniert waren Alte, Kranke und Kinder. Arbeitf\u00e4hige Frauen und M\u00e4nner deportierte man zur Zwangsarbeit. Gakowa war nur eines von mehreren Lagern dieser Art. Weitere Lager waren Jarek (Batschka), Rudolfsgnad, Molidorf (Banat), Syrmisch-Mitrowitz, Valpovo (Walpach) und Kerndia (Kroatien).<\/p>\n\n\n\n<figure class=\"wp-block-image\"><img loading=\"lazy\" width=\"1024\" height=\"653\" src=\"http:\/\/neckar-donau-wegekreuz.de\/wp-content\/uploads\/2019\/03\/Karte-der-Lager-mit-Sonderstatus-1024x653.jpg\" alt=\"\" class=\"wp-image-315\"\/><figcaption> Die Lager im ehemaligen Jugoslawien. Zusammengestellt von Georg Wildmann 2018 <\/figcaption><\/figure>\n\n\n\n<p>\nDie Lagerleitung f\u00fchrte ein hartes Regiment, Misshandlungen und \nBestrafungen hatten oft den Tod zur Folge. Der Tod war allegenw\u00e4rtig, \nt\u00e4glich wurden Verstorbene in Schubkarren zu den Massengr\u00e4bern gefahren.\n Die Hygienezust\u00e4nde waren unertr\u00e4glich, Typhus brach aus, Ruhr, \nAnsteckungskrankheiten, L\u00e4useplagen und Kr\u00e4tze &#8211; kein Arzt, keine \nMedizin, keine Hilfe wurde den Insassen zuteil. Die Lagerk\u00fcche konnte \nnur wenig ausgeben, meist Maisbrot, d\u00fcnne Suppen &#8211; viel zu wenig. \n\n<\/p>\n\n\n\n<div class=\"wp-block-image\"><figure class=\"aligncenter\"><img loading=\"lazy\" width=\"684\" height=\"588\" src=\"http:\/\/neckar-donau-wegekreuz.de\/wp-content\/uploads\/2019\/02\/Leicht-Zeichnung-Hungerlager.jpg\" alt=\"\" class=\"wp-image-255\" srcset=\"https:\/\/neckar-donau-wegekreuz.de\/wp-content\/uploads\/2019\/02\/Leicht-Zeichnung-Hungerlager.jpg 684w, https:\/\/neckar-donau-wegekreuz.de\/wp-content\/uploads\/2019\/02\/Leicht-Zeichnung-Hungerlager-300x258.jpg 300w\" sizes=\"(max-width: 684px) 100vw, 684px\" \/><figcaption>Zeichnung von Sebastian Leicht: Zusammengepfercht im Hungerlager 1944-47. Archiv der Stiftung Arme Schulschwestern, Bad Niedernau<\/figcaption><\/figure><\/div>\n\n\n\n<p>Den Lagergeistlichen, die freiwillig da waren, wurde bereits 1946 die seelsorgerische Betreuung und das Abhalten von Gottesdiensten verboten. Zeitzeugen berichten, dass<strong> <\/strong><a href=\"http:\/\/neckar-donau-wegekreuz.de\/?page_id=52\"><strong>Pater Wendelin Gruber SJ<\/strong><\/a><strong> <\/strong>sie als Kinder nur heimlich f\u00fcr die Hl. Kommunion vorbereiten konnte. Zu Waisen gewordene Kinder wurden separiert und landesweit in staatliche Kinderheime verlegt, um im sozialistischen Sinne umerzogen zu werden. <\/p>\n\n\n\n<figure class=\"wp-block-image\"><img loading=\"lazy\" width=\"1024\" height=\"717\" src=\"http:\/\/neckar-donau-wegekreuz.de\/wp-content\/uploads\/2019\/01\/F07-3010_1_Gakowa_Mass_graves-1024x717.jpg\" alt=\"\" class=\"wp-image-32\" srcset=\"https:\/\/neckar-donau-wegekreuz.de\/wp-content\/uploads\/2019\/01\/F07-3010_1_Gakowa_Mass_graves-1024x717.jpg 1024w, https:\/\/neckar-donau-wegekreuz.de\/wp-content\/uploads\/2019\/01\/F07-3010_1_Gakowa_Mass_graves-300x210.jpg 300w, https:\/\/neckar-donau-wegekreuz.de\/wp-content\/uploads\/2019\/01\/F07-3010_1_Gakowa_Mass_graves-768x538.jpg 768w, https:\/\/neckar-donau-wegekreuz.de\/wp-content\/uploads\/2019\/01\/F07-3010_1_Gakowa_Mass_graves.jpg 1500w\" sizes=\"(max-width: 1024px) 100vw, 1024px\" \/><figcaption>Zun\u00e4chst gab es noch Kreuze f\u00fcr die Toten, in einer sp\u00e4teren Phase allergr\u00f6\u00dfter Not wurden viele davon zu Heizmaterial.<\/figcaption><\/figure>\n\n\n\n<p>Partisanen patrouillierten zur Bewachung um das Dorf, so gab es manchmal Gelegenheit f\u00fcr Jugendliche und Frauen, durchzuschl\u00fcpfen und in Nachbarorten um Essen zu betteln. Auch fl\u00fcchteten einige &#8211; wem dies allerdings misslang, der wurde hart bestraft. 1947\/48 nahmen die Fluchtversuche zu, oftmals durch Bestechung der W\u00e4chter erm\u00f6glicht (wei\u00dfe Fluchten) oder auch durch Fluchthelfer organisiert (schwarze Fluchten). 1948 wurde das Lager aufgel\u00f6st, die dort Inhaftierten mussten zwei bis drei Jahre Zwangsarbeit leisten, um dann lediglich eingeschr\u00e4nkte B\u00fcrgerrechte wiederzuerlangen.<\/p>\n\n\n\n<div class=\"wp-block-image\"><figure class=\"aligncenter\"><img loading=\"lazy\" width=\"814\" height=\"1024\" src=\"http:\/\/neckar-donau-wegekreuz.de\/wp-content\/uploads\/2019\/05\/Leicht-Todeslager-814x1024.jpg\" alt=\"\" class=\"wp-image-579\" srcset=\"https:\/\/neckar-donau-wegekreuz.de\/wp-content\/uploads\/2019\/05\/Leicht-Todeslager-814x1024.jpg 814w, https:\/\/neckar-donau-wegekreuz.de\/wp-content\/uploads\/2019\/05\/Leicht-Todeslager-238x300.jpg 238w, https:\/\/neckar-donau-wegekreuz.de\/wp-content\/uploads\/2019\/05\/Leicht-Todeslager-768x967.jpg 768w, https:\/\/neckar-donau-wegekreuz.de\/wp-content\/uploads\/2019\/05\/Leicht-Todeslager-1627x2048.jpg 1627w, https:\/\/neckar-donau-wegekreuz.de\/wp-content\/uploads\/2019\/05\/Leicht-Todeslager-scaled.jpg 2034w\" sizes=\"(max-width: 814px) 100vw, 814px\" \/><figcaption>Sebastian Leicht: Todeslager. Archiv Freundeskreis der Filipowaer<\/figcaption><\/figure><\/div>\n\n\n\n<p><a href=\"http:\/\/neckar-donau-wegekreuz.de\/?page_id=150\"><strong>&#8211;&gt; Lesen Sie hier weitere Informationen und Zeitzeugenberichte aus anderen Quellen:<\/strong><\/a><\/p>\n\n\n\n<figure class=\"wp-block-image\"><img loading=\"lazy\" width=\"1024\" height=\"768\" src=\"http:\/\/neckar-donau-wegekreuz.de\/wp-content\/uploads\/2019\/03\/Gedenkst.-Gakowa-2016-2-1024x768.jpg\" alt=\"\" class=\"wp-image-301\" srcset=\"https:\/\/neckar-donau-wegekreuz.de\/wp-content\/uploads\/2019\/03\/Gedenkst.-Gakowa-2016-2-1024x768.jpg 1024w, https:\/\/neckar-donau-wegekreuz.de\/wp-content\/uploads\/2019\/03\/Gedenkst.-Gakowa-2016-2-300x225.jpg 300w, https:\/\/neckar-donau-wegekreuz.de\/wp-content\/uploads\/2019\/03\/Gedenkst.-Gakowa-2016-2-768x576.jpg 768w, https:\/\/neckar-donau-wegekreuz.de\/wp-content\/uploads\/2019\/03\/Gedenkst.-Gakowa-2016-2-1536x1152.jpg 1536w, https:\/\/neckar-donau-wegekreuz.de\/wp-content\/uploads\/2019\/03\/Gedenkst.-Gakowa-2016-2-2048x1536.jpg 2048w\" sizes=\"(max-width: 1024px) 100vw, 1024px\" \/><figcaption>Heute befindet sich auch in Gakowa eine Gedenkst\u00e4tte. Hier ein Besuch der ehemaligen Filipowaer im Jahr 2016. Foto: Adam Kupferschmidt<\/figcaption><\/figure>\n\n\n\n<div class=\"wp-block-image\"><figure class=\"aligncenter size-large\"><img loading=\"lazy\" width=\"759\" height=\"1024\" src=\"http:\/\/neckar-donau-wegekreuz.de\/wp-content\/uploads\/2020\/03\/Gedenkort-759x1024.jpg\" alt=\"\" class=\"wp-image-1144\" srcset=\"https:\/\/neckar-donau-wegekreuz.de\/wp-content\/uploads\/2020\/03\/Gedenkort-759x1024.jpg 759w, https:\/\/neckar-donau-wegekreuz.de\/wp-content\/uploads\/2020\/03\/Gedenkort-222x300.jpg 222w, https:\/\/neckar-donau-wegekreuz.de\/wp-content\/uploads\/2020\/03\/Gedenkort-768x1036.jpg 768w, https:\/\/neckar-donau-wegekreuz.de\/wp-content\/uploads\/2020\/03\/Gedenkort.jpg 829w\" sizes=\"(max-width: 759px) 100vw, 759px\" \/><figcaption>Gedenkst\u00e4tte f\u00fcr die im Todeslager Gakowa an Hunger, Seuchen und Erschie\u00dfungen vom 31. M\u00e4rz 1945 bis Herbst 1948 umgekommen 8500 Personen davon stammten 756 Personen aus Filipowa. Errichtet 2003.  Foto: Freundeskreis der Filipowaer<\/figcaption><\/figure><\/div>\n\n\n\n<p><strong>Sie waren in Gakowa interniert und sind Zeitzeugen im Neckar-Donau-Wegekreuz: &nbsp;<em><a href=\"http:\/\/neckar-donau-wegekreuz.de\/?page_id=262\">-&gt; Dr. Robert Zollitsch<\/a><\/em>, <em><a href=\"http:\/\/neckar-donau-wegekreuz.de\/?page_id=362\">-&gt; Prof. Franz Josef Thiel<\/a><\/em>, <em><a href=\"http:\/\/neckar-donau-wegekreuz.de\/?page_id=190\">-&gt; Ludwig Vogl<\/a><\/em><\/strong><\/p>\n\n\n\n<p><strong>Sie brachte Lebensmittel und Medikamente ins Lager Gakowa und ist Zeitzeugin im Neckar-Donau-Wegekreuz:<em><a href=\"http:\/\/neckar-donau-wegekreuz.de\/?page_id=406\"> -&gt; Schwester Benildis<\/a><\/em><\/strong><\/p>\n\n\n\n<p><strong>Er leistete geistigen Beistand und Trost. Ihm ist die Gel\u00f6bniskapelle in Bad Niedernau zu verdanken: <em><a href=\"http:\/\/neckar-donau-wegekreuz.de\/?page_id=52\">-&gt; Pater Gruber<\/a><\/em><\/strong><\/p>\n\n\n\n<p><strong>Das Schicksal der Donauschw\u00e4bischen<a href=\"http:\/\/neckar-donau-wegekreuz.de\/?page_id=1780\"> Waisenkinder<\/a><\/strong><\/p>\n","protected":false},"excerpt":{"rendered":"<p>Die Donauschwaben nennen das Gakowa ein &#8222;Todeslager&#8220;, weil hier \u00fcber 8.500 ethnisch-deutsche ehemalige B\u00fcrger Jugoslawiens verhungert oder an Lager-Krankheiten gestorben sind. Im benachbarten Kruschiwl, ein weiteres vier Kilometer entferntes Au\u00dfenlager von Gakowa, sind um die 3.000 Internierte ums Leben gekommen. Einst war Gakowa (dt. Graumarkt oder Gakowa, serb. Gakovo\/\u0413\u0430\u043a\u043e\u0432\u043e , ugs.G\u00e1kova, kro. und bunj. Gakovo) &hellip;<\/p>\n<p class=\"read-more\"> <a class=\"\" href=\"https:\/\/neckar-donau-wegekreuz.de\/?page_id=42\"> <span class=\"screen-reader-text\">Das Lager Gakowa<\/span> Read More \u00bb<\/a><\/p>\n","protected":false},"author":1,"featured_media":0,"parent":204,"menu_order":0,"comment_status":"closed","ping_status":"closed","template":"","meta":[],"yoast_head":"<!-- This site is optimized with the Yoast SEO plugin v17.1 - https:\/\/yoast.com\/wordpress\/plugins\/seo\/ -->\n<title>Das Lager Gakowa - Neckar-Donau-Wegekreuz<\/title>\n<meta name=\"robots\" content=\"index, follow, max-snippet:-1, max-image-preview:large, max-video-preview:-1\" \/>\n<link rel=\"canonical\" href=\"http:\/\/neckar-donau-wegekreuz.de\/?page_id=42\" \/>\n<meta property=\"og:locale\" content=\"de_DE\" \/>\n<meta property=\"og:type\" content=\"article\" \/>\n<meta property=\"og:title\" content=\"Das Lager Gakowa - Neckar-Donau-Wegekreuz\" \/>\n<meta property=\"og:description\" content=\"Die Donauschwaben nennen das Gakowa ein &#8222;Todeslager&#8220;, weil hier \u00fcber 8.500 ethnisch-deutsche ehemalige B\u00fcrger Jugoslawiens verhungert oder an Lager-Krankheiten gestorben sind. Im benachbarten Kruschiwl, ein weiteres vier Kilometer entferntes Au\u00dfenlager von Gakowa, sind um die 3.000 Internierte ums Leben gekommen. Einst war Gakowa (dt. Graumarkt oder Gakowa, serb. Gakovo\/\u0413\u0430\u043a\u043e\u0432\u043e , ugs.G\u00e1kova, kro. und bunj. Gakovo) &hellip; Das Lager Gakowa Read More \u00bb\" \/>\n<meta property=\"og:url\" content=\"http:\/\/neckar-donau-wegekreuz.de\/?page_id=42\" \/>\n<meta property=\"og:site_name\" content=\"Neckar-Donau-Wegekreuz\" \/>\n<meta property=\"article:modified_time\" content=\"2020-05-20T08:48:07+00:00\" \/>\n<meta property=\"og:image\" content=\"http:\/\/neckar-donau-wegekreuz.de\/wp-content\/uploads\/2019\/03\/Karte-der-Lager-mit-Sonderstatus-1024x653.jpg\" \/>\n<meta name=\"twitter:card\" content=\"summary_large_image\" \/>\n<meta name=\"twitter:label1\" content=\"Gesch\u00e4tzte Lesezeit\" \/>\n\t<meta name=\"twitter:data1\" content=\"3\u00a0Minuten\" \/>\n<script type=\"application\/ld+json\" class=\"yoast-schema-graph\">{\"@context\":\"https:\/\/schema.org\",\"@graph\":[{\"@type\":\"Organization\",\"@id\":\"https:\/\/neckar-donau-wegekreuz.de\/#organization\",\"name\":\"Neckar-Donau-Wegekreuz\",\"url\":\"https:\/\/neckar-donau-wegekreuz.de\/\",\"sameAs\":[],\"logo\":{\"@type\":\"ImageObject\",\"@id\":\"https:\/\/neckar-donau-wegekreuz.de\/#logo\",\"inLanguage\":\"de\",\"url\":\"http:\/\/neckar-donau-wegekreuz.de\/wp-content\/uploads\/2020\/05\/Logo_NeckarDonauWegeX-kl.png\",\"contentUrl\":\"http:\/\/neckar-donau-wegekreuz.de\/wp-content\/uploads\/2020\/05\/Logo_NeckarDonauWegeX-kl.png\",\"width\":2500,\"height\":2221,\"caption\":\"Neckar-Donau-Wegekreuz\"},\"image\":{\"@id\":\"https:\/\/neckar-donau-wegekreuz.de\/#logo\"}},{\"@type\":\"WebSite\",\"@id\":\"https:\/\/neckar-donau-wegekreuz.de\/#website\",\"url\":\"https:\/\/neckar-donau-wegekreuz.de\/\",\"name\":\"Neckar-Donau-Wegekreuz\",\"description\":\"Menschen, Orte, Zeiten treffen sich!\",\"publisher\":{\"@id\":\"https:\/\/neckar-donau-wegekreuz.de\/#organization\"},\"potentialAction\":[{\"@type\":\"SearchAction\",\"target\":{\"@type\":\"EntryPoint\",\"urlTemplate\":\"https:\/\/neckar-donau-wegekreuz.de\/?s={search_term_string}\"},\"query-input\":\"required name=search_term_string\"}],\"inLanguage\":\"de\"},{\"@type\":\"ImageObject\",\"@id\":\"http:\/\/neckar-donau-wegekreuz.de\/?page_id=42#primaryimage\",\"inLanguage\":\"de\",\"url\":\"http:\/\/neckar-donau-wegekreuz.de\/wp-content\/uploads\/2019\/03\/Karte-der-Lager-mit-Sonderstatus-1024x653.jpg\",\"contentUrl\":\"http:\/\/neckar-donau-wegekreuz.de\/wp-content\/uploads\/2019\/03\/Karte-der-Lager-mit-Sonderstatus-1024x653.jpg\"},{\"@type\":\"WebPage\",\"@id\":\"http:\/\/neckar-donau-wegekreuz.de\/?page_id=42#webpage\",\"url\":\"http:\/\/neckar-donau-wegekreuz.de\/?page_id=42\",\"name\":\"Das Lager Gakowa - Neckar-Donau-Wegekreuz\",\"isPartOf\":{\"@id\":\"https:\/\/neckar-donau-wegekreuz.de\/#website\"},\"primaryImageOfPage\":{\"@id\":\"http:\/\/neckar-donau-wegekreuz.de\/?page_id=42#primaryimage\"},\"datePublished\":\"2019-01-25T09:45:40+00:00\",\"dateModified\":\"2020-05-20T08:48:07+00:00\",\"breadcrumb\":{\"@id\":\"http:\/\/neckar-donau-wegekreuz.de\/?page_id=42#breadcrumb\"},\"inLanguage\":\"de\",\"potentialAction\":[{\"@type\":\"ReadAction\",\"target\":[\"http:\/\/neckar-donau-wegekreuz.de\/?page_id=42\"]}]},{\"@type\":\"BreadcrumbList\",\"@id\":\"http:\/\/neckar-donau-wegekreuz.de\/?page_id=42#breadcrumb\",\"itemListElement\":[{\"@type\":\"ListItem\",\"position\":1,\"name\":\"Startseite\",\"item\":\"https:\/\/neckar-donau-wegekreuz.de\/\"},{\"@type\":\"ListItem\",\"position\":2,\"name\":\"Menschen, Orte, Zeiten treffen sich! \\ufeff\",\"item\":\"https:\/\/neckar-donau-wegekreuz.de\/\"},{\"@type\":\"ListItem\",\"position\":3,\"name\":\"Filipowa &#8211; eine donauschw\\u00e4bische Gemeinde\",\"item\":\"https:\/\/neckar-donau-wegekreuz.de\/?page_id=15\"},{\"@type\":\"ListItem\",\"position\":4,\"name\":\"Die Vertreibung der Filipowaer aus Jugoslawien\",\"item\":\"https:\/\/neckar-donau-wegekreuz.de\/?page_id=204\"},{\"@type\":\"ListItem\",\"position\":5,\"name\":\"Das Lager Gakowa\"}]}]}<\/script>\n<!-- \/ Yoast SEO plugin. -->","yoast_head_json":{"title":"Das Lager Gakowa - Neckar-Donau-Wegekreuz","robots":{"index":"index","follow":"follow","max-snippet":"max-snippet:-1","max-image-preview":"max-image-preview:large","max-video-preview":"max-video-preview:-1"},"canonical":"http:\/\/neckar-donau-wegekreuz.de\/?page_id=42","og_locale":"de_DE","og_type":"article","og_title":"Das Lager Gakowa - Neckar-Donau-Wegekreuz","og_description":"Die Donauschwaben nennen das Gakowa ein &#8222;Todeslager&#8220;, weil hier \u00fcber 8.500 ethnisch-deutsche ehemalige B\u00fcrger Jugoslawiens verhungert oder an Lager-Krankheiten gestorben sind. Im benachbarten Kruschiwl, ein weiteres vier Kilometer entferntes Au\u00dfenlager von Gakowa, sind um die 3.000 Internierte ums Leben gekommen. Einst war Gakowa (dt. Graumarkt oder Gakowa, serb. Gakovo\/\u0413\u0430\u043a\u043e\u0432\u043e , ugs.G\u00e1kova, kro. und bunj. Gakovo) &hellip; Das Lager Gakowa Read More \u00bb","og_url":"http:\/\/neckar-donau-wegekreuz.de\/?page_id=42","og_site_name":"Neckar-Donau-Wegekreuz","article_modified_time":"2020-05-20T08:48:07+00:00","og_image":[{"url":"http:\/\/neckar-donau-wegekreuz.de\/wp-content\/uploads\/2019\/03\/Karte-der-Lager-mit-Sonderstatus-1024x653.jpg"}],"twitter_card":"summary_large_image","twitter_misc":{"Gesch\u00e4tzte Lesezeit":"3\u00a0Minuten"},"schema":{"@context":"https:\/\/schema.org","@graph":[{"@type":"Organization","@id":"https:\/\/neckar-donau-wegekreuz.de\/#organization","name":"Neckar-Donau-Wegekreuz","url":"https:\/\/neckar-donau-wegekreuz.de\/","sameAs":[],"logo":{"@type":"ImageObject","@id":"https:\/\/neckar-donau-wegekreuz.de\/#logo","inLanguage":"de","url":"http:\/\/neckar-donau-wegekreuz.de\/wp-content\/uploads\/2020\/05\/Logo_NeckarDonauWegeX-kl.png","contentUrl":"http:\/\/neckar-donau-wegekreuz.de\/wp-content\/uploads\/2020\/05\/Logo_NeckarDonauWegeX-kl.png","width":2500,"height":2221,"caption":"Neckar-Donau-Wegekreuz"},"image":{"@id":"https:\/\/neckar-donau-wegekreuz.de\/#logo"}},{"@type":"WebSite","@id":"https:\/\/neckar-donau-wegekreuz.de\/#website","url":"https:\/\/neckar-donau-wegekreuz.de\/","name":"Neckar-Donau-Wegekreuz","description":"Menschen, Orte, Zeiten treffen sich!","publisher":{"@id":"https:\/\/neckar-donau-wegekreuz.de\/#organization"},"potentialAction":[{"@type":"SearchAction","target":{"@type":"EntryPoint","urlTemplate":"https:\/\/neckar-donau-wegekreuz.de\/?s={search_term_string}"},"query-input":"required name=search_term_string"}],"inLanguage":"de"},{"@type":"ImageObject","@id":"http:\/\/neckar-donau-wegekreuz.de\/?page_id=42#primaryimage","inLanguage":"de","url":"http:\/\/neckar-donau-wegekreuz.de\/wp-content\/uploads\/2019\/03\/Karte-der-Lager-mit-Sonderstatus-1024x653.jpg","contentUrl":"http:\/\/neckar-donau-wegekreuz.de\/wp-content\/uploads\/2019\/03\/Karte-der-Lager-mit-Sonderstatus-1024x653.jpg"},{"@type":"WebPage","@id":"http:\/\/neckar-donau-wegekreuz.de\/?page_id=42#webpage","url":"http:\/\/neckar-donau-wegekreuz.de\/?page_id=42","name":"Das Lager Gakowa - Neckar-Donau-Wegekreuz","isPartOf":{"@id":"https:\/\/neckar-donau-wegekreuz.de\/#website"},"primaryImageOfPage":{"@id":"http:\/\/neckar-donau-wegekreuz.de\/?page_id=42#primaryimage"},"datePublished":"2019-01-25T09:45:40+00:00","dateModified":"2020-05-20T08:48:07+00:00","breadcrumb":{"@id":"http:\/\/neckar-donau-wegekreuz.de\/?page_id=42#breadcrumb"},"inLanguage":"de","potentialAction":[{"@type":"ReadAction","target":["http:\/\/neckar-donau-wegekreuz.de\/?page_id=42"]}]},{"@type":"BreadcrumbList","@id":"http:\/\/neckar-donau-wegekreuz.de\/?page_id=42#breadcrumb","itemListElement":[{"@type":"ListItem","position":1,"name":"Startseite","item":"https:\/\/neckar-donau-wegekreuz.de\/"},{"@type":"ListItem","position":2,"name":"Menschen, Orte, Zeiten treffen sich! \ufeff","item":"https:\/\/neckar-donau-wegekreuz.de\/"},{"@type":"ListItem","position":3,"name":"Filipowa &#8211; eine donauschw\u00e4bische Gemeinde","item":"https:\/\/neckar-donau-wegekreuz.de\/?page_id=15"},{"@type":"ListItem","position":4,"name":"Die Vertreibung der Filipowaer aus Jugoslawien","item":"https:\/\/neckar-donau-wegekreuz.de\/?page_id=204"},{"@type":"ListItem","position":5,"name":"Das Lager Gakowa"}]}]}},"_links":{"self":[{"href":"https:\/\/neckar-donau-wegekreuz.de\/index.php?rest_route=\/wp\/v2\/pages\/42"}],"collection":[{"href":"https:\/\/neckar-donau-wegekreuz.de\/index.php?rest_route=\/wp\/v2\/pages"}],"about":[{"href":"https:\/\/neckar-donau-wegekreuz.de\/index.php?rest_route=\/wp\/v2\/types\/page"}],"author":[{"embeddable":true,"href":"https:\/\/neckar-donau-wegekreuz.de\/index.php?rest_route=\/wp\/v2\/users\/1"}],"replies":[{"embeddable":true,"href":"https:\/\/neckar-donau-wegekreuz.de\/index.php?rest_route=%2Fwp%2Fv2%2Fcomments&post=42"}],"version-history":[{"count":17,"href":"https:\/\/neckar-donau-wegekreuz.de\/index.php?rest_route=\/wp\/v2\/pages\/42\/revisions"}],"predecessor-version":[{"id":1789,"href":"https:\/\/neckar-donau-wegekreuz.de\/index.php?rest_route=\/wp\/v2\/pages\/42\/revisions\/1789"}],"up":[{"embeddable":true,"href":"https:\/\/neckar-donau-wegekreuz.de\/index.php?rest_route=\/wp\/v2\/pages\/204"}],"wp:attachment":[{"href":"https:\/\/neckar-donau-wegekreuz.de\/index.php?rest_route=%2Fwp%2Fv2%2Fmedia&parent=42"}],"curies":[{"name":"wp","href":"https:\/\/api.w.org\/{rel}","templated":true}]}}