{"id":908,"date":"2019-09-05T17:06:07","date_gmt":"2019-09-05T17:06:07","guid":{"rendered":"http:\/\/neckar-donau-wegekreuz.de\/?page_id=908"},"modified":"2020-05-15T07:11:24","modified_gmt":"2020-05-15T07:11:24","slug":"er-hat-seinen-landsleuten-ihre-wuerde-wiedergegeben-dr-georg-wildmann","status":"publish","type":"page","link":"https:\/\/neckar-donau-wegekreuz.de\/?page_id=908","title":{"rendered":"Er hat seinen Landsleuten ihre W\u00fcrde wiedergegeben &#8211; Dr. Georg Wildmann"},"content":{"rendered":"\n<figure class=\"wp-block-image\"><img loading=\"lazy\" width=\"1024\" height=\"850\" src=\"http:\/\/neckar-donau-wegekreuz.de\/wp-content\/uploads\/2019\/09\/einweihung-Denkmal-Friedhof-2008-Foto-ARGE-Filipowa-auss-1024x850.jpg\" alt=\"\" class=\"wp-image-910\" srcset=\"https:\/\/neckar-donau-wegekreuz.de\/wp-content\/uploads\/2019\/09\/einweihung-Denkmal-Friedhof-2008-Foto-ARGE-Filipowa-auss-1024x850.jpg 1024w, https:\/\/neckar-donau-wegekreuz.de\/wp-content\/uploads\/2019\/09\/einweihung-Denkmal-Friedhof-2008-Foto-ARGE-Filipowa-auss-300x249.jpg 300w, https:\/\/neckar-donau-wegekreuz.de\/wp-content\/uploads\/2019\/09\/einweihung-Denkmal-Friedhof-2008-Foto-ARGE-Filipowa-auss-768x637.jpg 768w, https:\/\/neckar-donau-wegekreuz.de\/wp-content\/uploads\/2019\/09\/einweihung-Denkmal-Friedhof-2008-Foto-ARGE-Filipowa-auss-1536x1275.jpg 1536w, https:\/\/neckar-donau-wegekreuz.de\/wp-content\/uploads\/2019\/09\/einweihung-Denkmal-Friedhof-2008-Foto-ARGE-Filipowa-auss.jpg 1882w\" sizes=\"(max-width: 1024px) 100vw, 1024px\" \/><figcaption>Dr. Georg Wildmann, geb. 1929 in Filipowa<br><br>Foto: ARGE Filipowa<\/figcaption><\/figure>\n\n\n\n<p>Dr. Georg Wildmann studierte  Philosophie und Theologie in Linz und Rom und war \u00adjahrelang als Religionslehrer und \u00adProfessor t\u00e4tig. Selbst betroffen vom Trauma der Vertreibung, begann er sich im Alter von gut 30 \u00adJahren mit dem Schicksal seiner in Deutschland, \u00d6sterreich und \u00dcbersee zerstreuten \u00adLandsleute aus Filipowa und der Donauschwaben insgesamt auseinanderzusetzen. Unerm\u00fcdlich arbeitete er die untergegangene Welt der Donauschwaben auf und dokumentierte sie. Er geh\u00f6rte zu den \u00adGr\u00fcndern des Vereins der \u00adFilipowaer Ortsgemeinschaft im Jahr 1966. Im selben Jahr \u00fcbernahm er die\u00ad \u00adRe\u00addaktion der von Pater Wendelin Gruber ins Leben gerufenen \u201eFilipowaer Heimatbriefe\u201c und blieb 50 Jahre ihr Schriftleiter. Dar\u00fcber hinaus verdanken wir seinem engagierten Wirken zahlreiche Publikationen  zur \u201eDonauschw\u00e4bischen Geschichte\u201c und eine ganze Reihe weiterer Ver\u00f6ffentlichungen.<\/p>\n\n\n\n<p><\/p>\n\n\n\n<figure class=\"wp-block-image\"><img loading=\"lazy\" width=\"1024\" height=\"663\" src=\"http:\/\/neckar-donau-wegekreuz.de\/wp-content\/uploads\/2019\/09\/50-Jahre-Flucht-und-Vertreibung-1.10.1994-Foto-Jakob-Bohn-1024x663.jpg\" alt=\"\" class=\"wp-image-911\" srcset=\"https:\/\/neckar-donau-wegekreuz.de\/wp-content\/uploads\/2019\/09\/50-Jahre-Flucht-und-Vertreibung-1.10.1994-Foto-Jakob-Bohn-1024x663.jpg 1024w, https:\/\/neckar-donau-wegekreuz.de\/wp-content\/uploads\/2019\/09\/50-Jahre-Flucht-und-Vertreibung-1.10.1994-Foto-Jakob-Bohn-300x194.jpg 300w, https:\/\/neckar-donau-wegekreuz.de\/wp-content\/uploads\/2019\/09\/50-Jahre-Flucht-und-Vertreibung-1.10.1994-Foto-Jakob-Bohn-768x497.jpg 768w, https:\/\/neckar-donau-wegekreuz.de\/wp-content\/uploads\/2019\/09\/50-Jahre-Flucht-und-Vertreibung-1.10.1994-Foto-Jakob-Bohn-1536x995.jpg 1536w, https:\/\/neckar-donau-wegekreuz.de\/wp-content\/uploads\/2019\/09\/50-Jahre-Flucht-und-Vertreibung-1.10.1994-Foto-Jakob-Bohn.jpg 1904w\" sizes=\"(max-width: 1024px) 100vw, 1024px\" \/><figcaption>Dr. Georg Wildmann 1994. Foto: Jakob Bohn<\/figcaption><\/figure>\n\n\n\n<p>Die Heimatbriefe hielten die Landsleute seiner Heimatgemeinde zusammen. Ab 1978 war er der Textgestalter der acht Bildb\u00e4nde \u201eFilipowa \u2013 Bild einer donauschw\u00e4bischen Gemeinde\u201c. 1979 trat er der Donuschw\u00e4bischen Kulturstiftung \u2013 Stiftung des privaten Rechts \u2013 M\u00fcnchen, bei und bem\u00fchte sich neben seiner Berufsarbeit als Lehrer f\u00fcr Philosophie und Religion und sp\u00e4ter im Ruhestand f\u00fcr 40 Jahre im Sinne eines donauschw\u00e4bischen Historikers. Er widmete sich mit \u00dcberzeugung der historischen Aufarbeitung des Leidenswegs der Heimatvertriebenen und wurde Teilverfasser und Herausgeber der ersten Gesamtdarstellung der Geschichte der Donauschwaben nach wissenschaftlichen Kriterien. Er sah sich in der Pflicht, allen Landsleuten, denen das Leben genommen wurde, eine Stimme zu geben. Das Vergessenwerden w\u00e4re ihre zweite Vertreibung und der sp\u00e4te Triumph des Unrechts.<\/p>\n\n\n\n<div class=\"wp-block-image\"><figure class=\"aligncenter\"><img loading=\"lazy\" width=\"768\" height=\"1024\" src=\"http:\/\/neckar-donau-wegekreuz.de\/wp-content\/uploads\/2019\/09\/2015-03-30-16.17.10-Foto-ARGE-Filipowa-768x1024.jpg\" alt=\"\" class=\"wp-image-912\" srcset=\"https:\/\/neckar-donau-wegekreuz.de\/wp-content\/uploads\/2019\/09\/2015-03-30-16.17.10-Foto-ARGE-Filipowa-768x1024.jpg 768w, https:\/\/neckar-donau-wegekreuz.de\/wp-content\/uploads\/2019\/09\/2015-03-30-16.17.10-Foto-ARGE-Filipowa-225x300.jpg 225w, https:\/\/neckar-donau-wegekreuz.de\/wp-content\/uploads\/2019\/09\/2015-03-30-16.17.10-Foto-ARGE-Filipowa-1152x1536.jpg 1152w, https:\/\/neckar-donau-wegekreuz.de\/wp-content\/uploads\/2019\/09\/2015-03-30-16.17.10-Foto-ARGE-Filipowa-1536x2048.jpg 1536w, https:\/\/neckar-donau-wegekreuz.de\/wp-content\/uploads\/2019\/09\/2015-03-30-16.17.10-Foto-ARGE-Filipowa-scaled.jpg 1920w\" sizes=\"(max-width: 768px) 100vw, 768px\" \/><\/figure><\/div>\n\n\n\n<p><br>Georg Wildmann wurde als erster der drei S\u00f6hne des Ehepaares Karl und Anna Wildmann am 29. Mai 1929 in<a href=\"http:\/\/neckar-donau-wegekreuz.de\/?page_id=747\"> Filipowa, einem donauschw\u00e4bischen Ort im heutigen Serbien<\/a>, geboren. Seine Eltern betrieben in dem 5000 Einwohner z\u00e4hlenden Dorf eine Gemischtwarenhandlung. Er ging auf die deutschsprachige Volksschule und erlebte eine gl\u00fcckliche Kindheit in der agrarkulturellen Lebenswelt seiner Heimat. Die ersten vier Klassen des Gymnasiums absolvierte er am Deutschen Gymnasium in Neuwerbass. Im Oktober 1944 \u00fcbernahm das kommunistische Partisanen-Regime unter seinem Chef Josip Broz Tito in Jugoslawien die Macht, entzog mit Beschluss vom 21. November 1944 alles Deutschst\u00e4mmigen s\u00e4mtlichen Besitz und die staatsb\u00fcrgerliche Rechte und erkl\u00e4rte sie zu Volksfeinden. <\/p>\n\n\n\n<figure class=\"wp-block-image\"><img loading=\"lazy\" width=\"1024\" height=\"744\" src=\"http:\/\/neckar-donau-wegekreuz.de\/wp-content\/uploads\/2019\/09\/Fam-Wildman-Linz-1949-Foto-Fam.-Wildmann-1024x744.jpg\" alt=\"\" class=\"wp-image-915\" srcset=\"https:\/\/neckar-donau-wegekreuz.de\/wp-content\/uploads\/2019\/09\/Fam-Wildman-Linz-1949-Foto-Fam.-Wildmann-1024x744.jpg 1024w, https:\/\/neckar-donau-wegekreuz.de\/wp-content\/uploads\/2019\/09\/Fam-Wildman-Linz-1949-Foto-Fam.-Wildmann-300x218.jpg 300w, https:\/\/neckar-donau-wegekreuz.de\/wp-content\/uploads\/2019\/09\/Fam-Wildman-Linz-1949-Foto-Fam.-Wildmann-768x558.jpg 768w, https:\/\/neckar-donau-wegekreuz.de\/wp-content\/uploads\/2019\/09\/Fam-Wildman-Linz-1949-Foto-Fam.-Wildmann.jpg 1348w\" sizes=\"(max-width: 1024px) 100vw, 1024px\" \/><figcaption>Familie Wildmann 1949. Foto: Wildmann<\/figcaption><\/figure>\n\n\n\n<p>Am 25. November ermordete ein Partisanenkommando auf der <a href=\"http:\/\/neckar-donau-wegekreuz.de\/?page_id=444\">\u201eHeuwiese\u201c<\/a> 212 Jungm\u00e4nner und M\u00e4nner zwischen 16 und 60 Jahren aus Filipowa. W\u00e4re Wildmann ein halbes Jahr \u00e4lter gewesen, h\u00e4tte  er wahrscheinlich ebenfalls einen grausamen Tot erlitten. Im Zuge der Entrechtung der Deutschen Jugoslawiens musste er von November 1944 bis Mai 1946 Zwangsarbeit als Wald- und Feldarbeiter leisten. <\/p>\n\n\n\n<p>Er entzog sich dem Hunger im Todeslager in einer gewagten Flucht am hellichten Tag. Nach einem weiteren Fluchtweg \u00fcber Ungarn kamen seine Mutter, die drei Br\u00fcder und ein Gro\u00dfvater im Dezember 1946 in Linz\/Donau an, wo Vater Karl Wildmann aus der amerikanischen Kriegsgefangenschaft entlassen worden war. Gl\u00fcckliche Umst\u00e4nde erm\u00f6glichten es Wildmann in Linz das Gymnasium mit Reifepr\u00fcfung abzuschlie\u00dfen. Nach erzwungener Flucht fand Familie Wildmann in Linz eine neue Heimat und konnte 1957, nach zehn Jahren Barackendasein, in ihr neuerbautes Siedlerhaus einziehen.  <br><\/p>\n\n\n\n<p>Georg studierte Philosophie und Theologie in Linz und Rom, promovierte mit einer Dissertation \u00fcber die katholische Gesellschaftslehre zum Doktor der Theologie, leistete priesterlichen Dienst in der Di\u00f6zese Linz und war Professor f\u00fcr Philosophie an der Philosophisch-Theologischen Hochschule sowie Lehrer f\u00fcr Philosophie und Religion an H\u00f6heren Schulen. <\/p>\n\n\n\n<p>Angesprochen von seinen Landsleuten half er 1966 mit, die Filipowaer Ortsgemeinschaft in \u00d6sterreich, e.V. mit Sitz in Wien zu gr\u00fcnden. Im selben Jahr \u00fcbernahm er im Herausgeber-Triumvirat Paul Mesli &#8211; Franz Schreiber &#8211; Georg Wildmann der Filipowaer Heimatbriefe die Schriftleitung. Er behielt sie 50 Jahre, bis 2016, auch nach dem Tod der beiden Mitherausgeber bei. Die Heimatbriefe brachten es bis 2016 auf rund 9.600 Druckseiten und wirkten als einigendes Band und als St\u00e4rkung der altheimatlichen Identit\u00e4t. Sie boten die M\u00f6glichkeit, l\u00e4nder\u00fcbergreifende Filipowaer Gro\u00dftreffen zu organisieren, die ab 1983 alle zwei Jahre in jeweils anderen Siedlungsschwerpunkten staatfanden. Wildmann war im selben Jahr mitbeteiligt bei der Errichtung der l\u00e4nder\u00fcbergreifenden offenen Arbeitsgemeinschaft Filipowa (\u201edie ARGE\u201c) und Organisator ihrer ersten Klausurtagung 1983. Die \u201eARGE Filipowa\u201c hatte ein Statut, einen Vorsitzenden und hielt jedes Jahr eine Klausurtagung ab. \u00dcber die Spenden f\u00fcr den \u201eHeimatbrief\u201c sammelte sich ein kleines Kapital, das zur Finanzierung der Druckkosten diente, schlie\u00dflich aber 2008 die Finanzierung der Ged\u00e4chtnisst\u00e4tte auf dem vormaligen deutschen Friedhof in Filipowa und 2011 die Errichtung einer Gedenkst\u00e4tte f\u00fcr die Ermordeten des 25. November 1945 auf der \u201eHeuwiese\u201c erm\u00f6glichte. Die Segnungsfeier-lichkeiten beider St\u00e4tten sind in Sondernummern der \u201eHeimatbriefe\u201c dokumentiert.    <br><\/p>\n\n\n\n<div class=\"wp-block-image\"><figure class=\"aligncenter\"><img loading=\"lazy\" width=\"671\" height=\"1024\" src=\"http:\/\/neckar-donau-wegekreuz.de\/wp-content\/uploads\/2019\/09\/Dr.-Georg-Wildmann-Foto-ARGE-Filipowa-671x1024.jpg\" alt=\"\" class=\"wp-image-919\" srcset=\"https:\/\/neckar-donau-wegekreuz.de\/wp-content\/uploads\/2019\/09\/Dr.-Georg-Wildmann-Foto-ARGE-Filipowa-671x1024.jpg 671w, https:\/\/neckar-donau-wegekreuz.de\/wp-content\/uploads\/2019\/09\/Dr.-Georg-Wildmann-Foto-ARGE-Filipowa-197x300.jpg 197w, https:\/\/neckar-donau-wegekreuz.de\/wp-content\/uploads\/2019\/09\/Dr.-Georg-Wildmann-Foto-ARGE-Filipowa-768x1172.jpg 768w, https:\/\/neckar-donau-wegekreuz.de\/wp-content\/uploads\/2019\/09\/Dr.-Georg-Wildmann-Foto-ARGE-Filipowa-1007x1536.jpg 1007w, https:\/\/neckar-donau-wegekreuz.de\/wp-content\/uploads\/2019\/09\/Dr.-Georg-Wildmann-Foto-ARGE-Filipowa.jpg 1164w\" sizes=\"(max-width: 671px) 100vw, 671px\" \/><figcaption>Dr. Georg Wildmann. Foto: ARGE Filipowa<\/figcaption><\/figure><\/div>\n\n\n\n<p>Nach kirchlicher Entpflichtung vom Z\u00f6libat heiratete Georg Wildmann Erika Wendtner, Heimatvertriebene aus dem Sudetenland. Es wurde eine begl\u00fcckende Lebensbindung. Markus, das \u00c4ltere der Kinder, blieb in der Reisebranche, Elisabeth (Lisa) Wildmann machte eine Karriere als B\u00fchnenschauspielerin. Georg ortete sich weiterhin als Mann der Kirche und litt in seinen sp\u00e4ten Jahren sehr unter dem Vertrauensverlust der Kirche und dem Schwinden der christlichen Humanit\u00e4t in Europa.  <br><\/p>\n\n\n\n<p><a href=\"http:\/\/neckar-donau-wegekreuz.de\/?page_id=925\">Paul Mesli<\/a>, der universale Kenner des d\u00f6rflichen Lebens, mobilisierte 1978 sein Team: Franz Schreiber und Georg Wildmann f\u00fcr die Erstellung eines Text-Bildbandes \u00fcber das alte Filipowa. Das Buch bekam den Titel: Filipowa \u2013 Bild einer donauschw\u00e4bischen Gemeinde, bot ein optisches Panorama der alt\u00f6sterreichisch-deutschen Agrarkultur Pannoniens und fand K\u00e4ufer in der \u00fcberregionalen Ortsgemeinschaft. Bis 1999 wuchs daraus eine Serie von acht B\u00e4nden mit jeweils eigener Thematik. Es wurde eine Dokumentation eines schw\u00e4bischen Siedlungsortes auf knapp 2000 Druckseiten. Den letzten Band musste Wildmann allein verfassen, Schreiber war schwer krank und Mesli 1995 gestorben. <br><\/p>\n\n\n\n<figure class=\"wp-block-image\"><img loading=\"lazy\" width=\"1024\" height=\"1024\" src=\"http:\/\/neckar-donau-wegekreuz.de\/wp-content\/uploads\/2019\/09\/Georg-Wildmann-Paul-Mesli-und-Franz-Schreiber-Filipowa-Bild-einer-donauschw\u00e4b.-Gemeinde1984-Foto-ARGE-Filipowa-1024x1024.jpg\" alt=\"\" class=\"wp-image-916\" srcset=\"https:\/\/neckar-donau-wegekreuz.de\/wp-content\/uploads\/2019\/09\/Georg-Wildmann-Paul-Mesli-und-Franz-Schreiber-Filipowa-Bild-einer-donauschw\u00e4b.-Gemeinde1984-Foto-ARGE-Filipowa-1024x1024.jpg 1024w, https:\/\/neckar-donau-wegekreuz.de\/wp-content\/uploads\/2019\/09\/Georg-Wildmann-Paul-Mesli-und-Franz-Schreiber-Filipowa-Bild-einer-donauschw\u00e4b.-Gemeinde1984-Foto-ARGE-Filipowa-300x300.jpg 300w, https:\/\/neckar-donau-wegekreuz.de\/wp-content\/uploads\/2019\/09\/Georg-Wildmann-Paul-Mesli-und-Franz-Schreiber-Filipowa-Bild-einer-donauschw\u00e4b.-Gemeinde1984-Foto-ARGE-Filipowa-150x150.jpg 150w, https:\/\/neckar-donau-wegekreuz.de\/wp-content\/uploads\/2019\/09\/Georg-Wildmann-Paul-Mesli-und-Franz-Schreiber-Filipowa-Bild-einer-donauschw\u00e4b.-Gemeinde1984-Foto-ARGE-Filipowa-768x768.jpg 768w, https:\/\/neckar-donau-wegekreuz.de\/wp-content\/uploads\/2019\/09\/Georg-Wildmann-Paul-Mesli-und-Franz-Schreiber-Filipowa-Bild-einer-donauschw\u00e4b.-Gemeinde1984-Foto-ARGE-Filipowa.jpg 1462w\" sizes=\"(max-width: 1024px) 100vw, 1024px\" \/><figcaption>Georg Wildmann, Paul Mesli und Franz Schreiber 1984 bei der Redaktion. Foto: ARGE-Filipowa<\/figcaption><\/figure>\n\n\n\n<p>Auf Ersuchen seines Volksschullehrer Josef Volkmar Senz, dem Altmeister der volkst\u00fcmlichen Geschichte der Donauschwaben, schloss sich Wildmann 1979 der von Senz gegr\u00fcndeten Donauschw\u00e4bischen Kulturstiftung \u2013 Stiftung des privaten Rechts \u2013 M\u00fcnchen, an und \u00fcbernahm die Erarbeitung und Herausgabe einer auf mehrere B\u00e4nde geplanten Donauschw\u00e4bischen Geschichte nach wissenschaftlichen Kriterien. Senz selbst hatte seiner einb\u00e4ndigen Gesamtschau der Geschichte der Donauschwaben die Bezeichnung \u201eVolkst\u00fcmliche Ausgabe\u201c gegeben. Es wurde f\u00fcr Wildmann ein langwieriges Unterfangen, gute, mit bescheidenem Honorar zufriedene Mitarbeiter zu finden und selbst bis ins hohe Alter zu forschen und zu schreiben. Es wurde der erste Versuch, aus eigener Kraft und ohne Unterst\u00fctzung der \u00f6ffentlichen Hand eine Gesamtgeschichte der eigenen Volksgruppe zu ver\u00f6ffentlichen. Einer musste die Ausdauer besitzen, aus Eigenem und aus vorliegenden historischen Fragmenten ein Ganzes zu schaffen, das als Ganzes mehr darstellt als die Summe seiner Teile. Bislang liegen vier B\u00e4nde vor, am letzten wird gearbeitet. Wildmann musste aber auch mithelfen, das Leben der Landsmannschaften in \u00d6sterreich und Deutschland durch Reden, Vortr\u00e4ge und zeitgeschichtliche Artikel zu st\u00fctzen. <br><\/p>\n\n\n\n<figure class=\"wp-block-image\"><img loading=\"lazy\" width=\"1024\" height=\"714\" src=\"http:\/\/neckar-donau-wegekreuz.de\/wp-content\/uploads\/2019\/09\/Donauschw\u00e4b.-Kulturpreis-Sindelfingen-26.11.1989-Foto-Jakob-Bohn-1024x714.jpg\" alt=\"\" class=\"wp-image-917\" srcset=\"https:\/\/neckar-donau-wegekreuz.de\/wp-content\/uploads\/2019\/09\/Donauschw\u00e4b.-Kulturpreis-Sindelfingen-26.11.1989-Foto-Jakob-Bohn-1024x714.jpg 1024w, https:\/\/neckar-donau-wegekreuz.de\/wp-content\/uploads\/2019\/09\/Donauschw\u00e4b.-Kulturpreis-Sindelfingen-26.11.1989-Foto-Jakob-Bohn-300x209.jpg 300w, https:\/\/neckar-donau-wegekreuz.de\/wp-content\/uploads\/2019\/09\/Donauschw\u00e4b.-Kulturpreis-Sindelfingen-26.11.1989-Foto-Jakob-Bohn-768x535.jpg 768w, https:\/\/neckar-donau-wegekreuz.de\/wp-content\/uploads\/2019\/09\/Donauschw\u00e4b.-Kulturpreis-Sindelfingen-26.11.1989-Foto-Jakob-Bohn.jpg 1304w\" sizes=\"(max-width: 1024px) 100vw, 1024px\" \/><figcaption>Bei der Vergabe des donauschw\u00e4bischen Kulturpreises in Sindelfingen 1989. Foto Jakob Bohn<\/figcaption><\/figure>\n\n\n\n<p>In Kreisen der Kulturstiftung ergriff Josef Beer in der Zeit des Zusammenbruchs des Kommunismus die Initiative, eine Art Trostbuch f\u00fcr die Deutschen des gerade zerfallenden  Jugoslawiens abzufassen. Alle Orte, in denen Deutsche gelebt und die Verfolgung und Vernichtung erlitten hatten, sollten einen Ortsbericht besitzen. Es bildete sich ein Arbeitskreis Dokumentation, der mittels Erlebnisberichten 1991 das Buch \u201eLeidensweg der Deutschen im kommunistischen Jugoslawien \u2013 Ortsberichte\u201c herausbrachte. Die Materie erforderte aber weitere drei B\u00e4nde, die bis 1995 alle je rund 1000 Seiten stark im Verlag der Kulturstiftung erschienen. Wildmann gestaltete und schrieb in allen vier B\u00e4nden.  Im dritten, der zum gr\u00f6\u00dften Teil von ihm gestaltet wurde, arbeitete er erstmals die Abl\u00e4ufe der Erschie\u00dfungen und die Unterschiede zwischen den Lagern heraus, in die die Deutschen Jugoslawiens ab Herbst 1944 interniert und \u2013 soweit sie \u00fcberlebten \u2013 bis M\u00e4rz 1948 festgehalten waren. Es ist ihm erstmalig gelungen, aus den gleichsam mosaikartig zusammengef\u00fcgten Erlebnisberichten ein anschauliches Bild \u00fcber die acht Konzentrationslager f\u00fcr Donauschwaben zu erstellen, die man als Vernichtungs- und in der Folge als Todeslager kennzeichnen muss. Das Gesamtbild \u00fcber das Leidensschicksal hatte bislang gefehlt. Es ist erlittener V\u00f6lkermord. <\/p>\n\n\n\n<p>1998 musste er mit Verbrechen an den Deutschen in Jugoslawien 1944-1948. Die Stationen eines V\u00f6lkermords eine handliche Zusammenfassung des \u201eLeidenswegs\u201c nachreichen. Es wurde auch ins Serbische und Englische \u00fcbersetzt. <\/p>\n\n\n\n<div class=\"wp-block-image\"><figure class=\"aligncenter\"><img loading=\"lazy\" width=\"768\" height=\"1024\" src=\"http:\/\/neckar-donau-wegekreuz.de\/wp-content\/uploads\/2019\/09\/90.-Geb.tag-2-2019-Foto-Kupferschmidt-768x1024.jpg\" alt=\"\" class=\"wp-image-918\" srcset=\"https:\/\/neckar-donau-wegekreuz.de\/wp-content\/uploads\/2019\/09\/90.-Geb.tag-2-2019-Foto-Kupferschmidt-768x1024.jpg 768w, https:\/\/neckar-donau-wegekreuz.de\/wp-content\/uploads\/2019\/09\/90.-Geb.tag-2-2019-Foto-Kupferschmidt-225x300.jpg 225w, https:\/\/neckar-donau-wegekreuz.de\/wp-content\/uploads\/2019\/09\/90.-Geb.tag-2-2019-Foto-Kupferschmidt-1152x1536.jpg 1152w, https:\/\/neckar-donau-wegekreuz.de\/wp-content\/uploads\/2019\/09\/90.-Geb.tag-2-2019-Foto-Kupferschmidt.jpg 1200w\" sizes=\"(max-width: 768px) 100vw, 768px\" \/><figcaption>Dr. Georg Wildmann am 90. Geburtstag. Foto: Kupferschmidt<\/figcaption><\/figure><\/div>\n\n\n\n<p><em>Lesen Sie mehr zu folgenden Themen:<\/em><\/p>\n\n\n\n<p><em><a href=\"http:\/\/neckar-donau-wegekreuz.de\/?page_id=747\">&#8211;&gt; Filipowa<\/a><\/em><\/p>\n\n\n\n<p><em><a href=\"http:\/\/neckar-donau-wegekreuz.de\/?page_id=204\"> &#8211;&gt; Vertreibung der Deutschen<\/a><\/em><\/p>\n\n\n\n<p><em><a href=\"http:\/\/neckar-donau-wegekreuz.de\/?page_id=444\"> &#8211;&gt; Heuwiesenmorde<\/a><\/em><\/p>\n\n\n\n<p><em><a href=\"http:\/\/neckar-donau-wegekreuz.de\/?page_id=42\"> &#8211;&gt; Das Lager Gakowa<\/a><\/em><\/p>\n\n\n\n<p><\/p>\n\n\n","protected":false},"excerpt":{"rendered":"<p>Dr. Georg Wildmann studierte Philosophie und Theologie in Linz und Rom und war \u00adjahrelang als Religionslehrer und \u00adProfessor t\u00e4tig. Selbst betroffen vom Trauma der Vertreibung, begann er sich im Alter von gut 30 \u00adJahren mit dem Schicksal seiner in Deutschland, \u00d6sterreich und \u00dcbersee zerstreuten \u00adLandsleute aus Filipowa und der Donauschwaben insgesamt auseinanderzusetzen. Unerm\u00fcdlich arbeitete er &hellip;<\/p>\n<p class=\"read-more\"> <a class=\"\" href=\"https:\/\/neckar-donau-wegekreuz.de\/?page_id=908\"> <span class=\"screen-reader-text\">Er hat seinen Landsleuten ihre W\u00fcrde wiedergegeben &#8211; Dr. Georg Wildmann<\/span> Read More \u00bb<\/a><\/p>\n","protected":false},"author":1,"featured_media":0,"parent":11,"menu_order":0,"comment_status":"closed","ping_status":"closed","template":"","meta":[],"yoast_head":"<!-- This site is optimized with the Yoast SEO plugin v17.1 - https:\/\/yoast.com\/wordpress\/plugins\/seo\/ -->\n<title>Er hat seinen Landsleuten ihre W\u00fcrde wiedergegeben - Dr. Georg Wildmann - Neckar-Donau-Wegekreuz<\/title>\n<meta name=\"robots\" content=\"index, follow, max-snippet:-1, max-image-preview:large, max-video-preview:-1\" \/>\n<link rel=\"canonical\" href=\"http:\/\/neckar-donau-wegekreuz.de\/?page_id=908\" \/>\n<meta property=\"og:locale\" content=\"de_DE\" \/>\n<meta property=\"og:type\" content=\"article\" \/>\n<meta property=\"og:title\" content=\"Er hat seinen Landsleuten ihre W\u00fcrde wiedergegeben - Dr. Georg Wildmann - Neckar-Donau-Wegekreuz\" \/>\n<meta property=\"og:description\" content=\"Dr. Georg Wildmann studierte Philosophie und Theologie in Linz und Rom und war \u00adjahrelang als Religionslehrer und \u00adProfessor t\u00e4tig. Selbst betroffen vom Trauma der Vertreibung, begann er sich im Alter von gut 30 \u00adJahren mit dem Schicksal seiner in Deutschland, \u00d6sterreich und \u00dcbersee zerstreuten \u00adLandsleute aus Filipowa und der Donauschwaben insgesamt auseinanderzusetzen. Unerm\u00fcdlich arbeitete er &hellip; Er hat seinen Landsleuten ihre W\u00fcrde wiedergegeben &#8211; Dr. Georg Wildmann Read More \u00bb\" \/>\n<meta property=\"og:url\" content=\"http:\/\/neckar-donau-wegekreuz.de\/?page_id=908\" \/>\n<meta property=\"og:site_name\" content=\"Neckar-Donau-Wegekreuz\" \/>\n<meta property=\"article:modified_time\" content=\"2020-05-15T07:11:24+00:00\" \/>\n<meta property=\"og:image\" content=\"http:\/\/neckar-donau-wegekreuz.de\/wp-content\/uploads\/2019\/09\/einweihung-Denkmal-Friedhof-2008-Foto-ARGE-Filipowa-auss-1024x850.jpg\" \/>\n<meta name=\"twitter:card\" content=\"summary_large_image\" \/>\n<meta name=\"twitter:label1\" content=\"Gesch\u00e4tzte Lesezeit\" \/>\n\t<meta name=\"twitter:data1\" content=\"7\u00a0Minuten\" \/>\n<script type=\"application\/ld+json\" class=\"yoast-schema-graph\">{\"@context\":\"https:\/\/schema.org\",\"@graph\":[{\"@type\":\"Organization\",\"@id\":\"https:\/\/neckar-donau-wegekreuz.de\/#organization\",\"name\":\"Neckar-Donau-Wegekreuz\",\"url\":\"https:\/\/neckar-donau-wegekreuz.de\/\",\"sameAs\":[],\"logo\":{\"@type\":\"ImageObject\",\"@id\":\"https:\/\/neckar-donau-wegekreuz.de\/#logo\",\"inLanguage\":\"de\",\"url\":\"http:\/\/neckar-donau-wegekreuz.de\/wp-content\/uploads\/2020\/05\/Logo_NeckarDonauWegeX-kl.png\",\"contentUrl\":\"http:\/\/neckar-donau-wegekreuz.de\/wp-content\/uploads\/2020\/05\/Logo_NeckarDonauWegeX-kl.png\",\"width\":2500,\"height\":2221,\"caption\":\"Neckar-Donau-Wegekreuz\"},\"image\":{\"@id\":\"https:\/\/neckar-donau-wegekreuz.de\/#logo\"}},{\"@type\":\"WebSite\",\"@id\":\"https:\/\/neckar-donau-wegekreuz.de\/#website\",\"url\":\"https:\/\/neckar-donau-wegekreuz.de\/\",\"name\":\"Neckar-Donau-Wegekreuz\",\"description\":\"Menschen, Orte, Zeiten treffen sich!\",\"publisher\":{\"@id\":\"https:\/\/neckar-donau-wegekreuz.de\/#organization\"},\"potentialAction\":[{\"@type\":\"SearchAction\",\"target\":{\"@type\":\"EntryPoint\",\"urlTemplate\":\"https:\/\/neckar-donau-wegekreuz.de\/?s={search_term_string}\"},\"query-input\":\"required name=search_term_string\"}],\"inLanguage\":\"de\"},{\"@type\":\"ImageObject\",\"@id\":\"http:\/\/neckar-donau-wegekreuz.de\/?page_id=908#primaryimage\",\"inLanguage\":\"de\",\"url\":\"http:\/\/neckar-donau-wegekreuz.de\/wp-content\/uploads\/2019\/09\/einweihung-Denkmal-Friedhof-2008-Foto-ARGE-Filipowa-auss-1024x850.jpg\",\"contentUrl\":\"http:\/\/neckar-donau-wegekreuz.de\/wp-content\/uploads\/2019\/09\/einweihung-Denkmal-Friedhof-2008-Foto-ARGE-Filipowa-auss-1024x850.jpg\"},{\"@type\":\"WebPage\",\"@id\":\"http:\/\/neckar-donau-wegekreuz.de\/?page_id=908#webpage\",\"url\":\"http:\/\/neckar-donau-wegekreuz.de\/?page_id=908\",\"name\":\"Er hat seinen Landsleuten ihre W\\u00fcrde wiedergegeben - Dr. Georg Wildmann - Neckar-Donau-Wegekreuz\",\"isPartOf\":{\"@id\":\"https:\/\/neckar-donau-wegekreuz.de\/#website\"},\"primaryImageOfPage\":{\"@id\":\"http:\/\/neckar-donau-wegekreuz.de\/?page_id=908#primaryimage\"},\"datePublished\":\"2019-09-05T17:06:07+00:00\",\"dateModified\":\"2020-05-15T07:11:24+00:00\",\"breadcrumb\":{\"@id\":\"http:\/\/neckar-donau-wegekreuz.de\/?page_id=908#breadcrumb\"},\"inLanguage\":\"de\",\"potentialAction\":[{\"@type\":\"ReadAction\",\"target\":[\"http:\/\/neckar-donau-wegekreuz.de\/?page_id=908\"]}]},{\"@type\":\"BreadcrumbList\",\"@id\":\"http:\/\/neckar-donau-wegekreuz.de\/?page_id=908#breadcrumb\",\"itemListElement\":[{\"@type\":\"ListItem\",\"position\":1,\"name\":\"Startseite\",\"item\":\"https:\/\/neckar-donau-wegekreuz.de\/\"},{\"@type\":\"ListItem\",\"position\":2,\"name\":\"Menschen, Orte, Zeiten treffen sich! \\ufeff\",\"item\":\"https:\/\/neckar-donau-wegekreuz.de\/\"},{\"@type\":\"ListItem\",\"position\":3,\"name\":\"Die Installation &#8222;Wegekreuz&#8220;\",\"item\":\"https:\/\/neckar-donau-wegekreuz.de\/?page_id=11\"},{\"@type\":\"ListItem\",\"position\":4,\"name\":\"Er hat seinen Landsleuten ihre W\\u00fcrde wiedergegeben &#8211; Dr. Georg Wildmann\"}]}]}<\/script>\n<!-- \/ Yoast SEO plugin. -->","yoast_head_json":{"title":"Er hat seinen Landsleuten ihre W\u00fcrde wiedergegeben - Dr. Georg Wildmann - Neckar-Donau-Wegekreuz","robots":{"index":"index","follow":"follow","max-snippet":"max-snippet:-1","max-image-preview":"max-image-preview:large","max-video-preview":"max-video-preview:-1"},"canonical":"http:\/\/neckar-donau-wegekreuz.de\/?page_id=908","og_locale":"de_DE","og_type":"article","og_title":"Er hat seinen Landsleuten ihre W\u00fcrde wiedergegeben - Dr. Georg Wildmann - Neckar-Donau-Wegekreuz","og_description":"Dr. Georg Wildmann studierte Philosophie und Theologie in Linz und Rom und war \u00adjahrelang als Religionslehrer und \u00adProfessor t\u00e4tig. Selbst betroffen vom Trauma der Vertreibung, begann er sich im Alter von gut 30 \u00adJahren mit dem Schicksal seiner in Deutschland, \u00d6sterreich und \u00dcbersee zerstreuten \u00adLandsleute aus Filipowa und der Donauschwaben insgesamt auseinanderzusetzen. Unerm\u00fcdlich arbeitete er &hellip; Er hat seinen Landsleuten ihre W\u00fcrde wiedergegeben &#8211; Dr. Georg Wildmann Read More \u00bb","og_url":"http:\/\/neckar-donau-wegekreuz.de\/?page_id=908","og_site_name":"Neckar-Donau-Wegekreuz","article_modified_time":"2020-05-15T07:11:24+00:00","og_image":[{"url":"http:\/\/neckar-donau-wegekreuz.de\/wp-content\/uploads\/2019\/09\/einweihung-Denkmal-Friedhof-2008-Foto-ARGE-Filipowa-auss-1024x850.jpg"}],"twitter_card":"summary_large_image","twitter_misc":{"Gesch\u00e4tzte Lesezeit":"7\u00a0Minuten"},"schema":{"@context":"https:\/\/schema.org","@graph":[{"@type":"Organization","@id":"https:\/\/neckar-donau-wegekreuz.de\/#organization","name":"Neckar-Donau-Wegekreuz","url":"https:\/\/neckar-donau-wegekreuz.de\/","sameAs":[],"logo":{"@type":"ImageObject","@id":"https:\/\/neckar-donau-wegekreuz.de\/#logo","inLanguage":"de","url":"http:\/\/neckar-donau-wegekreuz.de\/wp-content\/uploads\/2020\/05\/Logo_NeckarDonauWegeX-kl.png","contentUrl":"http:\/\/neckar-donau-wegekreuz.de\/wp-content\/uploads\/2020\/05\/Logo_NeckarDonauWegeX-kl.png","width":2500,"height":2221,"caption":"Neckar-Donau-Wegekreuz"},"image":{"@id":"https:\/\/neckar-donau-wegekreuz.de\/#logo"}},{"@type":"WebSite","@id":"https:\/\/neckar-donau-wegekreuz.de\/#website","url":"https:\/\/neckar-donau-wegekreuz.de\/","name":"Neckar-Donau-Wegekreuz","description":"Menschen, Orte, Zeiten treffen sich!","publisher":{"@id":"https:\/\/neckar-donau-wegekreuz.de\/#organization"},"potentialAction":[{"@type":"SearchAction","target":{"@type":"EntryPoint","urlTemplate":"https:\/\/neckar-donau-wegekreuz.de\/?s={search_term_string}"},"query-input":"required name=search_term_string"}],"inLanguage":"de"},{"@type":"ImageObject","@id":"http:\/\/neckar-donau-wegekreuz.de\/?page_id=908#primaryimage","inLanguage":"de","url":"http:\/\/neckar-donau-wegekreuz.de\/wp-content\/uploads\/2019\/09\/einweihung-Denkmal-Friedhof-2008-Foto-ARGE-Filipowa-auss-1024x850.jpg","contentUrl":"http:\/\/neckar-donau-wegekreuz.de\/wp-content\/uploads\/2019\/09\/einweihung-Denkmal-Friedhof-2008-Foto-ARGE-Filipowa-auss-1024x850.jpg"},{"@type":"WebPage","@id":"http:\/\/neckar-donau-wegekreuz.de\/?page_id=908#webpage","url":"http:\/\/neckar-donau-wegekreuz.de\/?page_id=908","name":"Er hat seinen Landsleuten ihre W\u00fcrde wiedergegeben - Dr. Georg Wildmann - Neckar-Donau-Wegekreuz","isPartOf":{"@id":"https:\/\/neckar-donau-wegekreuz.de\/#website"},"primaryImageOfPage":{"@id":"http:\/\/neckar-donau-wegekreuz.de\/?page_id=908#primaryimage"},"datePublished":"2019-09-05T17:06:07+00:00","dateModified":"2020-05-15T07:11:24+00:00","breadcrumb":{"@id":"http:\/\/neckar-donau-wegekreuz.de\/?page_id=908#breadcrumb"},"inLanguage":"de","potentialAction":[{"@type":"ReadAction","target":["http:\/\/neckar-donau-wegekreuz.de\/?page_id=908"]}]},{"@type":"BreadcrumbList","@id":"http:\/\/neckar-donau-wegekreuz.de\/?page_id=908#breadcrumb","itemListElement":[{"@type":"ListItem","position":1,"name":"Startseite","item":"https:\/\/neckar-donau-wegekreuz.de\/"},{"@type":"ListItem","position":2,"name":"Menschen, Orte, Zeiten treffen sich! \ufeff","item":"https:\/\/neckar-donau-wegekreuz.de\/"},{"@type":"ListItem","position":3,"name":"Die Installation &#8222;Wegekreuz&#8220;","item":"https:\/\/neckar-donau-wegekreuz.de\/?page_id=11"},{"@type":"ListItem","position":4,"name":"Er hat seinen Landsleuten ihre W\u00fcrde wiedergegeben &#8211; Dr. Georg Wildmann"}]}]}},"_links":{"self":[{"href":"https:\/\/neckar-donau-wegekreuz.de\/index.php?rest_route=\/wp\/v2\/pages\/908"}],"collection":[{"href":"https:\/\/neckar-donau-wegekreuz.de\/index.php?rest_route=\/wp\/v2\/pages"}],"about":[{"href":"https:\/\/neckar-donau-wegekreuz.de\/index.php?rest_route=\/wp\/v2\/types\/page"}],"author":[{"embeddable":true,"href":"https:\/\/neckar-donau-wegekreuz.de\/index.php?rest_route=\/wp\/v2\/users\/1"}],"replies":[{"embeddable":true,"href":"https:\/\/neckar-donau-wegekreuz.de\/index.php?rest_route=%2Fwp%2Fv2%2Fcomments&post=908"}],"version-history":[{"count":7,"href":"https:\/\/neckar-donau-wegekreuz.de\/index.php?rest_route=\/wp\/v2\/pages\/908\/revisions"}],"predecessor-version":[{"id":1771,"href":"https:\/\/neckar-donau-wegekreuz.de\/index.php?rest_route=\/wp\/v2\/pages\/908\/revisions\/1771"}],"up":[{"embeddable":true,"href":"https:\/\/neckar-donau-wegekreuz.de\/index.php?rest_route=\/wp\/v2\/pages\/11"}],"wp:attachment":[{"href":"https:\/\/neckar-donau-wegekreuz.de\/index.php?rest_route=%2Fwp%2Fv2%2Fmedia&parent=908"}],"curies":[{"name":"wp","href":"https:\/\/api.w.org\/{rel}","templated":true}]}}